{"id":2147,"date":"2021-05-17T12:45:07","date_gmt":"2021-05-17T10:45:07","guid":{"rendered":"https:\/\/www.casa-carmela.com\/es\/?page_id=2147"},"modified":"2022-11-02T11:22:17","modified_gmt":"2022-11-02T10:22:17","slug":"menu-al-bancone","status":"publish","type":"page","link":"https:\/\/www.casa-carmela.com\/es\/it\/menu-al-bancone\/","title":{"rendered":"Menu al bancone"},"content":{"rendered":"<p>[et_pb_section fb_built=\u00bb1&#8243; fullwidth=\u00bbon\u00bb _builder_version=\u00bb4.8.2&#8243; custom_margin=\u00bb||||false|false\u00bb locked=\u00bboff\u00bb global_colors_info=\u00bb{}\u00bb][et_pb_fullwidth_slider _builder_version=\u00bb4.9.4&#8243; global_colors_info=\u00bb{}\u00bb][et_pb_slide heading=\u00bbMenu \u201cal bancone\u201d\u00bb button_text=\u00bbVisualizza\u00bb button_link=\u00bb#carta-barra\u00bb use_bg_overlay=\u00bbon\u00bb _builder_version=\u00bb4.9.4&#8243; header_level=\u00bbh2&#8243; header_font=\u00bbPlayfair Display||||||||\u00bb header_font_size=\u00bb6vw\u00bb body_font=\u00bbMontserrat||||||||\u00bb body_font_size=\u00bb25px\u00bb background_image=\u00bbhttps:\/\/www.casa-carmela.com\/es\/wp-content\/uploads\/Casa_Carmela_Full_Barra.jpg\u00bb background_enable_image=\u00bbon\u00bb custom_button=\u00bbon\u00bb button_border_radius=\u00bb0px\u00bb button_font=\u00bbMontserrat|300||on|||||\u00bb text_orientation=\u00bbleft\u00bb link_option_url=\u00bb#carta-barra\u00bb header_font_size_tablet=\u00bb8vw\u00bb header_font_size_phone=\u00bb11vw\u00bb header_font_size_last_edited=\u00bbon|tablet\u00bb button_text_size_tablet=\u00bb\u00bb button_text_size_phone=\u00bb16px\u00bb button_text_size_last_edited=\u00bbon|phone\u00bb global_colors_info=\u00bb{}\u00bb sticky_transition=\u00bbon\u00bb][\/et_pb_slide][\/et_pb_fullwidth_slider][\/et_pb_section][et_pb_section fb_built=\u00bb1&#8243; custom_padding_last_edited=\u00bbon|tablet\u00bb admin_label=\u00bbPromo Banner\u00bb _builder_version=\u00bb4.8.2&#8243; background_color=\u00bb#50445f\u00bb custom_margin=\u00bb||||true|false\u00bb custom_padding=\u00bb0px|0px|0px|0px|true|false\u00bb custom_padding_tablet=\u00bb\u00bb custom_padding_phone=\u00bb30px||30px||true|false\u00bb locked=\u00bboff\u00bb global_colors_info=\u00bb{}\u00bb][\/et_pb_section][et_pb_section fb_built=\u00bb1&#8243; module_id=\u00bbcarta-barra\u00bb _builder_version=\u00bb4.8.0&#8243; background_color=\u00bbrgba(255,255,255,0.92)\u00bb background_enable_image=\u00bboff\u00bb background_blend=\u00bboverlay\u00bb custom_padding=\u00bb100px||100px||true|\u00bb locked=\u00bboff\u00bb global_colors_info=\u00bb{}\u00bb][et_pb_row column_structure=\u00bb1_3,1_3,1_3&#8243; use_custom_gutter=\u00bbon\u00bb make_equal=\u00bbon\u00bb _builder_version=\u00bb4.6.6&#8243; max_width=\u00bb80%\u00bb module_alignment=\u00bbcenter\u00bb global_colors_info=\u00bb{}\u00bb][et_pb_column type=\u00bb1_3&#8243; _builder_version=\u00bb4.4.2&#8243; global_colors_info=\u00bb{}\u00bb][et_pb_text admin_label=\u00bbTitle &#038; Paragraph\u00bb _builder_version=\u00bb4.9.4&#8243; text_font=\u00bbRoboto||||||||\u00bb text_text_color=\u00bb#3b3543&#8243; text_line_height=\u00bb1.8em\u00bb header_2_font=\u00bbRoboto Condensed|700|||||||\u00bb header_3_font=\u00bbPlayfair Display|700|||||||\u00bb header_3_text_color=\u00bb#a26244&#8243; header_3_font_size=\u00bb30px\u00bb max_width=\u00bb700px\u00bb module_alignment=\u00bbcenter\u00bb text_font_size_tablet=\u00bb\u00bb text_font_size_phone=\u00bb14px\u00bb text_font_size_last_edited=\u00bbon|phone\u00bb header_3_font_size_tablet=\u00bb\u00bb header_3_font_size_phone=\u00bb25px\u00bb header_3_font_size_last_edited=\u00bbon|phone\u00bb locked=\u00bboff\u00bb global_colors_info=\u00bb{}\u00bb]<\/p>\n<h3>Lattine<\/h3>\n<p><em>Conserve USISA Etiqueta Negra<\/em><\/p>\n<p>Sardine piccolissime in olio di oliva<\/p>\n<p>Cozze \u201cfritte\u201d in salamoia<\/p>\n<p>\u201cFoie gras\u201d di baccal\u00e0<\/p>\n<p>[\/et_pb_text][et_pb_image src=\u00bbhttps:\/\/www.casa-carmela.com\/es\/wp-content\/uploads\/Casa_Carmela_Carta_Barra_01.jpg\u00bb title_text=\u00bbCasa_Carmela_Carta_Barra_01&#8243; disabled_on=\u00bboff|off|off\u00bb _builder_version=\u00bb4.4.2&#8243; global_colors_info=\u00bb{}\u00bb][\/et_pb_image][et_pb_text admin_label=\u00bbTitle &#038; Paragraph\u00bb _builder_version=\u00bb4.9.4&#8243; text_font=\u00bbRoboto||||||||\u00bb text_text_color=\u00bb#3b3543&#8243; text_line_height=\u00bb1.8em\u00bb header_2_font=\u00bbRoboto Condensed|700|||||||\u00bb header_3_font=\u00bbPlayfair Display|700|||||||\u00bb header_3_text_color=\u00bb#a26244&#8243; header_3_font_size=\u00bb30px\u00bb max_width=\u00bb700px\u00bb module_alignment=\u00bbcenter\u00bb text_font_size_tablet=\u00bb\u00bb text_font_size_phone=\u00bb14px\u00bb text_font_size_last_edited=\u00bbon|phone\u00bb header_3_font_size_tablet=\u00bb\u00bb header_3_font_size_phone=\u00bb25px\u00bb header_3_font_size_last_edited=\u00bbon|phone\u00bb locked=\u00bboff\u00bb global_colors_info=\u00bb{}\u00bb]<\/p>\n<h3>Iniziamo con qualcosa di fresco per aprire l\u2019appetito<\/h3>\n<p>Prosciutto iberico proveniente da suini alimentati a ghiande (50 g)<\/p>\n<p>Selezione di mare sottosale (a persona)<br \/><em>(Tonno, baccal\u00e0, bottarga, uova di merluzzo, tonno di tonnara)<\/em><\/p>\n<p>Polipo essiccato di Denia alla brace (50 g)<\/p>\n<p>Acciughe sottaceto, ricetta della casa<\/p>\n<p>Acciughe sottosale (unit\u00e0)<\/p>\n<p>Pomodoro di campo senza pelle con trancio di tonno<\/p>\n<p>Selezione di 5 formaggi valenciani<\/p>\n<p>Vongola di Carril (unit\u00e0)<\/p>\n<p>Ostrica galiziana (unit\u00e0)<\/p>\n<p>Ostrica \u201cGuillardeau\u201d (unit\u00e0)<\/p>\n<p>Ostrica valenciana Perle (unit\u00e0)<\/p>\n<p>Trilogia di ostriche (una per tipo)<\/p>\n<p>Quisquillas (gamberi) di Santa Pola bolliti (100 g)<\/p>\n<p>Raguse grandi bollite<\/p>\n<p>[\/et_pb_text][\/et_pb_column][et_pb_column type=\u00bb1_3&#8243; _builder_version=\u00bb4.4.2&#8243; global_colors_info=\u00bb{}\u00bb][et_pb_text admin_label=\u00bbTitle &#038; Paragraph\u00bb _builder_version=\u00bb4.9.4&#8243; text_font=\u00bbRoboto||||||||\u00bb text_text_color=\u00bb#3b3543&#8243; text_line_height=\u00bb1.8em\u00bb header_2_font=\u00bbRoboto Condensed|700|||||||\u00bb header_3_font=\u00bbPlayfair Display|700|||||||\u00bb header_3_text_color=\u00bb#a26244&#8243; header_3_font_size=\u00bb30px\u00bb max_width=\u00bb700px\u00bb module_alignment=\u00bbcenter\u00bb text_font_size_tablet=\u00bb\u00bb text_font_size_phone=\u00bb14px\u00bb text_font_size_last_edited=\u00bbon|phone\u00bb header_3_font_size_tablet=\u00bb\u00bb header_3_font_size_phone=\u00bb25px\u00bb header_3_font_size_last_edited=\u00bbon|phone\u00bb locked=\u00bboff\u00bb global_colors_info=\u00bb{}\u00bb]<\/p>\n<h3>Continuiamo con qualcosa di caldo&#8230;<\/h3>\n<p>Clotxinas, piccole cozze valenciane al vapore (dal 22 aprile)<\/p>\n<p>Cannolicchi galiziani alla piastra (6 unit\u00e0)<\/p>\n<p>Anemone di mare in pastella<\/p>\n<p>Lingua di mare alla piastra (unit\u00e0)<\/p>\n<p>Seppioline alla piastra (6 unit\u00e0)<\/p>\n<p>Gamberi bolliti o alla piastra (100 g)<\/p>\n<p>Puntine di calamari con peperoni di Padr\u00f3n<\/p>\n<p>Pesce fritto misto (triglie, acciughe, sogliole)<\/p>\n<p>Gamberi all\u2019aglio<\/p>\n<p>Frittelle di baccal\u00e0 e pinoli (unit\u00e0)<\/p>\n<p>Scampetti fritti con aglietto fresco<\/p>\n<p>Titaina del \u201cCaba\u00f1al\u201d con tonyina (verdure in umido con ventresca di tonno)<\/p>\n<p>Costolette d&#8217;agnello da latte con aglietto fresco<\/p>\n<p>Capellanets (mel\u00f9) alla brace<\/p>\n<p>Polipo alla brace con patate parmentier<\/p>\n<p>[\/et_pb_text][et_pb_image src=\u00bbhttps:\/\/www.casa-carmela.com\/es\/wp-content\/uploads\/Casa_Carmela_Cart_Barra_02.jpg\u00bb title_text=\u00bbCasa_Carmela_Cart_Barra_02&#8243; disabled_on=\u00bboff|off|off\u00bb _builder_version=\u00bb4.4.2&#8243; global_colors_info=\u00bb{}\u00bb][\/et_pb_image][\/et_pb_column][et_pb_column type=\u00bb1_3&#8243; _builder_version=\u00bb4.4.2&#8243; global_colors_info=\u00bb{}\u00bb][et_pb_image src=\u00bbhttps:\/\/www.casa-carmela.com\/es\/wp-content\/uploads\/Casa_Carmela_Carta_Barra_03.jpg\u00bb title_text=\u00bbCasa_Carmela_Carta_Barra_03&#8243; disabled_on=\u00bboff|off|off\u00bb _builder_version=\u00bb4.4.2&#8243; global_colors_info=\u00bb{}\u00bb][\/et_pb_image][et_pb_text admin_label=\u00bbTitle &#038; Paragraph\u00bb _builder_version=\u00bb4.9.4&#8243; text_font=\u00bbRoboto||||||||\u00bb text_text_color=\u00bb#3b3543&#8243; text_line_height=\u00bb1.8em\u00bb header_2_font=\u00bbRoboto Condensed|700|||||||\u00bb header_3_font=\u00bbPlayfair Display|700|||||||\u00bb header_3_text_color=\u00bb#a26244&#8243; header_3_font_size=\u00bb30px\u00bb max_width=\u00bb700px\u00bb module_alignment=\u00bbcenter\u00bb text_font_size_tablet=\u00bb\u00bb text_font_size_phone=\u00bb14px\u00bb text_font_size_last_edited=\u00bbon|phone\u00bb header_3_font_size_tablet=\u00bb\u00bb header_3_font_size_phone=\u00bb25px\u00bb header_3_font_size_last_edited=\u00bbon|phone\u00bb locked=\u00bboff\u00bb global_colors_info=\u00bb{}\u00bb]<\/p>\n<h3>E per concludere&#8230;<\/h3>\n<h2>Paellas<\/h2>\n<p>Vari tipi di paella cotte a legna (prezzo per persona, minimo 2 porzioni)<\/p>\n<p>Paella ai frutti di mare sgusciati (\u201cdel signorino\u201d)<\/p>\n<p>Fideu\u00e1 di fedelini sottili con seppioline<\/p>\n<p>Fideu\u00e1 di verdure<\/p>\n<p>Paella agli scampetti con anemoni di mare<\/p>\n<p>Paella all\u2019aragosta<\/p>\n<p>Paella all\u2019astice <\/p>\n<h2>Risi brodosi o cremosi<\/h2>\n<p>Riso brodoso al polipo e porcini<\/p>\n<p>All\u2019anatra con funghi, carciofi e foie gras[\/et_pb_text][et_pb_text admin_label=\u00bbTitle &#038; Paragraph\u00bb _builder_version=\u00bb4.9.4&#8243; text_font=\u00bbRoboto||||||||\u00bb text_text_color=\u00bb#3b3543&#8243; text_line_height=\u00bb1.8em\u00bb header_2_font=\u00bbRoboto Condensed|700|||||||\u00bb header_3_font=\u00bbPlayfair Display|700|||||||\u00bb header_3_text_color=\u00bb#a26244&#8243; header_3_font_size=\u00bb30px\u00bb max_width=\u00bb700px\u00bb module_alignment=\u00bbcenter\u00bb text_font_size_tablet=\u00bb\u00bb text_font_size_phone=\u00bb14px\u00bb text_font_size_last_edited=\u00bbon|phone\u00bb header_3_font_size_tablet=\u00bb\u00bb header_3_font_size_phone=\u00bb25px\u00bb header_3_font_size_last_edited=\u00bbon|phone\u00bb locked=\u00bboff\u00bb global_colors_info=\u00bb{}\u00bb]**Servizio pane e aperitivo<br \/>\n**Abbiamo pane senza glutine[\/et_pb_text][et_pb_button button_url=\u00bbhttps:\/\/www.casa-carmela.com\/es\/wp-content\/uploads\/Casa-Carmela-Bar-Menu-ENG.pdf\u00bb url_new_window=\u00bbon\u00bb button_text=\u00bbConsultare gli allergeni\u00bb _builder_version=\u00bb4.9.4&#8243; custom_button=\u00bbon\u00bb button_text_size=\u00bb16px\u00bb button_text_color=\u00bb#FFFFFF\u00bb button_bg_color=\u00bb#3b3543&#8243; button_border_width=\u00bb5px\u00bb button_border_color=\u00bb#3b3543&#8243; button_border_radius=\u00bb0px\u00bb button_letter_spacing=\u00bb1px\u00bb button_font=\u00bbRoboto|300||on|||||\u00bb button_use_icon=\u00bboff\u00bb global_colors_info=\u00bb{}\u00bb button_bg_color__hover_enabled=\u00bbon|hover\u00bb button_bg_color__hover=\u00bb#a26244&#8243; button_bg_enable_color__hover=\u00bbon\u00bb button_border_color__hover_enabled=\u00bbon|desktop\u00bb button_border_color__hover=\u00bb#a26244&#8243;][\/et_pb_button][\/et_pb_column][\/et_pb_row][\/et_pb_section][et_pb_section fb_built=\u00bb1&#8243; admin_label=\u00bbPromo Banner\u00bb module_id=\u00bbcontacto\u00bb _builder_version=\u00bb4.8.0&#8243; background_color=\u00bb#50445f\u00bb custom_padding=\u00bb0px|0px|0px|0px\u00bb global_module=\u00bb2408&#8243; locked=\u00bboff\u00bb global_colors_info=\u00bb{}\u00bb][et_pb_row _builder_version=\u00bb3.25&#8243; global_colors_info=\u00bb{}\u00bb][et_pb_column type=\u00bb4_4&#8243; _builder_version=\u00bb3.25&#8243; custom_padding=\u00bb|||\u00bb global_colors_info=\u00bb{}\u00bb custom_padding__hover=\u00bb|||\u00bb][et_pb_text _builder_version=\u00bb4.9.4&#8243; text_font=\u00bb||||||||\u00bb link_font=\u00bb|600|||on||||\u00bb link_text_color=\u00bbrgba(12,12,12,0.59)\u00bb header_font=\u00bb||||||||\u00bb header_2_font=\u00bbLibre Baskerville||||||||\u00bb header_2_line_height=\u00bb1.5em\u00bb text_orientation=\u00bbcenter\u00bb background_layout=\u00bbdark\u00bb custom_margin=\u00bb||-1px|||\u00bb global_colors_info=\u00bb{}\u00bb]<\/p>\n<h2><strong>Dove puoi trovarci<br \/><\/strong><\/h2>\n<p>[\/et_pb_text][\/et_pb_column][\/et_pb_row][\/et_pb_section][et_pb_section fb_built=\u00bb1&#8243; custom_padding_last_edited=\u00bbon|tablet\u00bb admin_label=\u00bbFooter Section\u00bb _builder_version=\u00bb4.4.2&#8243; background_enable_color=\u00bboff\u00bb background_image=\u00bbhttps:\/\/www.casa-carmela.com\/es\/wp-content\/uploads\/Casa_Carmela_Full_Contacto.jpg\u00bb custom_padding=\u00bb80px||80px||true|\u00bb custom_padding_tablet=\u00bb20px||20px||true|false\u00bb custom_padding_phone=\u00bb20px||20px||true|false\u00bb border_width_bottom=\u00bb2px\u00bb border_color_bottom=\u00bb#50445f\u00bb global_module=\u00bb2406&#8243; locked=\u00bboff\u00bb global_colors_info=\u00bb{}\u00bb][et_pb_row column_structure=\u00bb1_3,2_3&#8243; use_custom_gutter=\u00bbon\u00bb make_equal=\u00bbon\u00bb admin_label=\u00bbFooter Area\u00bb _builder_version=\u00bb4.8.0&#8243; background_color=\u00bbrgba(255,255,255,0.8)\u00bb max_width=\u00bb80%\u00bb module_alignment=\u00bbcenter\u00bb custom_padding=\u00bb2.5%|5%|2.5%|5%|true|true\u00bb locked=\u00bboff\u00bb global_colors_info=\u00bb{}\u00bb][et_pb_column type=\u00bb1_3&#8243; module_class=\u00bbds-vertical-align\u00bb _builder_version=\u00bb4.8.0&#8243; custom_padding=\u00bb|||\u00bb global_colors_info=\u00bb{}\u00bb custom_padding__hover=\u00bb|||\u00bb][et_pb_text admin_label=\u00bbTitle\u00bb _builder_version=\u00bb4.9.4&#8243; text_font=\u00bb||||||||\u00bb header_font=\u00bb||||||||\u00bb header_2_font=\u00bbLibre Baskerville||||||||\u00bb header_2_text_align=\u00bbleft\u00bb header_2_text_color=\u00bb#50445f\u00bb header_2_font_size=\u00bb42px\u00bb header_2_line_height=\u00bb1.3em\u00bb custom_margin=\u00bb||20px|\u00bb animation_style=\u00bbslide\u00bb animation_direction=\u00bbtop\u00bb animation_intensity_slide=\u00bb30%\u00bb animation_starting_opacity=\u00bb100%\u00bb header_2_text_align_tablet=\u00bbcenter\u00bb header_2_text_align_phone=\u00bb\u00bb header_2_text_align_last_edited=\u00bbon|phone\u00bb header_2_font_size_tablet=\u00bb\u00bb header_2_font_size_phone=\u00bb30px\u00bb header_2_font_size_last_edited=\u00bbon|desktop\u00bb global_colors_info=\u00bb{}\u00bb]<\/p>\n<h2>Contatto<\/h2>\n<p>[\/et_pb_text][et_pb_blurb title=\u00bbDOVE SIAMO\u00bb use_icon=\u00bbon\u00bb font_icon=\u00bb&#xe081;||divi||400&#8243; icon_color=\u00bb#50445f\u00bb icon_placement=\u00bbleft\u00bb content_max_width=\u00bb1100px\u00bb _builder_version=\u00bb4.13.0&#8243; header_font=\u00bb|800||on|||||\u00bb header_text_color=\u00bb#50445f\u00bb header_font_size=\u00bb16px\u00bb header_letter_spacing=\u00bb0.5px\u00bb header_line_height=\u00bb1.7em\u00bb body_font=\u00bbRoboto||||||||\u00bb body_text_color=\u00bb#50445f\u00bb body_line_height=\u00bb2em\u00bb background_layout=\u00bbdark\u00bb body_font_size_tablet=\u00bb\u00bb body_font_size_phone=\u00bb14px\u00bb body_font_size_last_edited=\u00bbon|phone\u00bb locked=\u00bboff\u00bb global_colors_info=\u00bb{}\u00bb]<\/p>\n<p>Carrer d&#8217;Isabel de Villena, 155.<br \/>\n46011 Val\u00e8ncia.<\/p>\n<p>[\/et_pb_blurb][et_pb_blurb title=\u00bbInfo e-mail\u00bb use_icon=\u00bbon\u00bb font_icon=\u00bb&#xe076;||divi||400&#8243; icon_color=\u00bb#50445f\u00bb icon_placement=\u00bbleft\u00bb content_max_width=\u00bb1100px\u00bb _builder_version=\u00bb4.13.0&#8243; header_font=\u00bb|800||on|||||\u00bb header_text_color=\u00bb#50445f\u00bb header_font_size=\u00bb16px\u00bb header_letter_spacing=\u00bb0.5px\u00bb header_line_height=\u00bb1.7em\u00bb body_font=\u00bbRoboto||||||||\u00bb body_text_color=\u00bb#50445f\u00bb body_line_height=\u00bb2em\u00bb background_layout=\u00bbdark\u00bb body_font_size_tablet=\u00bb\u00bb body_font_size_phone=\u00bb14px\u00bb body_font_size_last_edited=\u00bbon|phone\u00bb locked=\u00bboff\u00bb global_colors_info=\u00bb{}\u00bb]<\/p>\n<p><a href=\"mailto:reservas@casa-carmela.com\"><span>reservas@casa-carmela.com<\/span><\/a><\/p>\n<p>[\/et_pb_blurb][et_pb_blurb title=\u00bbPRENOTAZIONI TELEFONICHE\u00bb use_icon=\u00bbon\u00bb font_icon=\u00bb&#xe090;||divi||400&#8243; icon_color=\u00bb#50445f\u00bb icon_placement=\u00bbleft\u00bb content_max_width=\u00bb1100px\u00bb _builder_version=\u00bb4.13.0&#8243; header_font=\u00bb|800||on|||||\u00bb header_text_color=\u00bb#50445f\u00bb header_font_size=\u00bb16px\u00bb header_letter_spacing=\u00bb0.5px\u00bb header_line_height=\u00bb1.7em\u00bb body_font=\u00bbRoboto||||||||\u00bb body_text_color=\u00bb#50445f\u00bb body_line_height=\u00bb2em\u00bb background_layout=\u00bbdark\u00bb body_font_size_tablet=\u00bb\u00bb body_font_size_phone=\u00bb14px\u00bb body_font_size_last_edited=\u00bbon|phone\u00bb locked=\u00bboff\u00bb global_colors_info=\u00bb{}\u00bb]<\/p>\n<p><span>Qualsiasi prenotazione non confermata dal ristorante non sar\u00e0 valida<\/span>.<br \/><strong><a href=\"tel:963710073\">(+34) 963 710 073<\/a><\/strong><br \/><strong> <a href=\"tel:696017989\">(+34) 696 017 989<\/a><\/strong><\/p>\n<p>[\/et_pb_blurb][et_pb_button button_url=\u00bbhttps:\/\/www.casa-carmela.com\/es\/it\/riserva\/\u00bb button_text=\u00bbPRENOTARE\u00bb disabled_on=\u00bboff|off|off\u00bb _builder_version=\u00bb4.14.7&#8243; _module_preset=\u00bbdefault\u00bb custom_button=\u00bbon\u00bb button_text_size=\u00bb18px\u00bb button_text_color=\u00bb#FFFFFF\u00bb button_bg_color=\u00bb#50445f\u00bb button_border_color=\u00bb#50445f\u00bb button_border_radius=\u00bb0px\u00bb button_font=\u00bb|||on|||||\u00bb custom_margin=\u00bb|||50px|false|false\u00bb custom_padding=\u00bb||||false|false\u00bb locked=\u00bboff\u00bb global_colors_info=\u00bb{}\u00bb][\/et_pb_button][et_pb_blurb title=\u00bbOrario\u00bb use_icon=\u00bbon\u00bb font_icon=\u00bb&#xe60d;||divi||400&#8243; icon_color=\u00bb#50445f\u00bb icon_placement=\u00bbleft\u00bb content_max_width=\u00bb1100px\u00bb _builder_version=\u00bb4.14.7&#8243; header_font=\u00bb|800||on|||||\u00bb header_text_color=\u00bb#50445f\u00bb header_font_size=\u00bb16px\u00bb header_letter_spacing=\u00bb0.5px\u00bb header_line_height=\u00bb1.7em\u00bb body_font=\u00bbRoboto||||||||\u00bb body_text_color=\u00bb#50445f\u00bb body_line_height=\u00bb2em\u00bb background_layout=\u00bbdark\u00bb body_font_size_tablet=\u00bb\u00bb body_font_size_phone=\u00bb14px\u00bb body_font_size_last_edited=\u00bbon|phone\u00bb locked=\u00bboff\u00bb global_colors_info=\u00bb{}\u00bb]<\/p>\n<p>Da marted\u00ec a sabato, dalle 13.00 alle 16.00<\/p>\n<p>Domenica e luned\u00ec chiuso<\/p>\n<p>[\/et_pb_blurb][et_pb_social_media_follow _builder_version=\u00bb4.8.0&#8243; text_orientation=\u00bbleft\u00bb text_orientation_tablet=\u00bbcenter\u00bb text_orientation_phone=\u00bbcenter\u00bb text_orientation_last_edited=\u00bbon|tablet\u00bb global_colors_info=\u00bb{}\u00bb][et_pb_social_media_follow_network social_network=\u00bbfacebook\u00bb url=\u00bbhttps:\/\/www.facebook.com\/casacarmela\u00bb use_icon_font_size=\u00bbon\u00bb _builder_version=\u00bb4.8.0&#8243; background_color=\u00bb#50445f\u00bb background_enable_color=\u00bbon\u00bb custom_padding=\u00bb10px|10px|10px|10px|true|true\u00bb border_radii=\u00bbon|50%|50%|50%|50%\u00bb global_colors_info=\u00bb{}\u00bb background__hover_enabled=\u00bbon|hover\u00bb background_color__hover=\u00bb#a26244&#8243; background_enable_color__hover=\u00bbon\u00bb follow_button=\u00bboff\u00bb url_new_window=\u00bbon\u00bb]facebook[\/et_pb_social_media_follow_network][et_pb_social_media_follow_network social_network=\u00bbinstagram\u00bb url=\u00bbhttps:\/\/www.instagram.com\/casacarmelavalencia\/\u00bb use_icon_font_size=\u00bbon\u00bb _builder_version=\u00bb4.8.0&#8243; background_color=\u00bb#50445f\u00bb background_enable_color=\u00bbon\u00bb custom_padding=\u00bb10px|10px|10px|10px|true|true\u00bb border_radii=\u00bbon|50%|50%|50%|50%\u00bb global_colors_info=\u00bb{}\u00bb background_color__hover=\u00bb#a26244&#8243; background_enable_color__hover=\u00bbon\u00bb background__hover_enabled=\u00bbon|hover\u00bb follow_button=\u00bboff\u00bb url_new_window=\u00bbon\u00bb]instagram[\/et_pb_social_media_follow_network][\/et_pb_social_media_follow][\/et_pb_column][et_pb_column type=\u00bb2_3&#8243; module_class=\u00bbds-vertical-align\u00bb _builder_version=\u00bb4.8.0&#8243; custom_padding=\u00bb|||\u00bb global_colors_info=\u00bb{}\u00bb custom_padding__hover=\u00bb|||\u00bb][et_pb_code _builder_version=\u00bb4.8.0&#8243; global_colors_info=\u00bb{}\u00bb]<iframe loading=\"lazy\" src=\"https:\/\/www.google.com\/maps\/embed?pb=!1m14!1m8!1m3!1d1539.7196547023354!2d-0.32566677909770086!3d39.48199373816932!3m2!1i1024!2i768!4f13.1!3m3!1m2!1s0x0%3A0xd7c9ac5e7d6dcef5!2sCasa%20Carmela!5e0!3m2!1ses!2ses!4v1610634977961!5m2!1ses!2ses\" width=\"100%\" height=\"450\" frameborder=\"0\" style=\"border:0;\" allowfullscreen=\"\" aria-hidden=\"false\" tabindex=\"0\"><\/iframe>[\/et_pb_code][\/et_pb_column][\/et_pb_row][\/et_pb_section][et_pb_section fb_built=\u00bb1&#8243; _builder_version=\u00bb4.0.6&#8243; background_color=\u00bb#ffffff\u00bb custom_margin=\u00bb||||false|false\u00bb custom_padding=\u00bb0%||0%||false|false\u00bb global_module=\u00bb2520&#8243; saved_tabs=\u00bball\u00bb locked=\u00bboff\u00bb global_colors_info=\u00bb{}\u00bb][et_pb_row _builder_version=\u00bb3.29.3&#8243; custom_padding=\u00bb||0px|||\u00bb global_colors_info=\u00bb{}\u00bb][et_pb_column type=\u00bb4_4&#8243; _builder_version=\u00bb3.29.3&#8243; global_colors_info=\u00bb{}\u00bb][et_pb_text admin_label=\u00bbTitle\u00bb _builder_version=\u00bb4.8.0&#8243; text_font=\u00bb||||||||\u00bb header_font=\u00bb||||||||\u00bb header_2_font=\u00bbLibre Baskerville||||||||\u00bb header_2_text_align=\u00bbcenter\u00bb header_2_text_color=\u00bb#50445f\u00bb header_2_font_size=\u00bb18px\u00bb header_2_line_height=\u00bb1.3em\u00bb custom_margin=\u00bb||||false|false\u00bb custom_margin_tablet=\u00bb||5%||false|false\u00bb custom_margin_phone=\u00bb||5%||false|false\u00bb custom_margin_last_edited=\u00bbon|phone\u00bb animation_style=\u00bbslide\u00bb animation_direction=\u00bbtop\u00bb animation_intensity_slide=\u00bb30%\u00bb animation_starting_opacity=\u00bb100%\u00bb global_colors_info=\u00bb{}\u00bb]<\/p>\n<h2>Colaboradores:<\/h2>\n<p>[\/et_pb_text][\/et_pb_column][\/et_pb_row][et_pb_row _builder_version=\u00bb3.29.3&#8243; custom_padding=\u00bb0px||0px|||\u00bb global_colors_info=\u00bb{}\u00bb][et_pb_column type=\u00bb4_4&#8243; _builder_version=\u00bb3.29.3&#8243; global_colors_info=\u00bb{}\u00bb][et_pb_image src=\u00bbhttps:\/\/www.casa-carmela.com\/es\/wp-content\/uploads\/Logo_Heineken.png\u00bb title_text=\u00bbLogo_Heineken\u00bb align=\u00bbcenter\u00bb _builder_version=\u00bb4.4.2&#8243; width=\u00bb150px\u00bb width_tablet=\u00bb85%\u00bb width_phone=\u00bb75%\u00bb width_last_edited=\u00bboff|desktop\u00bb module_alignment=\u00bbcenter\u00bb custom_margin=\u00bb||||false|false\u00bb custom_margin_tablet=\u00bb\u00bb custom_margin_phone=\u00bb||10%||false|false\u00bb custom_margin_last_edited=\u00bbon|phone\u00bb global_colors_info=\u00bb{}\u00bb][\/et_pb_image][\/et_pb_column][\/et_pb_row][et_pb_row column_structure=\u00bb1_2,1_2&#8243; custom_padding_last_edited=\u00bbon|phone\u00bb _builder_version=\u00bb4.14.7&#8243; _module_preset=\u00bbdefault\u00bb background_color=\u00bb#171717&#8243; width=\u00bb100%\u00bb max_width=\u00bb100%\u00bb module_alignment=\u00bbcenter\u00bb custom_margin=\u00bb||0px||false|false\u00bb custom_padding=\u00bb50px|60px|20px|60px|false|false\u00bb custom_padding_tablet=\u00bb\u00bb custom_padding_phone=\u00bb50px|9px|20px|9px|false|false\u00bb global_colors_info=\u00bb{}\u00bb][et_pb_column type=\u00bb1_2&#8243; _builder_version=\u00bb4.10.8&#8243; _module_preset=\u00bbdefault\u00bb global_colors_info=\u00bb{}\u00bb][et_pb_text _builder_version=\u00bb4.14.7&#8243; _module_preset=\u00bbdefault\u00bb text_text_color=\u00bb#FFFFFF\u00bb text_font_size=\u00bb14px\u00bb text_orientation=\u00bbcenter\u00bb custom_margin=\u00bb||57px||false|false\u00bb custom_padding=\u00bb|3%||3%|false|false\u00bb locked=\u00bboff\u00bb global_colors_info=\u00bb{}\u00bb]<\/p>\n<p><span><strong>CASA CARMELA<\/strong> ha sido beneficiaria del Fondo Europeo de Desarrollo Regional cuyo objetivo es mejorar el uso y la calidad de las tecnolog\u00edas de la informaci\u00f3n y de las comunicaciones y el acceso a las mismas y la sostenibilidad, gracias al que ha realizado una inversi\u00f3n en electrodom\u00e9sticos de alta eficiencia energ\u00e9tica para la mejora de competitividad y productividad de la empresa en 2021. Para ello ha contado con el apoyo del Programa de Competitividad Tur\u00edstica de la C\u00e1mara de Comercio de Valencia.<\/span><\/p>\n<p>[\/et_pb_text][et_pb_image src=\u00bbhttps:\/\/www.casa-carmela.com\/es\/wp-content\/uploads\/Captura-de-pantalla-2022-02-08-a-las-11.51.55.png\u00bb title_text=\u00bbCaptura de pantalla 2022-02-08 a las 11.51.55&#8243; align=\u00bbcenter\u00bb _builder_version=\u00bb4.14.7&#8243; _module_preset=\u00bbdefault\u00bb height=\u00bb161px\u00bb custom_margin=\u00bb||18px|||\u00bb global_colors_info=\u00bb{}\u00bb][\/et_pb_image][et_pb_text _builder_version=\u00bb4.14.7&#8243; _module_preset=\u00bbdefault\u00bb text_text_color=\u00bb#FFFFFF\u00bb text_font_size=\u00bb14px\u00bb custom_margin=\u00bb||19px|||\u00bb custom_padding=\u00bb|3%||3%|false|false\u00bb text_orientation_tablet=\u00bbcenter\u00bb text_orientation_phone=\u00bbcenter\u00bb text_orientation_last_edited=\u00bbon|phone\u00bb locked=\u00bboff\u00bb global_colors_info=\u00bb{}\u00bb]<\/p>\n<p>Fondo Europeo de Desarrollo Regional<\/p>\n<p>[\/et_pb_text][et_pb_text _builder_version=\u00bb4.14.7&#8243; _module_preset=\u00bbdefault\u00bb text_text_color=\u00bb#FFFFFF\u00bb text_font_size=\u00bb14px\u00bb text_orientation=\u00bbright\u00bb min_height=\u00bb32.8px\u00bb custom_margin=\u00bb-39px||||false|false\u00bb custom_margin_tablet=\u00bb\u00bb custom_margin_phone=\u00bb0px||||false|false\u00bb custom_margin_last_edited=\u00bbon|desktop\u00bb custom_padding=\u00bb|60px|||false|false\u00bb text_orientation_tablet=\u00bbcenter\u00bb text_orientation_phone=\u00bbcenter\u00bb text_orientation_last_edited=\u00bbon|phone\u00bb locked=\u00bboff\u00bb global_colors_info=\u00bb{}\u00bb]<\/p>\n<p>Una Manera de hacer Europa<\/p>\n<p>[\/et_pb_text][\/et_pb_column][et_pb_column type=\u00bb1_2&#8243; _builder_version=\u00bb4.10.8&#8243; _module_preset=\u00bbdefault\u00bb global_colors_info=\u00bb{}\u00bb][et_pb_text _builder_version=\u00bb4.14.7&#8243; _module_preset=\u00bbdefault\u00bb text_text_color=\u00bb#FFFFFF\u00bb text_font_size=\u00bb14px\u00bb text_orientation=\u00bbcenter\u00bb custom_margin=\u00bb||52px|||\u00bb custom_padding=\u00bb|3%||3%|false|false\u00bb locked=\u00bboff\u00bb global_colors_info=\u00bb{}\u00bb]<\/p>\n<p><span><strong>CASA CARMELA<\/strong> ha sido beneficiaria de una ayuda 9.000 \u20ac en 2021 por estar adherida a L\u00b4Exquisit Mediterrani (Turismo Comunitat Valenciana).<\/span><\/p>\n<p>[\/et_pb_text][et_pb_image src=\u00bbhttps:\/\/www.casa-carmela.com\/es\/wp-content\/uploads\/Captura-de-pantalla-2022-02-08-a-las-11.52.15.png\u00bb title_text=\u00bbCaptura de pantalla 2022-02-08 a las 11.52.15&#8243; align=\u00bbcenter\u00bb _builder_version=\u00bb4.14.7&#8243; _module_preset=\u00bbdefault\u00bb height=\u00bb161px\u00bb custom_margin=\u00bb||14px|||\u00bb global_colors_info=\u00bb{}\u00bb][\/et_pb_image][et_pb_text _builder_version=\u00bb4.14.7&#8243; _module_preset=\u00bbdefault\u00bb text_text_color=\u00bb#FFFFFF\u00bb text_font_size=\u00bb14px\u00bb global_colors_info=\u00bb{}\u00bb]<\/p>\n<p style=\"text-align: center;\"><strong>CASA CARMELA<\/strong> ha recibido de la Fundaci\u00f3n Val\u00e8ncia Activa, del Ayuntamiento de Val\u00e8ncia, el Premio Empleo Estable por un importe de 10.000. Del programa Re-Activa del Ayuntamiento de Val\u00e8ncia ha recibido en 2020 de 1.293\u20ac, y de 10.000\u20ac en 2021<\/p>\n<p style=\"text-align: center;\"><strong>CASA CARMELA<\/strong> ha sido beneficiaria de una ayuda de 12.000\u20ac por los efectos derivados de la covid-19 en 2021 de Labora (Servei Valenci\u00e0 d&#8217;Ocupaci\u00f3 i Formaci\u00f3).<\/p>\n<p>[\/et_pb_text][\/et_pb_column][\/et_pb_row][et_pb_row column_structure=\u00bb1_4,1_4,1_4,1_4&#8243; _builder_version=\u00bb4.10.8&#8243; _module_preset=\u00bbdefault\u00bb background_color=\u00bb#171717&#8243; width=\u00bb100%\u00bb max_width=\u00bb100%\u00bb module_alignment=\u00bbcenter\u00bb custom_margin=\u00bb||0px||false|false\u00bb custom_padding=\u00bb||20px||false|false\u00bb global_colors_info=\u00bb{}\u00bb][et_pb_column type=\u00bb1_4&#8243; _builder_version=\u00bb4.10.8&#8243; _module_preset=\u00bbdefault\u00bb global_colors_info=\u00bb{}\u00bb][\/et_pb_column][et_pb_column type=\u00bb1_4&#8243; _builder_version=\u00bb4.10.8&#8243; _module_preset=\u00bbdefault\u00bb global_colors_info=\u00bb{}\u00bb][et_pb_text _builder_version=\u00bb4.10.8&#8243; _module_preset=\u00bbdefault\u00bb text_font_size=\u00bb14px\u00bb text_orientation=\u00bbcenter\u00bb locked=\u00bboff\u00bb global_colors_info=\u00bb{}\u00bb]<\/p>\n<p><span style=\"color: #999999;\"><a href=\"https:\/\/www.casa-carmela.com\/es\/politica-de-cookies\/\" target=\"_blank\" rel=\"noopener\" title=\"Pol\u00edtica de Cookies\" style=\"color: #999999;\">Pol\u00edtica de Cookies<\/a><\/span><\/p>\n<p>[\/et_pb_text][\/et_pb_column][et_pb_column type=\u00bb1_4&#8243; _builder_version=\u00bb4.10.8&#8243; _module_preset=\u00bbdefault\u00bb global_colors_info=\u00bb{}\u00bb][et_pb_text _builder_version=\u00bb4.10.8&#8243; _module_preset=\u00bbdefault\u00bb text_font_size=\u00bb14px\u00bb text_orientation=\u00bbcenter\u00bb locked=\u00bboff\u00bb global_colors_info=\u00bb{}\u00bb]<\/p>\n<p><span style=\"color: #999999;\"><a style=\"color: #999999;\" title=\"Aviso Legal y Pol\u00edtica de Privacidad\" href=\"https:\/\/www.casa-carmela.com\/es\/aviso-legal\/\" target=\"_blank\" rel=\"noopener\">Aviso Legal y Pol\u00edtica de Privacidad<\/a><\/span><\/p>\n<p>[\/et_pb_text][\/et_pb_column][et_pb_column type=\u00bb1_4&#8243; _builder_version=\u00bb4.10.8&#8243; _module_preset=\u00bbdefault\u00bb global_colors_info=\u00bb{}\u00bb][\/et_pb_column][\/et_pb_row][\/et_pb_section]<\/p>\n","protected":false},"excerpt":{"rendered":"<p>Lattine Conserve USISA Etiqueta Negra Sardine piccolissime in olio di oliva Cozze \u201cfritte\u201d in salamoia \u201cFoie gras\u201d di baccal\u00e0Iniziamo con qualcosa di fresco per aprire l\u2019appetito Prosciutto iberico proveniente da suini alimentati a ghiande (50 g) Selezione di mare sottosale (a persona)(Tonno, baccal\u00e0, bottarga, uova di merluzzo, tonno di tonnara) Polipo essiccato di Denia alla [&hellip;]<\/p>\n","protected":false},"author":1,"featured_media":0,"parent":0,"menu_order":0,"comment_status":"closed","ping_status":"closed","template":"","meta":{"_et_pb_use_builder":"on","_et_pb_old_content":"","_et_gb_content_width":""},"_links":{"self":[{"href":"https:\/\/www.casa-carmela.com\/es\/wp-json\/wp\/v2\/pages\/2147"}],"collection":[{"href":"https:\/\/www.casa-carmela.com\/es\/wp-json\/wp\/v2\/pages"}],"about":[{"href":"https:\/\/www.casa-carmela.com\/es\/wp-json\/wp\/v2\/types\/page"}],"author":[{"embeddable":true,"href":"https:\/\/www.casa-carmela.com\/es\/wp-json\/wp\/v2\/users\/1"}],"replies":[{"embeddable":true,"href":"https:\/\/www.casa-carmela.com\/es\/wp-json\/wp\/v2\/comments?post=2147"}],"version-history":[{"count":10,"href":"https:\/\/www.casa-carmela.com\/es\/wp-json\/wp\/v2\/pages\/2147\/revisions"}],"predecessor-version":[{"id":2838,"href":"https:\/\/www.casa-carmela.com\/es\/wp-json\/wp\/v2\/pages\/2147\/revisions\/2838"}],"wp:attachment":[{"href":"https:\/\/www.casa-carmela.com\/es\/wp-json\/wp\/v2\/media?parent=2147"}],"curies":[{"name":"wp","href":"https:\/\/api.w.org\/{rel}","templated":true}]}}