{"id":2143,"date":"2021-05-17T12:41:17","date_gmt":"2021-05-17T10:41:17","guid":{"rendered":"https:\/\/www.casa-carmela.com\/es\/?page_id=2143"},"modified":"2021-05-17T17:51:02","modified_gmt":"2021-05-17T15:51:02","slug":"storia","status":"publish","type":"page","link":"https:\/\/www.casa-carmela.com\/es\/it\/storia\/","title":{"rendered":"Storia"},"content":{"rendered":"<p>[et_pb_section fb_built=\u00bb1&#8243; fullwidth=\u00bbon\u00bb _builder_version=\u00bb4.8.2&#8243; custom_margin=\u00bb||||false|false\u00bb locked=\u00bboff\u00bb][et_pb_fullwidth_slider _builder_version=\u00bb4.8.2&#8243; link_option_url=\u00bb#historia\u00bb][et_pb_slide heading=\u00bbDesde 1922 \u00bb button_text=\u00bbHistoria\u00bb button_link=\u00bb#historia\u00bb use_bg_overlay=\u00bbon\u00bb _builder_version=\u00bb4.8.2&#8243; header_level=\u00bbh2&#8243; header_font=\u00bbPlayfair Display||||||||\u00bb header_font_size=\u00bb6vw\u00bb body_font=\u00bbMontserrat||||||||\u00bb body_font_size=\u00bb25px\u00bb body_line_height=\u00bb1.2em\u00bb background_image=\u00bbhttps:\/\/www.casa-carmela.com\/es\/wp-content\/uploads\/Casa_Carmela_Full_Desde1922.jpg\u00bb background_enable_image=\u00bbon\u00bb custom_button=\u00bbon\u00bb button_border_radius=\u00bb0px\u00bb button_font=\u00bbMontserrat|300||on|||||\u00bb text_orientation=\u00bbleft\u00bb link_option_url=\u00bb#historia\u00bb header_font_size_tablet=\u00bb8vw\u00bb header_font_size_phone=\u00bb11vw\u00bb header_font_size_last_edited=\u00bbon|tablet\u00bb body_font_size_tablet=\u00bb20px\u00bb body_font_size_phone=\u00bb18px\u00bb body_font_size_last_edited=\u00bbon|tablet\u00bb button_text_size_tablet=\u00bb16px\u00bb button_text_size_phone=\u00bb\u00bb button_text_size_last_edited=\u00bbon|phone\u00bb sticky_transition=\u00bbon\u00bb]<\/p>\n<p>Cuatro generaciones y una misma manera de entender la gastronom\u00eda tradicional valenciana<\/p>\n<p>[\/et_pb_slide][\/et_pb_fullwidth_slider][\/et_pb_section][et_pb_section fb_built=\u00bb1&#8243; custom_padding_last_edited=\u00bbon|tablet\u00bb admin_label=\u00bbPromo Banner\u00bb _builder_version=\u00bb4.8.2&#8243; background_color=\u00bb#50445f\u00bb custom_margin=\u00bb||||true|false\u00bb custom_padding=\u00bb0px|0px|0px|0px|true|false\u00bb custom_padding_tablet=\u00bb\u00bb custom_padding_phone=\u00bb30px||30px||true|false\u00bb locked=\u00bboff\u00bb][\/et_pb_section][et_pb_section fb_built=\u00bb1&#8243; module_id=\u00bbhistoria\u00bb _builder_version=\u00bb4.8.0&#8243; background_color=\u00bb#f2e3dc\u00bb][et_pb_row column_structure=\u00bb1_2,1_2&#8243; use_custom_gutter=\u00bbon\u00bb gutter_width=\u00bb2&#8243; make_equal=\u00bbon\u00bb _builder_version=\u00bb4.8.0&#8243; max_width=\u00bb80%\u00bb module_alignment=\u00bbcenter\u00bb custom_margin=\u00bb||3%||false|false\u00bb][et_pb_column type=\u00bb1_2&#8243; module_class=\u00bbds-vertical-align\u00bb _builder_version=\u00bb4.8.0&#8243;][et_pb_text admin_label=\u00bbSubtitle\u00bb _builder_version=\u00bb4.8.0&#8243; text_font=\u00bbRoboto|300|||||||\u00bb text_line_height=\u00bb1.8em\u00bb header_2_font=\u00bbRoboto Condensed|700|||||||\u00bb header_3_font=\u00bbPlayfair Display|700|||||||\u00bb header_3_font_size=\u00bb30px\u00bb max_width=\u00bb700px\u00bb module_alignment=\u00bbcenter\u00bb animation_direction=\u00bbtop\u00bb header_3_font_size_tablet=\u00bb\u00bb header_3_font_size_phone=\u00bb25px\u00bb header_3_font_size_last_edited=\u00bbon|phone\u00bb locked=\u00bboff\u00bb]<\/p>\n<h2>PRIMERA GENERACI\u00d3N<\/h2>\n<h3>&#8211; Don Jos\u00e9 y Do\u00f1a Carmen\u00a0&#8211;<\/h3>\n<p><em><strong>Casa Carmela<\/strong><\/em> comenz\u00f3 siendo una barraca que serv\u00eda de cambiador a los ba\u00f1istas ocasionales de la playa de Val\u00e8ncia, all\u00e1 por los a\u00f1os veinte del siglo pasado. Mi bisabuelo, Jos\u00e9 Belenguer, recorr\u00eda todos los d\u00edas de verano la huerta de Vera, donde viv\u00eda la familia, para dar servicio a los turistas madrile\u00f1os que se acercaban al Mediterr\u00e1neo. Corr\u00eda el a\u00f1o 1922 y al negocio le puso el nombre de su esposa, mi bisabuela, Carmen.<\/p>\n<p>[\/et_pb_text][\/et_pb_column][et_pb_column type=\u00bb1_2&#8243; module_class=\u00bbds-vertical-align\u00bb _builder_version=\u00bb4.8.0&#8243;][et_pb_image src=\u00bbhttps:\/\/www.casa-carmela.com\/es\/wp-content\/uploads\/Casa_Carmela_Historia_01-1.jpg\u00bb title_text=\u00bbCasa_Carmela_Historia_01&#8243; align=\u00bbcenter\u00bb _builder_version=\u00bb4.4.2&#8243; animation_style=\u00bbslide\u00bb][\/et_pb_image][\/et_pb_column][\/et_pb_row][et_pb_row column_structure=\u00bb1_2,1_2&#8243; use_custom_gutter=\u00bbon\u00bb gutter_width=\u00bb2&#8243; make_equal=\u00bbon\u00bb _builder_version=\u00bb4.8.0&#8243; max_width=\u00bb80%\u00bb module_alignment=\u00bbcenter\u00bb custom_margin=\u00bb||3%||false|false\u00bb][et_pb_column type=\u00bb1_2&#8243; module_class=\u00bbds-vertical-align\u00bb _builder_version=\u00bb4.8.0&#8243;][et_pb_image src=\u00bbhttps:\/\/www.casa-carmela.com\/es\/wp-content\/uploads\/Casa_Carmela_Historia_02-1.jpg\u00bb title_text=\u00bbCasa_Carmela_Historia_02&#8243; align=\u00bbcenter\u00bb _builder_version=\u00bb4.4.2&#8243; width=\u00bb80%\u00bb module_alignment=\u00bbcenter\u00bb animation_style=\u00bbslide\u00bb][\/et_pb_image][et_pb_image src=\u00bbhttps:\/\/www.casa-carmela.com\/es\/wp-content\/uploads\/Tranvia-a-la-Malvarrosa.jpg\u00bb title_text=\u00bbTranvia a la Malvarrosa\u00bb align=\u00bbcenter\u00bb _builder_version=\u00bb4.4.2&#8243; width=\u00bb80%\u00bb module_alignment=\u00bbcenter\u00bb animation_style=\u00bbslide\u00bb animation_delay=\u00bb300ms\u00bb][\/et_pb_image][\/et_pb_column][et_pb_column type=\u00bb1_2&#8243; module_class=\u00bbds-vertical-align\u00bb _builder_version=\u00bb4.8.0&#8243;][et_pb_text admin_label=\u00bbSubtitle\u00bb _builder_version=\u00bb4.8.0&#8243; text_font=\u00bbRoboto|300|||||||\u00bb text_line_height=\u00bb1.8em\u00bb header_2_font=\u00bbRoboto Condensed|700|||||||\u00bb header_3_font=\u00bbPlayfair Display|700|||||||\u00bb header_3_font_size=\u00bb30px\u00bb max_width=\u00bb700px\u00bb module_alignment=\u00bbcenter\u00bb animation_direction=\u00bbtop\u00bb header_3_font_size_tablet=\u00bb\u00bb header_3_font_size_phone=\u00bb25px\u00bb header_3_font_size_last_edited=\u00bbon|phone\u00bb locked=\u00bboff\u00bb]<\/p>\n<h2>SEGUNDA GENERACI\u00d3N<\/h2>\n<h3>&#8211; El t\u00edo Toni y Lola &#8216;<em>la rialla&#8217;\u00a0&#8211;<\/em><\/h3>\n<p>Con el tiempo, adem\u00e1s de dar refugio a los ba\u00f1istas, en <em><strong>Casa Carmela<\/strong><\/em> tambi\u00e9n se daban comidas y acog\u00edan hu\u00e9spedes. <em>El t\u00edo Toni <\/em>y<em> Lola &#8216;la rialla&#8217;<\/em>, mis abuelos, los hijos de los fundadores, criaban sus propios animales de granja, en el corral trasero, y se tra\u00edan las verduras y las frutas de la huerta familiar, la de Vera. Con estos ingredientes y el pescado que cada d\u00eda tra\u00edan las barcas, mi abuela hac\u00eda los guisos del d\u00eda para los paseantes ocasionales, y sobre todo, para su asidua clientela. Entre estos clientes fijos estaba el propietario de la villa contigua a Casa Carmela, Vicente Blasco Ib\u00e1\u00f1ez.<\/p>\n<p>El escritor, pol\u00edtico y periodista valenciano conserv\u00f3 este chalet a pesar de sus largas estancias en el extranjero y en \u00e9l pasaron muchos de sus veranos su primera esposa, Mar\u00eda Blasco del Cacho, y los cuatro hijos que tuvieron. El menor, Sigfrido Blasco-Ib\u00e1\u00f1ez Blasco, jug\u00f3 durante a\u00f1os como compa\u00f1ero de <em>xamelo<\/em> (o domin\u00f3) de mi abuelo en las interminables partidas que se montaban al caer la tarde.<\/p>\n<p>Durante las d\u00e9cadas siguientes, cuando llegaba la primavera y el buen tiempo y, sobre todo, en verano con la <em>Fira de Juliol,<\/em> el local bull\u00eda por las noches hasta altas horas y las bandejas corr\u00edan por la terraza frente al mar con los mariscos, los arroces marineros, la <em>caragol\u00e0<\/em> (guiso aromatizado de caracoles), las ensaladas de pimiento y mojama\u2026<\/p>\n<p>Manuel Vicent en su <em>Tranv\u00eda a la Malvarrosa<\/em> refleja as\u00ed el ambiente de aquellos a\u00f1os: <em>Por la tarde nos fuimos paseando hasta el final de la playa. (\u2026) Pasando la l\u00ednea de los chalets al final de la playa estaba Casa Carmela junto a una villa pompeyana que era del escritor Blasco Ib\u00e1\u00f1ez, aunque estaba medio abandonada despu\u00e9s de haber sido incautada por la Falange y en ella campaban juntos los \u00faltimos Flechas Navales y los primeros gitanos. Bajo el ca\u00f1izo de Casa Carmela sirvi\u00e9ndose de una silla de enea como caballete Julieta comenz\u00f3 a pintar y juntos tomamos unos caracoles de mar y mejillones<\/em>.<\/p>\n<p>[\/et_pb_text][\/et_pb_column][\/et_pb_row][et_pb_row column_structure=\u00bb1_2,1_2&#8243; use_custom_gutter=\u00bbon\u00bb gutter_width=\u00bb2&#8243; make_equal=\u00bbon\u00bb _builder_version=\u00bb4.8.0&#8243; max_width=\u00bb80%\u00bb module_alignment=\u00bbcenter\u00bb custom_margin=\u00bb||3%||false|false\u00bb][et_pb_column type=\u00bb1_2&#8243; module_class=\u00bbds-vertical-align\u00bb _builder_version=\u00bb4.8.0&#8243;][et_pb_text admin_label=\u00bbSubtitle\u00bb _builder_version=\u00bb4.8.0&#8243; text_font=\u00bbRoboto|300|||||||\u00bb text_line_height=\u00bb1.8em\u00bb header_2_font=\u00bbRoboto Condensed|700|||||||\u00bb header_3_font=\u00bbPlayfair Display|700|||||||\u00bb header_3_font_size=\u00bb30px\u00bb max_width=\u00bb700px\u00bb module_alignment=\u00bbcenter\u00bb animation_direction=\u00bbtop\u00bb header_3_font_size_tablet=\u00bb\u00bb header_3_font_size_phone=\u00bb25px\u00bb header_3_font_size_last_edited=\u00bbon|phone\u00bb locked=\u00bboff\u00bb]<\/p>\n<h2>TERCERA GENERACI\u00d3N<\/h2>\n<h3>&#8211; Lola y Alfonso<br \/> Carmen y Jes\u00fas &#8211;<\/h3>\n<p>En los setenta, justo cuando yo nac\u00ed, mi t\u00eda y mi madre, ya casadas ambas, tomaron definitivamente las riendas del negocio, se reform\u00f3 el establecimiento, se construyeron los paelleros a le\u00f1a y <em><strong>Casa Carmela<\/strong><\/em> se especializ\u00f3 en arroces. La paella se hac\u00eda, igual que hoy, una por mesa, tantas como grupos de comensales, la capa de arroz muy fina y el socarrat, ahumado por el fuego de la le\u00f1a, en su punto.<\/p>\n<p>El local se fue ampliando, la terraza se incorpor\u00f3 al sal\u00f3n, las paredes se recubrieron con cer\u00e1mica de Manises t\u00edpicamente valenciana y se modernizaron los paelleros y la cocina. Y yo me incorpor\u00e9 a la plantilla y as\u00ed pude empaparme de los engranajes del negocio y tambi\u00e9n de los fogones.<\/p>\n<p>[\/et_pb_text][\/et_pb_column][et_pb_column type=\u00bb1_2&#8243; module_class=\u00bbds-vertical-align\u00bb _builder_version=\u00bb4.8.0&#8243;][et_pb_image src=\u00bbhttps:\/\/www.casa-carmela.com\/es\/wp-content\/uploads\/Casa_Carmela_Historia_03-1.jpg\u00bb title_text=\u00bbCasa_Carmela_Historia_03&#8243; align=\u00bbcenter\u00bb _builder_version=\u00bb4.4.2&#8243; animation_style=\u00bbslide\u00bb][\/et_pb_image][\/et_pb_column][\/et_pb_row][\/et_pb_section][et_pb_section fb_built=\u00bb1&#8243; custom_padding_last_edited=\u00bbon|phone\u00bb prev_background_color=\u00bb#f2e3dc\u00bb _builder_version=\u00bb4.8.2&#8243; custom_padding=\u00bb10%||||false|false\u00bb custom_padding_tablet=\u00bb\u00bb custom_padding_phone=\u00bb15%||||false|false\u00bb top_divider_style=\u00bbwave2&#8243; top_divider_height_tablet=\u00bb\u00bb top_divider_height_phone=\u00bb50px\u00bb top_divider_height_last_edited=\u00bbon|tablet\u00bb][et_pb_row column_structure=\u00bb1_2,1_2&#8243; use_custom_gutter=\u00bbon\u00bb gutter_width=\u00bb2&#8243; make_equal=\u00bbon\u00bb _builder_version=\u00bb4.8.0&#8243; max_width=\u00bb80%\u00bb module_alignment=\u00bbcenter\u00bb custom_margin=\u00bb||3%||false|false\u00bb][et_pb_column type=\u00bb1_2&#8243; module_class=\u00bbds-vertical-align\u00bb _builder_version=\u00bb4.8.0&#8243;][et_pb_text admin_label=\u00bbSubtitle\u00bb _builder_version=\u00bb4.8.0&#8243; text_font=\u00bbRoboto|300|||||||\u00bb text_line_height=\u00bb1.8em\u00bb header_2_font=\u00bbRoboto Condensed|700|||||||\u00bb header_3_font=\u00bbPlayfair Display|700|||||||\u00bb header_3_font_size=\u00bb30px\u00bb max_width=\u00bb700px\u00bb module_alignment=\u00bbcenter\u00bb animation_direction=\u00bbtop\u00bb header_3_font_size_tablet=\u00bb\u00bb header_3_font_size_phone=\u00bb25px\u00bb header_3_font_size_last_edited=\u00bbon|phone\u00bb locked=\u00bboff\u00bb]<\/p>\n<h2><strong>CUARTA <\/strong> GENERACI\u00d3N<\/h2>\n<h3>&#8211; Toni Novo &#8211;<\/h3>\n<p>Con el nuevo siglo tom\u00e9 el relevo al frente de la empresa y desde 2011 mi empe\u00f1o es innovar, buscar nuevos retos en la empresa y, a la vez y sobre todo, poner en valor la tradici\u00f3n, mi tradici\u00f3n familiar. <em><strong>Casa Carmela<\/strong><\/em> mantiene su cocina centenaria, el sabor ahumado de las paellas a le\u00f1a de mi bisabuela y, en definitiva, lo mejor del mar y de la huerta valencianos con un trato familiar.<br \/> La paella sigue comparti\u00e9ndose al centro de la mesa seg\u00fan el ritual de mis ancestros, y adem\u00e1s, con la \u00faltima reforma del local damos servicio en una nueva barra donde poder disfrutar de la propuesta tradicional de proximidad en concepto de tapa. Fue esta \u00faltima reforma la que nos permiti\u00f3 tambi\u00e9n crear peque\u00f1os salones privados en los que se propician comidas familiares o reuniones de trabajo, en un ambiente m\u00e1s \u00edntimo.<\/p>\n<p>Mi reto cada d\u00eda no es solo gestionar un barco con 100 a\u00f1os de historia, con una capacidad de m\u00e1s 150 comensales y preparar unas 25 paellas a le\u00f1a en cada servicio, adem\u00e1s de dirigir un equipo de m\u00e1s de 30 personas; mi reto es, sobre todo, hacerlo sabiendo que cuatro generaciones de mi propia familia me observan desde el pasado y me alientan para que comer en Casa Carmela siga una experiencia diferente, deliciosa y, si puede ser, \u00fanica.<\/p>\n<p>[\/et_pb_text][\/et_pb_column][et_pb_column type=\u00bb1_2&#8243; module_class=\u00bbds-vertical-align\u00bb _builder_version=\u00bb4.8.0&#8243;][et_pb_image src=\u00bbhttps:\/\/www.casa-carmela.com\/es\/wp-content\/uploads\/Casa_Carmela_Historia_04.jpg\u00bb title_text=\u00bbCasa_Carmela_Historia_04&#8243; align=\u00bbcenter\u00bb _builder_version=\u00bb4.4.2&#8243; animation_style=\u00bbslide\u00bb][\/et_pb_image][\/et_pb_column][\/et_pb_row][\/et_pb_section][et_pb_section fb_built=\u00bb1&#8243; admin_label=\u00bbPromo Banner\u00bb module_id=\u00bbcontacto\u00bb _builder_version=\u00bb4.8.0&#8243; background_color=\u00bb#50445f\u00bb custom_padding=\u00bb0px|0px|0px|0px\u00bb locked=\u00bboff\u00bb][et_pb_row _builder_version=\u00bb3.25&#8243;][et_pb_column type=\u00bb4_4&#8243; _builder_version=\u00bb3.25&#8243; custom_padding=\u00bb|||\u00bb custom_padding__hover=\u00bb|||\u00bb][et_pb_text _builder_version=\u00bb4.9.4&#8243; text_font=\u00bb||||||||\u00bb link_font=\u00bb|600|||on||||\u00bb link_text_color=\u00bbrgba(12,12,12,0.59)\u00bb header_font=\u00bb||||||||\u00bb header_2_font=\u00bbLibre Baskerville||||||||\u00bb header_2_line_height=\u00bb1.5em\u00bb text_orientation=\u00bbcenter\u00bb background_layout=\u00bbdark\u00bb custom_margin=\u00bb||-1px|||\u00bb hover_enabled=\u00bb0&#8243; sticky_enabled=\u00bb0&#8243;]<\/p>\n<h2><strong>Dove puoi trovarci<br \/>\n<\/strong><\/h2>\n<p>[\/et_pb_text][\/et_pb_column][\/et_pb_row][\/et_pb_section][et_pb_section fb_built=\u00bb1&#8243; custom_padding_last_edited=\u00bbon|tablet\u00bb admin_label=\u00bbFooter Section\u00bb _builder_version=\u00bb4.4.2&#8243; background_enable_color=\u00bboff\u00bb background_image=\u00bbhttps:\/\/www.casa-carmela.com\/es\/wp-content\/uploads\/Casa_Carmela_Full_Contacto.jpg\u00bb custom_padding=\u00bb80px||80px||true|\u00bb custom_padding_tablet=\u00bb20px||20px||true|false\u00bb custom_padding_phone=\u00bb20px||20px||true|false\u00bb border_width_bottom=\u00bb2px\u00bb border_color_bottom=\u00bb#50445f\u00bb locked=\u00bboff\u00bb][et_pb_row column_structure=\u00bb1_3,2_3&#8243; use_custom_gutter=\u00bbon\u00bb make_equal=\u00bbon\u00bb admin_label=\u00bbFooter Area\u00bb _builder_version=\u00bb4.8.0&#8243; background_color=\u00bbrgba(255,255,255,0.8)\u00bb max_width=\u00bb80%\u00bb module_alignment=\u00bbcenter\u00bb custom_padding=\u00bb2.5%|5%|2.5%|5%|true|true\u00bb locked=\u00bboff\u00bb][et_pb_column type=\u00bb1_3&#8243; module_class=\u00bbds-vertical-align\u00bb _builder_version=\u00bb4.8.0&#8243; custom_padding=\u00bb|||\u00bb custom_padding__hover=\u00bb|||\u00bb][et_pb_text admin_label=\u00bbTitle\u00bb _builder_version=\u00bb4.9.4&#8243; text_font=\u00bb||||||||\u00bb header_font=\u00bb||||||||\u00bb header_2_font=\u00bbLibre Baskerville||||||||\u00bb header_2_text_align=\u00bbleft\u00bb header_2_text_color=\u00bb#50445f\u00bb header_2_font_size=\u00bb42px\u00bb header_2_line_height=\u00bb1.3em\u00bb custom_margin=\u00bb||20px|\u00bb animation_style=\u00bbslide\u00bb animation_direction=\u00bbtop\u00bb animation_intensity_slide=\u00bb30%\u00bb animation_starting_opacity=\u00bb100%\u00bb header_2_text_align_tablet=\u00bbcenter\u00bb header_2_text_align_phone=\u00bb\u00bb header_2_text_align_last_edited=\u00bbon|phone\u00bb header_2_font_size_tablet=\u00bb\u00bb header_2_font_size_phone=\u00bb30px\u00bb header_2_font_size_last_edited=\u00bbon|desktop\u00bb]<\/p>\n<h2>Contatto<\/h2>\n<p>[\/et_pb_text][et_pb_blurb title=\u00bbDOVE SIAMO\u00bb use_icon=\u00bbon\u00bb font_icon=\u00bb%%249%%\u00bb icon_color=\u00bb#50445f\u00bb icon_placement=\u00bbleft\u00bb content_max_width=\u00bb1100px\u00bb _builder_version=\u00bb4.9.4&#8243; header_font=\u00bb|800||on|||||\u00bb header_text_color=\u00bb#50445f\u00bb header_font_size=\u00bb16px\u00bb header_letter_spacing=\u00bb0.5px\u00bb header_line_height=\u00bb1.7em\u00bb body_font=\u00bbRoboto||||||||\u00bb body_text_color=\u00bb#50445f\u00bb body_line_height=\u00bb2em\u00bb background_layout=\u00bbdark\u00bb body_font_size_tablet=\u00bb\u00bb body_font_size_phone=\u00bb14px\u00bb body_font_size_last_edited=\u00bbon|phone\u00bb locked=\u00bboff\u00bb]<\/p>\n<p>Carrer d&#8217;Isabel de Villena, 155.<br \/>\n46011 Val\u00e8ncia.<\/p>\n<p>[\/et_pb_blurb][et_pb_blurb title=\u00bbPRENOTAZIONI TELEFONICHE\u00bb use_icon=\u00bbon\u00bb font_icon=\u00bb%%264%%\u00bb icon_color=\u00bb#50445f\u00bb icon_placement=\u00bbleft\u00bb content_max_width=\u00bb1100px\u00bb _builder_version=\u00bb4.9.4&#8243; header_font=\u00bb|800||on|||||\u00bb header_text_color=\u00bb#50445f\u00bb header_font_size=\u00bb16px\u00bb header_letter_spacing=\u00bb0.5px\u00bb header_line_height=\u00bb1.7em\u00bb body_font=\u00bbRoboto||||||||\u00bb body_text_color=\u00bb#50445f\u00bb body_line_height=\u00bb2em\u00bb background_layout=\u00bbdark\u00bb body_font_size_tablet=\u00bb\u00bb body_font_size_phone=\u00bb14px\u00bb body_font_size_last_edited=\u00bbon|phone\u00bb locked=\u00bboff\u00bb]<\/p>\n<p><span>Qualsiasi prenotazione non confermata dal ristorante non sar\u00e0 valida<\/span>.<br \/><strong><a href=\"tel:963710073\">(+34) 963 710 073<\/a><\/strong><br \/><strong> <a href=\"tel:696017989\">(+34) 696 017 989<\/a><\/strong><\/p>\n<p>[\/et_pb_blurb][et_pb_blurb title=\u00bbPROGRAMMA\u00bb use_icon=\u00bbon\u00bb font_icon=\u00bb%%373%%\u00bb icon_color=\u00bb#50445f\u00bb icon_placement=\u00bbleft\u00bb content_max_width=\u00bb1100px\u00bb _builder_version=\u00bb4.9.4&#8243; header_font=\u00bb|800||on|||||\u00bb header_text_color=\u00bb#50445f\u00bb header_font_size=\u00bb16px\u00bb header_letter_spacing=\u00bb0.5px\u00bb header_line_height=\u00bb1.7em\u00bb body_font=\u00bbRoboto||||||||\u00bb body_text_color=\u00bb#50445f\u00bb body_line_height=\u00bb2em\u00bb background_layout=\u00bbdark\u00bb body_font_size_tablet=\u00bb\u00bb body_font_size_phone=\u00bb14px\u00bb body_font_size_last_edited=\u00bbon|phone\u00bb locked=\u00bboff\u00bb]Dal luned\u00ec alla domenica dalle 13:00 alle 16:00[\/et_pb_blurb][et_pb_social_media_follow _builder_version=\u00bb4.8.0&#8243; text_orientation=\u00bbleft\u00bb text_orientation_tablet=\u00bbcenter\u00bb text_orientation_phone=\u00bbcenter\u00bb text_orientation_last_edited=\u00bbon|tablet\u00bb][et_pb_social_media_follow_network social_network=\u00bbfacebook\u00bb url=\u00bbhttps:\/\/www.facebook.com\/casacarmela\u00bb use_icon_font_size=\u00bbon\u00bb _builder_version=\u00bb4.8.0&#8243; background_color=\u00bb#50445f\u00bb background_enable_color=\u00bbon\u00bb custom_padding=\u00bb10px|10px|10px|10px|true|true\u00bb border_radii=\u00bbon|50%|50%|50%|50%\u00bb background__hover_enabled=\u00bbon|hover\u00bb background_color__hover=\u00bb#a26244&#8243; background_enable_color__hover=\u00bbon\u00bb follow_button=\u00bboff\u00bb url_new_window=\u00bbon\u00bb]facebook[\/et_pb_social_media_follow_network][et_pb_social_media_follow_network social_network=\u00bbinstagram\u00bb url=\u00bbhttps:\/\/www.instagram.com\/casacarmelavalencia\/\u00bb use_icon_font_size=\u00bbon\u00bb _builder_version=\u00bb4.8.0&#8243; background_color=\u00bb#50445f\u00bb background_enable_color=\u00bbon\u00bb custom_padding=\u00bb10px|10px|10px|10px|true|true\u00bb border_radii=\u00bbon|50%|50%|50%|50%\u00bb background_color__hover=\u00bb#a26244&#8243; background_enable_color__hover=\u00bbon\u00bb background__hover_enabled=\u00bbon|hover\u00bb follow_button=\u00bboff\u00bb url_new_window=\u00bbon\u00bb]instagram[\/et_pb_social_media_follow_network][\/et_pb_social_media_follow][\/et_pb_column][et_pb_column type=\u00bb2_3&#8243; module_class=\u00bbds-vertical-align\u00bb _builder_version=\u00bb4.8.0&#8243; custom_padding=\u00bb|||\u00bb custom_padding__hover=\u00bb|||\u00bb][et_pb_code _builder_version=\u00bb4.8.0&#8243;]<iframe loading=\"lazy\" src=\"https:\/\/www.google.com\/maps\/embed?pb=!1m14!1m8!1m3!1d1539.7196547023354!2d-0.32566677909770086!3d39.48199373816932!3m2!1i1024!2i768!4f13.1!3m3!1m2!1s0x0%3A0xd7c9ac5e7d6dcef5!2sCasa%20Carmela!5e0!3m2!1ses!2ses!4v1610634977961!5m2!1ses!2ses\" width=\"100%\" height=\"450\" frameborder=\"0\" style=\"border:0;\" allowfullscreen=\"\" aria-hidden=\"false\" tabindex=\"0\"><\/iframe>[\/et_pb_code][\/et_pb_column][\/et_pb_row][\/et_pb_section][et_pb_section fb_built=\u00bb1&#8243; _builder_version=\u00bb4.0.6&#8243; background_color=\u00bb#ffffff\u00bb custom_margin=\u00bb||||false|false\u00bb custom_padding=\u00bb0%||0%||false|false\u00bb locked=\u00bboff\u00bb][et_pb_row _builder_version=\u00bb3.29.3&#8243; custom_padding=\u00bb||0px|||\u00bb][et_pb_column type=\u00bb4_4&#8243; _builder_version=\u00bb3.29.3&#8243;][et_pb_text admin_label=\u00bbTitle\u00bb _builder_version=\u00bb4.8.0&#8243; text_font=\u00bb||||||||\u00bb header_font=\u00bb||||||||\u00bb header_2_font=\u00bbLibre Baskerville||||||||\u00bb header_2_text_align=\u00bbcenter\u00bb header_2_text_color=\u00bb#50445f\u00bb header_2_font_size=\u00bb18px\u00bb header_2_line_height=\u00bb1.3em\u00bb custom_margin=\u00bb||||false|false\u00bb custom_margin_tablet=\u00bb||5%||false|false\u00bb custom_margin_phone=\u00bb||5%||false|false\u00bb custom_margin_last_edited=\u00bbon|phone\u00bb animation_style=\u00bbslide\u00bb animation_direction=\u00bbtop\u00bb animation_intensity_slide=\u00bb30%\u00bb animation_starting_opacity=\u00bb100%\u00bb]<\/p>\n<h2>Colaboradores:<\/h2>\n<p>[\/et_pb_text][\/et_pb_column][\/et_pb_row][et_pb_row _builder_version=\u00bb3.29.3&#8243; custom_padding=\u00bb0px||0px|||\u00bb][et_pb_column type=\u00bb4_4&#8243; _builder_version=\u00bb3.29.3&#8243;][et_pb_image src=\u00bbhttps:\/\/www.casa-carmela.com\/es\/wp-content\/uploads\/Logo_Heineken.png\u00bb title_text=\u00bbLogo_Heineken\u00bb align=\u00bbcenter\u00bb _builder_version=\u00bb4.4.2&#8243; width=\u00bb150px\u00bb width_tablet=\u00bb85%\u00bb width_phone=\u00bb75%\u00bb width_last_edited=\u00bboff|desktop\u00bb module_alignment=\u00bbcenter\u00bb custom_margin=\u00bb||||false|false\u00bb custom_margin_tablet=\u00bb\u00bb custom_margin_phone=\u00bb||10%||false|false\u00bb custom_margin_last_edited=\u00bbon|phone\u00bb][\/et_pb_image][\/et_pb_column][\/et_pb_row][\/et_pb_section]<\/p>\n","protected":false},"excerpt":{"rendered":"<p>Cuatro generaciones y una misma manera de entender la gastronom\u00eda tradicional valencianaPRIMERA GENERACI\u00d3N &#8211; Don Jos\u00e9 y Do\u00f1a Carmen\u00a0&#8211; Casa Carmela comenz\u00f3 siendo una barraca que serv\u00eda de cambiador a los ba\u00f1istas ocasionales de la playa de Val\u00e8ncia, all\u00e1 por los a\u00f1os veinte del siglo pasado. Mi bisabuelo, Jos\u00e9 Belenguer, recorr\u00eda todos los d\u00edas de [&hellip;]<\/p>\n","protected":false},"author":1,"featured_media":0,"parent":0,"menu_order":1,"comment_status":"closed","ping_status":"closed","template":"","meta":{"_et_pb_use_builder":"on","_et_pb_old_content":"[caption id=\"attachment_98\" align=\"alignleft\" width=\"568\"]<a href=\"https:\/\/www.casa-carmela.com\/es\/wp-content\/uploads\/playa-a-principios-de-siglo.jpg\"><img class=\"size-full wp-image-98 \" alt=\"playa a principios de siglo\" src=\"https:\/\/www.casa-carmela.com\/es\/wp-content\/uploads\/playa-a-principios-de-siglo.jpg\" width=\"568\" height=\"351\" \/><\/a> La playa de la Malvarrosa en los a\u00f1os 20[\/caption]\r\n<p style=\"text-align: justify;\"><strong>Casa Carmela<\/strong> comenz\u00f3 siendo una barraca que serv\u00eda de cambiador a los ba\u00f1istas ocasionales de la playa de la Malvarrosa, all\u00e1 por los <strong>a\u00f1os 20<\/strong>. Mi bisabuelo <strong>Jos\u00e9 Belenguer<\/strong> recorr\u00eda todos los d\u00edas de verano la huerta de Vera, donde viv\u00eda la familia, para llegar a la playa y dar servicio a los turistas madrile\u00f1os que se acercaban al Mediterr\u00e1neo.<\/p>\r\n<p style=\"text-align: justify;\">En <strong>1922<\/strong> registr\u00f3 la empresa y le puso el nombre de su esposa, mi bisabuela, <strong>Carmen<\/strong>.\r\nCon el tiempo, adem\u00e1s de cobijo a los ba\u00f1istas, en <strong>Casa Carmela<\/strong> tambi\u00e9n se daban comidas y acog\u00edan hu\u00e9spedes. El <strong>T\u00edo Toni<\/strong> y <strong>Lola la Rialla<\/strong>, mis abuelos, criaban sus propios animales de granja, en el corral posterior, y se tra\u00edan las verduras y las frutas de la huerta familiar, la de Vera. Con todo ello, y con los pescados que tra\u00edan las barcas, mi abuela hac\u00eda los guisos del d\u00eda para los paseantes ocasionales, y sobre todo, para su asidua clientela.<\/p>\r\n\r\n\r\n[caption id=\"attachment_90\" align=\"alignright\" width=\"257\"]<a href=\"https:\/\/www.casa-carmela.com\/es\/wp-content\/uploads\/Blasco_Iba\u00f1ez.jpg\"><img class=\" wp-image-90 \" title=\"Vicente Blasco Iba\u00f1ez\" alt=\"Blasco_Iba\u00f1ez\" src=\"https:\/\/www.casa-carmela.com\/es\/wp-content\/uploads\/Blasco_Iba\u00f1ez.jpg\" width=\"257\" height=\"350\" \/><\/a> Vicente Blasco Iba\u00f1ez[\/caption]\r\n<p style=\"text-align: justify;\">Entre los clientes fijos estaba el propietario de la imponente villa contigua a <strong>Casa Carmela<\/strong>, el escritor y pol\u00edtico valenciano <strong>Vicente Blasco Ib\u00e1\u00f1ez<\/strong>. Mi abuelo me ha relatado muchas veces la inquietud que se despertaba en la villa Blasco cuando el escritor volv\u00eda de sus viajes. Y \u00e9l lo sab\u00eda porque ayudaba a su padre a llevar las viandas cocinadas por mi bisabuela para el fest\u00edn familiar. El menor de los hijos, <strong>Sigfrido Blasco-Ib\u00e1\u00f1ez Blasco<\/strong>, jugaba como compa\u00f1ero de mi abuelo en el chamelo, en las interminables partidas que se montaban al caer la tarde.<\/p>\r\n\r\n\r\n[caption id=\"attachment_97\" align=\"alignleft\" width=\"184\"]<a href=\"https:\/\/www.casa-carmela.com\/es\/wp-content\/uploads\/imagen.jpg\"><img class=\" wp-image-97  \" alt=\"imagen\" src=\"https:\/\/www.casa-carmela.com\/es\/wp-content\/uploads\/imagen.jpg\" width=\"184\" height=\"250\" \/><\/a> Tranv\u00eda a la Malvarrosa de Manuel Vicent[\/caption]\r\n<p style=\"text-align: justify;\"><strong>Manuel Vicent<\/strong> en su <em><strong>\u201cTranv\u00eda a la Malvarrosa\u201d<\/strong><\/em> refleja as\u00ed el ambiente vespertino que se respiraba en <strong>casa carmela<\/strong> en los <strong>a\u00f1os 50 y 60<\/strong>:\r\n<em>\u201cPor la tarde nos fuimos paseando hasta el final de la playa. (\u2026) Pasando la l\u00ednea de los chalets al final de la playa estaba Casa Carmela junto a una villa pompeyana que era del escritor Blasco Ib\u00e1\u00f1ez. Bajo el ca\u00f1izo de Casa Carmela sirvi\u00e9ndose de una silla de enea como caballete Julieta comenz\u00f3 a pintar y juntos tomamos unos caracoles de mar y mejillones.\u201d<\/em><\/p>\r\n<p style=\"text-align: justify;\">Durante d\u00e9cadas, cuando llegaba la primavera y el buen tiempo y, sobre todo, a partir de la Semana Santa, los clientes se incrementaban exponencialmente y el local bull\u00eda por las noches hasta altas horas con la Fira de Juliol. Los mariscos, los arroces marineros, la caragol\u00e0 o guiso aromatizado de caracoles y los calamares corr\u00edan en las bandejas por la gran terraza. Las n\u00e9coras, las bocas, las canaillas y quisquillas compart\u00edan mantel con la paella de pollo y conejo, la ensalada de pimiento, mojama y bacalao y con el vino.<\/p>\r\n\r\n\r\n[caption id=\"attachment_107\" align=\"alignright\" width=\"486\"]<a href=\"https:\/\/www.casa-carmela.com\/es\/wp-content\/uploads\/Carmela-antigua1.jpg\"><img class=\" wp-image-107  \" alt=\"Carmela antigua\" src=\"https:\/\/www.casa-carmela.com\/es\/wp-content\/uploads\/Carmela-antigua1.jpg\" width=\"486\" height=\"318\" \/><\/a> Casa Carmela en los a\u00f1os 60[\/caption]\r\n<p style=\"text-align: justify;\">En los <strong>a\u00f1os setenta<\/strong>, justo cuando yo nac\u00ed, mis padres, <strong>Lola<\/strong> y <strong>Alfonso<\/strong>, y mis t\u00edos, <strong>Carmen<\/strong> y <strong>Jes\u00fas<\/strong>, tomaron definitivamente las riendas del negocio. En estos a\u00f1os se reform\u00f3 el establecimiento y se ampliaron las barras, el sal\u00f3n-comedor y tambi\u00e9n la cocina, donde definitivamente se construyeron los paelleros a le\u00f1a. As\u00ed gan\u00f3 fama como casa de comidas especializada en arroces, en paellas cocinadas al fuego de la le\u00f1a, con el \u201csocarrat\u201d ahumado y crujiente y la capa de arroz muy fina. Mi madre y mi t\u00eda dirig\u00edan los fogones y mi padre y mi t\u00edo gestionaban la empresa y atend\u00edan al p\u00fablico.<\/p>\r\n\r\n\r\n[caption id=\"attachment_111\" align=\"alignleft\" width=\"486\"]<a href=\"https:\/\/www.casa-carmela.com\/es\/wp-content\/uploads\/CARMELA1.jpg\"><img class=\" wp-image-111 \" alt=\"CARMELA\" src=\"https:\/\/www.casa-carmela.com\/es\/wp-content\/uploads\/CARMELA1.jpg\" width=\"486\" height=\"327\" \/><\/a> Casa Carmela en los a\u00f1os 70[\/caption]\r\n<p style=\"text-align: justify;\">Esta fue la gran reforma pero no la \u00faltima, que lleg\u00f3 en <strong>1989<\/strong>, cuando el local incorpor\u00f3 la terraza al sal\u00f3n, las paredes se recubrieron con cer\u00e1mica de Manises t\u00edpicamente valenciana y se modernizaron los paelleros y la cocina.<\/p>\r\n<p style=\"text-align: justify;\">En el a\u00f1o 2011 tom\u00e9 el relevo y me propuse continuar con la tradici\u00f3n culinaria valenciana, heredada de mi bisabuela. Quiero llevarles a la mesa lo mejor del mar y de la huerta, los arroces y los dulces que yo mismo elaboro, y todo con una atenci\u00f3n, conf\u00edo, familiar.<\/p>\r\n<p style=\"text-align: justify;\"><\/p>\r\n<p style=\"text-align: justify;\"><\/p>\r\n<p style=\"text-align: justify;\"><\/p>\r\n<p style=\"text-align: justify;\"><\/p>\r\n<p style=\"text-align: justify;\"><\/p>\r\n\r\n[caption id=\"attachment_99\" align=\"aligncenter\" width=\"720\"]<a href=\"https:\/\/www.casa-carmela.com\/es\/wp-content\/uploads\/248800_191564240895816_144429_n1.jpg\"><img class=\"size-full wp-image-99 \" alt=\"248800_191564240895816_144429_n[1]\" src=\"https:\/\/www.casa-carmela.com\/es\/wp-content\/uploads\/248800_191564240895816_144429_n1.jpg\" width=\"720\" height=\"478\" \/><\/a> Mi hijo y yo[\/caption]\r\n<p style=\"text-align: justify;\">La decisi\u00f3n de tomar el relevo <strong>Casa Carmela<\/strong> es una de las mayores responsabilidades que he asumido en mi vida. Y no s\u00f3lo por lo que supone gestionar un barco de casi 100 a\u00f1os de historia, con una capacidad para doscientos<strong>\u00a0<\/strong>comensales y capacidad para elaborar m\u00e1s de 40 paellas a le\u00f1a al d\u00eda, adem\u00e1s de dirigir un equipo de 20 personas; sino porque cuatro generaciones de mi propia familia me observan desde el pasado y me alientan hoy en d\u00eda.\r\n<strong>Toni Novo<\/strong><\/p>","_et_gb_content_width":""},"_links":{"self":[{"href":"https:\/\/www.casa-carmela.com\/es\/wp-json\/wp\/v2\/pages\/2143"}],"collection":[{"href":"https:\/\/www.casa-carmela.com\/es\/wp-json\/wp\/v2\/pages"}],"about":[{"href":"https:\/\/www.casa-carmela.com\/es\/wp-json\/wp\/v2\/types\/page"}],"author":[{"embeddable":true,"href":"https:\/\/www.casa-carmela.com\/es\/wp-json\/wp\/v2\/users\/1"}],"replies":[{"embeddable":true,"href":"https:\/\/www.casa-carmela.com\/es\/wp-json\/wp\/v2\/comments?post=2143"}],"version-history":[{"count":4,"href":"https:\/\/www.casa-carmela.com\/es\/wp-json\/wp\/v2\/pages\/2143\/revisions"}],"predecessor-version":[{"id":2211,"href":"https:\/\/www.casa-carmela.com\/es\/wp-json\/wp\/v2\/pages\/2143\/revisions\/2211"}],"wp:attachment":[{"href":"https:\/\/www.casa-carmela.com\/es\/wp-json\/wp\/v2\/media?parent=2143"}],"curies":[{"name":"wp","href":"https:\/\/api.w.org\/{rel}","templated":true}]}}