{"id":2135,"date":"2021-05-17T12:33:44","date_gmt":"2021-05-17T10:33:44","guid":{"rendered":"https:\/\/www.casa-carmela.com\/es\/?page_id=2135"},"modified":"2026-03-25T09:32:53","modified_gmt":"2026-03-25T08:32:53","slug":"inizio","status":"publish","type":"page","link":"https:\/\/www.casa-carmela.com\/es\/it\/inizio\/","title":{"rendered":"Inizio"},"content":{"rendered":"<p>[et_pb_section fb_built=\u00bb1&#8243; fullwidth=\u00bbon\u00bb _builder_version=\u00bb4.8.2&#8243; custom_margin=\u00bb||||false|false\u00bb da_disable_devices=\u00bboff|off|off\u00bb global_colors_info=\u00bb{}\u00bb da_is_popup=\u00bboff\u00bb da_exit_intent=\u00bboff\u00bb da_has_close=\u00bbon\u00bb da_alt_close=\u00bboff\u00bb da_dark_close=\u00bboff\u00bb da_not_modal=\u00bbon\u00bb da_is_singular=\u00bboff\u00bb da_with_loader=\u00bboff\u00bb da_has_shadow=\u00bbon\u00bb][et_pb_fullwidth_slider _builder_version=\u00bb4.14.7&#8243; hover_enabled=\u00bb0&#8243; global_colors_info=\u00bb{}\u00bb sticky_enabled=\u00bb0&#8243;][et_pb_slide heading=\u00bbCasa Carmela\u00bb button_text=\u00bbGuarda il nostro calendari\u00bb button_link=\u00bbhttps:\/\/www.casa-carmela.com\/es\/wp-content\/uploads\/Calendario-ITA.pdf\u00bb url_new_window=\u00bbon\u00bb use_bg_overlay=\u00bbon\u00bb _builder_version=\u00bb4.14.7&#8243; header_level=\u00bbh2&#8243; header_font=\u00bbPlayfair Display||||||||\u00bb header_font_size=\u00bb6vw\u00bb body_font=\u00bbMontserrat||||||||\u00bb body_font_size=\u00bb25px\u00bb body_line_height=\u00bb1.2em\u00bb background_image=\u00bbhttps:\/\/www.casa-carmela.com\/es\/wp-content\/uploads\/Casa_Carmela_Full_Carta_Barra.jpg\u00bb background_enable_image=\u00bbon\u00bb custom_button=\u00bbon\u00bb button_border_radius=\u00bb0px\u00bb button_font=\u00bbMontserrat|300||on|||||\u00bb text_orientation=\u00bbleft\u00bb link_option_url=\u00bbhttps:\/\/www.casa-carmela.com\/es\/wp-content\/uploads\/Calendario-ITA.pdf\u00bb link_option_url_new_window=\u00bbon\u00bb hover_enabled=\u00bb0&#8243; header_font_size_tablet=\u00bb8vw\u00bb header_font_size_phone=\u00bb11vw\u00bb header_font_size_last_edited=\u00bbon|tablet\u00bb body_font_size_tablet=\u00bb20px\u00bb body_font_size_phone=\u00bb18px\u00bb body_font_size_last_edited=\u00bbon|tablet\u00bb button_text_size_tablet=\u00bb16px\u00bb button_text_size_phone=\u00bb\u00bb button_text_size_last_edited=\u00bbon|phone\u00bb global_colors_info=\u00bb{}\u00bb sticky_transition=\u00bbon\u00bb sticky_enabled=\u00bb0&#8243;]<\/p>\n<p><span>Paella cucinata in modo tradizionale e con il fuoco di legna.<\/span><\/p>\n<p>[\/et_pb_slide][et_pb_slide heading=\u00bbDal 1922 \u00bb button_text=\u00bbStoria\u00bb button_link=\u00bbhttps:\/\/www.casa-carmela.com\/es\/historia\/\u00bb use_bg_overlay=\u00bbon\u00bb _builder_version=\u00bb4.14.7&#8243; header_level=\u00bbh2&#8243; header_font=\u00bbPlayfair Display||||||||\u00bb header_font_size=\u00bb6vw\u00bb body_font=\u00bbMontserrat||||||||\u00bb body_font_size=\u00bb25px\u00bb body_line_height=\u00bb1.2em\u00bb background_image=\u00bbhttps:\/\/www.casa-carmela.com\/es\/wp-content\/uploads\/Casa_Carmela_Full_Desde1922.jpg\u00bb background_enable_image=\u00bbon\u00bb custom_button=\u00bbon\u00bb button_border_radius=\u00bb0px\u00bb button_font=\u00bbMontserrat|300||on|||||\u00bb text_orientation=\u00bbleft\u00bb link_option_url=\u00bbhttps:\/\/www.casa-carmela.com\/es\/historia\/\u00bb header_font_size_tablet=\u00bb8vw\u00bb header_font_size_phone=\u00bb11vw\u00bb header_font_size_last_edited=\u00bbon|tablet\u00bb body_font_size_tablet=\u00bb20px\u00bb body_font_size_phone=\u00bb18px\u00bb body_font_size_last_edited=\u00bbon|tablet\u00bb button_text_size_tablet=\u00bb16px\u00bb button_text_size_phone=\u00bb\u00bb button_text_size_last_edited=\u00bbon|phone\u00bb global_colors_info=\u00bb{}\u00bb sticky_transition=\u00bbon\u00bb]<\/p>\n<p><span>Quattro generazioni e un&#8217;unica visione della gastronomia basata sull&#8217;eccellenza.<\/span><\/p>\n<p>[\/et_pb_slide][et_pb_slide heading=\u00bbLa nostra barra\u00bb button_text=\u00bbMenu al balcone\u00bb button_link=\u00bbhttps:\/\/www.casa-carmela.com\/es\/carta-barra\/\u00bb use_bg_overlay=\u00bbon\u00bb _builder_version=\u00bb4.14.7&#8243; header_level=\u00bbh2&#8243; header_font=\u00bbPlayfair Display||||||||\u00bb header_font_size=\u00bb6vw\u00bb body_font=\u00bbMontserrat||||||||\u00bb body_font_size=\u00bb25px\u00bb body_line_height=\u00bb1.2em\u00bb background_image=\u00bbhttps:\/\/www.casa-carmela.com\/es\/wp-content\/uploads\/Casa_Carmela_Full_Barra.jpg\u00bb background_enable_image=\u00bbon\u00bb custom_button=\u00bbon\u00bb button_border_radius=\u00bb0px\u00bb button_font=\u00bbMontserrat|300||on|||||\u00bb text_orientation=\u00bbleft\u00bb link_option_url=\u00bbhttps:\/\/www.casa-carmela.com\/es\/carta-barra\/\u00bb header_font_size_tablet=\u00bb8vw\u00bb header_font_size_phone=\u00bb11vw\u00bb header_font_size_last_edited=\u00bbon|tablet\u00bb body_font_size_tablet=\u00bb20px\u00bb body_font_size_phone=\u00bb18px\u00bb body_font_size_last_edited=\u00bbon|tablet\u00bb button_text_size_tablet=\u00bb16px\u00bb button_text_size_phone=\u00bb\u00bb button_text_size_last_edited=\u00bbon|phone\u00bb global_colors_info=\u00bb{}\u00bb sticky_transition=\u00bbon\u00bb]<\/p>\n<p><span>Scopri il nostro servizio al bancone e goditi il miglior prodotto locale in un formato diverso.<\/span><\/p>\n<p>[\/et_pb_slide][\/et_pb_fullwidth_slider][\/et_pb_section][et_pb_section fb_built=\u00bb1&#8243; custom_padding_last_edited=\u00bbon|tablet\u00bb disabled_on=\u00bbon|on|on\u00bb admin_label=\u00bbPromo Banner\u00bb _builder_version=\u00bb4.8.2&#8243; background_color=\u00bb#50445f\u00bb custom_margin=\u00bb||||true|false\u00bb custom_padding=\u00bb0px|0px|0px|0px|true|false\u00bb custom_padding_tablet=\u00bb\u00bb custom_padding_phone=\u00bb30px||30px||true|false\u00bb da_disable_devices=\u00bboff|off|off\u00bb disabled=\u00bbon\u00bb locked=\u00bboff\u00bb global_colors_info=\u00bb{}\u00bb da_is_popup=\u00bboff\u00bb da_exit_intent=\u00bboff\u00bb da_has_close=\u00bbon\u00bb da_alt_close=\u00bboff\u00bb da_dark_close=\u00bboff\u00bb da_not_modal=\u00bbon\u00bb da_is_singular=\u00bboff\u00bb da_with_loader=\u00bboff\u00bb da_has_shadow=\u00bbon\u00bb][et_pb_row _builder_version=\u00bb4.14.7&#8243; _module_preset=\u00bbdefault\u00bb global_colors_info=\u00bb{}\u00bb][et_pb_column type=\u00bb4_4&#8243; _builder_version=\u00bb4.14.7&#8243; _module_preset=\u00bbdefault\u00bb global_colors_info=\u00bb{}\u00bb][et_pb_text _builder_version=\u00bb4.14.7&#8243; _module_preset=\u00bbdefault\u00bb text_text_color=\u00bb#FFFFFF\u00bb text_orientation=\u00bbcenter\u00bb module_alignment=\u00bbcenter\u00bb global_colors_info=\u00bb{}\u00bb]<\/p>\n<h1><span style=\"color: #ffffff;\">Pensi di venire a Casa Carmela?<\/span><\/h1>\n<p>Guarda il nostro calendario anual d\u00ec chiusura.[\/et_pb_text][et_pb_button button_url=\u00bbhttps:\/\/www.casa-carmela.com\/es\/wp-content\/uploads\/it_Calendario-anual-cierresCarmela.pdf\u00bb url_new_window=\u00bbon\u00bb button_text=\u00bbGUARDA QUI\u00bb button_alignment=\u00bbcenter\u00bb _builder_version=\u00bb4.14.7&#8243; _module_preset=\u00bbdefault\u00bb background_layout=\u00bbdark\u00bb global_colors_info=\u00bb{}\u00bb][\/et_pb_button][\/et_pb_column][\/et_pb_row][\/et_pb_section][et_pb_section fb_built=\u00bb1&#8243; custom_padding_last_edited=\u00bbon|tablet\u00bb admin_label=\u00bbOur Specialties Section\u00bb module_id=\u00bbfilosofia\u00bb _builder_version=\u00bb3.29.3&#8243; custom_padding=\u00bb110px||110px|\u00bb custom_padding_tablet=\u00bb70px||70px||true|false\u00bb custom_padding_phone=\u00bb50px||50px||true|false\u00bb da_disable_devices=\u00bboff|off|off\u00bb global_colors_info=\u00bb{}\u00bb da_is_popup=\u00bboff\u00bb da_exit_intent=\u00bboff\u00bb da_has_close=\u00bbon\u00bb da_alt_close=\u00bboff\u00bb da_dark_close=\u00bboff\u00bb da_not_modal=\u00bbon\u00bb da_is_singular=\u00bboff\u00bb da_with_loader=\u00bboff\u00bb da_has_shadow=\u00bbon\u00bb][et_pb_row admin_label=\u00bbTitle Area\u00bb _builder_version=\u00bb3.25&#8243; global_colors_info=\u00bb{}\u00bb][et_pb_column type=\u00bb4_4&#8243; _builder_version=\u00bb3.25&#8243; custom_padding=\u00bb|||\u00bb global_colors_info=\u00bb{}\u00bb custom_padding__hover=\u00bb|||\u00bb][et_pb_text admin_label=\u00bbTitle\u00bb _builder_version=\u00bb4.14.7&#8243; text_font=\u00bb||||||||\u00bb header_font=\u00bb||||||||\u00bb header_2_font=\u00bbLibre Baskerville||||||||\u00bb header_2_text_align=\u00bbcenter\u00bb header_2_text_color=\u00bb#a26244&#8243; header_2_font_size=\u00bb42px\u00bb header_2_line_height=\u00bb1.3em\u00bb custom_margin=\u00bb||20px|\u00bb custom_padding=\u00bb||0px|||\u00bb animation_style=\u00bbslide\u00bb animation_direction=\u00bbtop\u00bb animation_intensity_slide=\u00bb30%\u00bb animation_starting_opacity=\u00bb100%\u00bb header_2_text_align_tablet=\u00bbleft\u00bb header_2_text_align_phone=\u00bb\u00bb header_2_text_align_last_edited=\u00bbon|tablet\u00bb header_2_font_size_tablet=\u00bb\u00bb header_2_font_size_phone=\u00bb30px\u00bb header_2_font_size_last_edited=\u00bbon|phone\u00bb global_colors_info=\u00bb{}\u00bb]<\/p>\n<h2><span>La nostra filosofia<\/span><\/h2>\n<p>[\/et_pb_text][et_pb_divider divider_weight=\u00bb3px\u00bb _builder_version=\u00bb4.8.2&#8243; max_width=\u00bb50px\u00bb module_alignment=\u00bbcenter\u00bb custom_margin=\u00bb||10px|\u00bb animation_style=\u00bbslide\u00bb animation_direction=\u00bbtop\u00bb animation_intensity_slide=\u00bb30%\u00bb animation_starting_opacity=\u00bb100%\u00bb module_alignment_tablet=\u00bbleft\u00bb module_alignment_phone=\u00bb\u00bb module_alignment_last_edited=\u00bbon|tablet\u00bb global_colors_info=\u00bb{}\u00bb][\/et_pb_divider][et_pb_text admin_label=\u00bbSubtitle\u00bb _builder_version=\u00bb4.14.7&#8243; text_font=\u00bbRoboto||||||||\u00bb text_line_height=\u00bb1.6em\u00bb text_orientation=\u00bbcenter\u00bb max_width=\u00bb700px\u00bb module_alignment=\u00bbcenter\u00bb animation_style=\u00bbslide\u00bb animation_direction=\u00bbtop\u00bb animation_intensity_slide=\u00bb20%\u00bb animation_starting_opacity=\u00bb100%\u00bb text_orientation_tablet=\u00bbleft\u00bb text_orientation_phone=\u00bb\u00bb text_orientation_last_edited=\u00bbon|tablet\u00bb global_colors_info=\u00bb{}\u00bb]<\/p>\n<p>La cultura mediterranea non si comprende se non \u00e8 vicina al mare e intorno a una tavola. Se a quella tavola si condivide, inoltre, una paella (sempre al centro e con un cucchiaio di legno), stiamo partecipando a una delle cerimonie che pi\u00f9 ci uniscono e meglio ci definiscono. A Casa Carmela, da quasi cento anni, rendiamo possibile questa liturgia in cui il fuoco svolge un ruolo essenziale e in cui la tradizione, la qualit\u00e0 e la vicinanza della materia prima fanno il resto.<\/p>\n<p>[\/et_pb_text][\/et_pb_column][\/et_pb_row][et_pb_row column_structure=\u00bb1_3,1_3,1_3&#8243; admin_label=\u00bbOur Specialties\u00bb _builder_version=\u00bb3.25&#8243; custom_margin=\u00bb40px||10px|\u00bb custom_padding=\u00bb|||\u00bb animation_style=\u00bbflip\u00bb animation_starting_opacity=\u00bb100%\u00bb global_colors_info=\u00bb{}\u00bb][et_pb_column type=\u00bb1_3&#8243; _builder_version=\u00bb3.25&#8243; custom_padding=\u00bb|||\u00bb global_colors_info=\u00bb{}\u00bb custom_padding__hover=\u00bb|||\u00bb][et_pb_image src=\u00bbhttps:\/\/www.casa-carmela.com\/es\/wp-content\/uploads\/Casa_Carmela_01.jpg\u00bb title_text=\u00bbCasa_Carmela_01&#8243; force_fullwidth=\u00bbon\u00bb align_tablet=\u00bbcenter\u00bb align_phone=\u00bb\u00bb align_last_edited=\u00bbon|desktop\u00bb _builder_version=\u00bb4.4.2&#8243; animation_style=\u00bbzoom\u00bb animation_direction=\u00bbtop\u00bb animation_intensity_zoom=\u00bb10%\u00bb animation_starting_opacity=\u00bb100%\u00bb global_colors_info=\u00bb{}\u00bb][\/et_pb_image][et_pb_text _builder_version=\u00bb4.14.7&#8243; text_font=\u00bbRoboto|300|||||||\u00bb text_line_height=\u00bb1.6em\u00bb header_font=\u00bb||||||||\u00bb header_text_align=\u00bbcenter\u00bb header_3_font=\u00bbLibre Baskerville|600|||||||\u00bb header_3_text_align=\u00bbcenter\u00bb header_3_text_color=\u00bb#a26244&#8243; header_3_font_size=\u00bb26px\u00bb header_3_line_height=\u00bb1.5em\u00bb text_orientation=\u00bbcenter\u00bb custom_margin=\u00bb40px||10px|\u00bb custom_padding=\u00bb|||\u00bb animation_style=\u00bbflip\u00bb animation_starting_opacity=\u00bb100%\u00bb header_3_text_align_tablet=\u00bbleft\u00bb header_3_text_align_phone=\u00bb\u00bb header_3_text_align_last_edited=\u00bbon|tablet\u00bb text_orientation_tablet=\u00bbleft\u00bb text_orientation_phone=\u00bb\u00bb text_orientation_last_edited=\u00bbon|tablet\u00bb global_colors_info=\u00bb{}\u00bb]<\/p>\n<h3><span>Ristorante con una storia propria<\/span><\/h3>\n<p><span>La storia di <strong>Casa Carmela<\/strong> \u00e8 la storia di una famiglia che per <strong>quattro generazioni<\/strong> ha lavorato per trasformare questo ristorante, che inizi\u00f2 come una modesta baracca, in un punto di riferimento in tutto il territorio spagnolo. <strong>L&#8217;eredit\u00e0 di Don Jos\u00e9 e Do\u00f1a Carmen<\/strong>, su cui si bas\u00f2 <strong>Casa Carmela<\/strong> nel <strong>1922<\/strong>, continua oggi a vivere in ogni piatto e in ogni sapore.<\/span><\/p>\n<p>[\/et_pb_text][\/et_pb_column][et_pb_column type=\u00bb1_3&#8243; _builder_version=\u00bb3.25&#8243; custom_padding=\u00bb|||\u00bb global_colors_info=\u00bb{}\u00bb custom_padding__hover=\u00bb|||\u00bb][et_pb_image src=\u00bbhttps:\/\/www.casa-carmela.com\/es\/wp-content\/uploads\/Casa_Carmela_02.jpg\u00bb title_text=\u00bbCasa_Carmela_02&#8243; force_fullwidth=\u00bbon\u00bb align_tablet=\u00bbcenter\u00bb align_phone=\u00bb\u00bb align_last_edited=\u00bbon|desktop\u00bb _builder_version=\u00bb4.4.2&#8243; animation_style=\u00bbzoom\u00bb animation_direction=\u00bbtop\u00bb animation_intensity_zoom=\u00bb10%\u00bb animation_starting_opacity=\u00bb100%\u00bb global_colors_info=\u00bb{}\u00bb][\/et_pb_image][et_pb_text _builder_version=\u00bb4.14.7&#8243; text_font=\u00bbRoboto|300|||||||\u00bb text_line_height=\u00bb1.6em\u00bb header_font=\u00bb||||||||\u00bb header_text_align=\u00bbcenter\u00bb header_3_font=\u00bbLibre Baskerville|600|||||||\u00bb header_3_text_align=\u00bbcenter\u00bb header_3_text_color=\u00bb#a26244&#8243; header_3_font_size=\u00bb26px\u00bb header_3_line_height=\u00bb1.5em\u00bb text_orientation=\u00bbcenter\u00bb custom_margin=\u00bb40px||10px|\u00bb custom_padding=\u00bb|||\u00bb animation_style=\u00bbflip\u00bb animation_starting_opacity=\u00bb100%\u00bb header_3_text_align_tablet=\u00bbleft\u00bb header_3_text_align_phone=\u00bb\u00bb header_3_text_align_last_edited=\u00bbon|tablet\u00bb text_orientation_tablet=\u00bbleft\u00bb text_orientation_phone=\u00bb\u00bb text_orientation_last_edited=\u00bbon|tablet\u00bb global_colors_info=\u00bb{}\u00bb]<\/p>\n<h3><span>La Paella di Casa Carmela<\/span><\/h3>\n<p><span>A <strong>Casa Carmela<\/strong> continuiamo a preparare la paella valenciana seguendo i ritmi che ci ha insegnato l&#8217;antenata Carmen. <strong>Sempre con legna d&#8217;arancio e solo con ingredienti locali,<\/strong> per ottenere quel sottile strato di riso e quel sapore affumicato del fuoco che hanno reso questo piatto un&#8217;icona della gastronomia valenciana.<\/span><\/p>\n<p>[\/et_pb_text][\/et_pb_column][et_pb_column type=\u00bb1_3&#8243; _builder_version=\u00bb3.25&#8243; custom_padding=\u00bb|||\u00bb global_colors_info=\u00bb{}\u00bb custom_padding__hover=\u00bb|||\u00bb][et_pb_image src=\u00bbhttps:\/\/www.casa-carmela.com\/es\/wp-content\/uploads\/Casa_Carmela_Carta_Restaurante_03.jpg\u00bb title_text=\u00bbCasa_Carmela_Carta_Restaurante_03&#8243; force_fullwidth=\u00bbon\u00bb align_tablet=\u00bbcenter\u00bb align_phone=\u00bb\u00bb align_last_edited=\u00bbon|desktop\u00bb _builder_version=\u00bb4.4.2&#8243; animation_style=\u00bbzoom\u00bb animation_direction=\u00bbtop\u00bb animation_intensity_zoom=\u00bb10%\u00bb animation_starting_opacity=\u00bb100%\u00bb global_colors_info=\u00bb{}\u00bb][\/et_pb_image][et_pb_text _builder_version=\u00bb4.14.7&#8243; text_font=\u00bbRoboto|300|||||||\u00bb text_line_height=\u00bb1.6em\u00bb header_font=\u00bb||||||||\u00bb header_text_align=\u00bbcenter\u00bb header_3_font=\u00bbLibre Baskerville|600|||||||\u00bb header_3_text_align=\u00bbcenter\u00bb header_3_text_color=\u00bb#a26244&#8243; header_3_font_size=\u00bb26px\u00bb header_3_line_height=\u00bb1.5em\u00bb text_orientation=\u00bbcenter\u00bb custom_margin=\u00bb40px||10px|\u00bb custom_padding=\u00bb|||\u00bb animation_style=\u00bbflip\u00bb animation_starting_opacity=\u00bb100%\u00bb header_3_text_align_tablet=\u00bbleft\u00bb header_3_text_align_phone=\u00bb\u00bb header_3_text_align_last_edited=\u00bbon|tablet\u00bb text_orientation_tablet=\u00bbleft\u00bb text_orientation_phone=\u00bb\u00bb text_orientation_last_edited=\u00bbon|tablet\u00bb global_colors_info=\u00bb{}\u00bb]<\/p>\n<h3>Prodotti freschi<\/h3>\n<p>Il nostro menu \u00e8 influenzato dai prodotti che il mare e l&#8217;orto ci offrono ogni giorno. A <strong>Casa Carmela<\/strong> lavoriamo solo con pesce e <strong>frutti di mare freschi<\/strong> che ci vengono portati <strong>direttamente dalla pescheria:<\/strong> gamberi di D\u00e9nia, aragosta di spiaggia, vongole di carril, cozze valenciane, telline di spiaggia&#8230; Il pollo, il coniglio e l&#8217;anatra che utilizziamo ci vengono ancora forniti dal nostro <strong>fornitore di sempre, dal suo pollaio all&#8217;Orto di Vera,<\/strong> e sia il garrof\u00f3 che la ferradura (fagiolo bianco e fagiolo verde) che utilizziamo nelle nostre paellas sono variet\u00e0 <strong>autoctone<\/strong>.<\/p>\n<p>[\/et_pb_text][\/et_pb_column][\/et_pb_row][\/et_pb_section][et_pb_section fb_built=\u00bb1&#8243; admin_label=\u00bbSpecial Offer Section\u00bb module_id=\u00bbgalardones\u00bb _builder_version=\u00bb4.4.2&#8243; background_color=\u00bb#e7efef\u00bb use_background_color_gradient=\u00bbon\u00bb background_color_gradient_start=\u00bbrgba(235,235,235,0)\u00bb background_color_gradient_end=\u00bbrgba(255,255,255,0.66)\u00bb background_color_gradient_direction=\u00bb90deg\u00bb background_color_gradient_start_position=\u00bb42%\u00bb background_color_gradient_end_position=\u00bb72%\u00bb background_color_gradient_overlays_image=\u00bbon\u00bb background_image=\u00bbhttps:\/\/www.casa-carmela.com\/es\/wp-content\/uploads\/Casa_Carmela_Full_Playa.jpg\u00bb background_position=\u00bbbottom_right\u00bb custom_padding=\u00bb12.4%|0px|10%|0px||\u00bb da_disable_devices=\u00bboff|off|off\u00bb global_colors_info=\u00bb{}\u00bb da_is_popup=\u00bboff\u00bb da_exit_intent=\u00bboff\u00bb da_has_close=\u00bbon\u00bb da_alt_close=\u00bboff\u00bb da_dark_close=\u00bboff\u00bb da_not_modal=\u00bbon\u00bb da_is_singular=\u00bboff\u00bb da_with_loader=\u00bboff\u00bb da_has_shadow=\u00bbon\u00bb][et_pb_row column_structure=\u00bb3_5,2_5&#8243; admin_label=\u00bbRow\u00bb _builder_version=\u00bb4.8.0&#8243; max_width=\u00bb80%\u00bb module_alignment=\u00bbcenter\u00bb global_colors_info=\u00bb{}\u00bb][et_pb_column type=\u00bb3_5&#8243; _builder_version=\u00bb3.25&#8243; custom_padding=\u00bb|||\u00bb global_colors_info=\u00bb{}\u00bb custom_padding__hover=\u00bb|||\u00bb][\/et_pb_column][et_pb_column type=\u00bb2_5&#8243; _builder_version=\u00bb3.25&#8243; custom_padding=\u00bb|||\u00bb global_colors_info=\u00bb{}\u00bb custom_padding__hover=\u00bb|||\u00bb][et_pb_text _builder_version=\u00bb4.14.7&#8243; text_font=\u00bbRoboto||||||||\u00bb header_2_font=\u00bbLibre Baskerville|700|||||||\u00bb header_2_text_color=\u00bb#191919&#8243; header_2_font_size=\u00bb60px\u00bb header_2_line_height=\u00bb1.5em\u00bb custom_margin=\u00bb||0px||false|false\u00bb custom_margin_tablet=\u00bb\u00bb custom_margin_phone=\u00bb\u00bb custom_margin_last_edited=\u00bbon|phone\u00bb header_2_font_size_tablet=\u00bb\u00bb header_2_font_size_phone=\u00bb40px\u00bb header_2_font_size_last_edited=\u00bbon|phone\u00bb global_colors_info=\u00bb{}\u00bb]<\/p>\n<h2>Di fronte a La Malvarrosa<\/h2>\n<p>Casa Carmela si trova sulla spiaggia della Malvarrosa.<\/p>\n<p>Il Mar Mediterraneo, con la sua luce e i suoi colori, i suoi aromi e suoni, \u00e8 il nostro sfondo. Un privilegio per i sensi.[\/et_pb_text][\/et_pb_column][\/et_pb_row][\/et_pb_section][et_pb_section fb_built=\u00bb1&#8243; admin_label=\u00bbFeature Section\u00bb module_id=\u00bbcocina\u00bb _builder_version=\u00bb4.8.0&#8243; background_color=\u00bb#50445f\u00bb background_enable_image=\u00bboff\u00bb background_size=\u00bbcontain\u00bb background_position=\u00bbbottom_center\u00bb custom_padding=\u00bb110px|0px|110px|0px|true|\u00bb da_disable_devices=\u00bboff|off|off\u00bb global_colors_info=\u00bb{}\u00bb da_is_popup=\u00bboff\u00bb da_exit_intent=\u00bboff\u00bb da_has_close=\u00bbon\u00bb da_alt_close=\u00bboff\u00bb da_dark_close=\u00bboff\u00bb da_not_modal=\u00bbon\u00bb da_is_singular=\u00bboff\u00bb da_with_loader=\u00bboff\u00bb da_has_shadow=\u00bbon\u00bb][et_pb_row admin_label=\u00bbTitle Area\u00bb _builder_version=\u00bb3.29.3&#8243; custom_margin=\u00bb||||false|false\u00bb custom_padding=\u00bb|||\u00bb locked=\u00bboff\u00bb global_colors_info=\u00bb{}\u00bb][et_pb_column type=\u00bb4_4&#8243; _builder_version=\u00bb3.25&#8243; custom_padding=\u00bb|||\u00bb global_colors_info=\u00bb{}\u00bb custom_padding__hover=\u00bb|||\u00bb][et_pb_text admin_label=\u00bbTitle\u00bb _builder_version=\u00bb4.14.7&#8243; text_font=\u00bb||||||||\u00bb header_font=\u00bb||||||||\u00bb header_2_font=\u00bbLibre Baskerville||||||||\u00bb header_2_text_align=\u00bbcenter\u00bb header_2_text_color=\u00bb#FFFFFF\u00bb header_2_font_size=\u00bb42px\u00bb header_2_line_height=\u00bb1.3em\u00bb custom_margin=\u00bb||20px|\u00bb animation_style=\u00bbslide\u00bb animation_direction=\u00bbtop\u00bb animation_intensity_slide=\u00bb30%\u00bb animation_starting_opacity=\u00bb100%\u00bb header_2_text_align_tablet=\u00bbleft\u00bb header_2_text_align_phone=\u00bb\u00bb header_2_text_align_last_edited=\u00bbon|tablet\u00bb header_2_font_size_tablet=\u00bb\u00bb header_2_font_size_phone=\u00bb30px\u00bb header_2_font_size_last_edited=\u00bbon|phone\u00bb global_colors_info=\u00bb{}\u00bb]<\/p>\n<h2>Cucina tradizionale valenciana<\/h2>\n<p>[\/et_pb_text][et_pb_divider color=\u00bb#FFFFFF\u00bb divider_weight=\u00bb3px\u00bb _builder_version=\u00bb4.8.2&#8243; max_width=\u00bb50px\u00bb module_alignment=\u00bbcenter\u00bb custom_margin=\u00bb||10px|\u00bb animation_style=\u00bbslide\u00bb animation_direction=\u00bbtop\u00bb animation_intensity_slide=\u00bb30%\u00bb animation_starting_opacity=\u00bb100%\u00bb module_alignment_tablet=\u00bbleft\u00bb module_alignment_phone=\u00bb\u00bb module_alignment_last_edited=\u00bbon|tablet\u00bb global_colors_info=\u00bb{}\u00bb][\/et_pb_divider][et_pb_text admin_label=\u00bbSubtitle\u00bb _builder_version=\u00bb4.14.7&#8243; text_font=\u00bbRoboto||||||||\u00bb text_text_color=\u00bb#FFFFFF\u00bb text_line_height=\u00bb1.8em\u00bb text_orientation=\u00bbcenter\u00bb module_alignment=\u00bbcenter\u00bb animation_style=\u00bbslide\u00bb animation_direction=\u00bbtop\u00bb animation_intensity_slide=\u00bb20%\u00bb animation_starting_opacity=\u00bb100%\u00bb text_orientation_tablet=\u00bbleft\u00bb text_orientation_phone=\u00bb\u00bb text_orientation_last_edited=\u00bbon|tablet\u00bb global_colors_info=\u00bb{}\u00bb]<\/p>\n<p>Le paellas a legna sono la nostra specialit\u00e0. Nel nostro menu, il cliente pu\u00f2 scegliere tra venti tipi di riso diversi. Il riso del \u00abSenyoret\u00bb, la paella con l&#8217;aragosta o quella con l&#8217;aragosta di spiaggia sono alcune delle pi\u00f9 apprezzate. Elaboriamo anche la tipica fideu\u00e0 con frutti di mare. La paella valenciana viene preparata solo su ordinazione e ne facciamo un numero limitato al giorno a causa del lungo tempo di preparazione.<\/p>\n<p>Il resto della nostra offerta gastronomica attinge alla tradizione culinaria valenciana, in cui non pu\u00f2 mancare il tradizionale \u00abesgarraet\u00bb di peperone, a cui aggiungiamo mojama e baccal\u00e0, o il pomodoro della terra tagliato con trancio di tonno.<\/p>\n<p>Prima del riso, un polpo temperato alla griglia, una \u00abespardeny\u00e0\u00bb (piatto a base di spugna di mare), ortica in tempura, un calamaro fresco alla romana o alcuni dei nostri classici: la \u00abcl\u00f2txina valenciana\u00bb o la \u00abtellina di spiaggia\u00bb. Abbiamo anche pesci e frutti di mare freschi appena portati dalle pescherie e stufati come il \u00abnugat de rap\u00bb, una variante dell'\u00bball i pebre\u00bb in cui sostituiamo l&#8217;anguilla con il rana pescatrice, insaporito con una salsina preparata nel mortaio.<\/p>\n<p>[\/et_pb_text][\/et_pb_column][\/et_pb_row][\/et_pb_section][et_pb_section fb_built=\u00bb1&#8243; custom_padding_last_edited=\u00bbon|tablet\u00bb admin_label=\u00bbCustom Bouquets Section\u00bb _builder_version=\u00bb4.8.0&#8243; background_color=\u00bb#f2e3dc\u00bb background_enable_image=\u00bboff\u00bb parallax=\u00bbon\u00bb custom_padding=\u00bb110px||50px||false|false\u00bb custom_padding_tablet=\u00bb70px||70px||true|false\u00bb custom_padding_phone=\u00bb50px||50px||true|false\u00bb da_disable_devices=\u00bboff|off|off\u00bb global_colors_info=\u00bb{}\u00bb da_is_popup=\u00bboff\u00bb da_exit_intent=\u00bboff\u00bb da_has_close=\u00bbon\u00bb da_alt_close=\u00bboff\u00bb da_dark_close=\u00bboff\u00bb da_not_modal=\u00bbon\u00bb da_is_singular=\u00bboff\u00bb da_with_loader=\u00bboff\u00bb da_has_shadow=\u00bbon\u00bb][et_pb_row _builder_version=\u00bb4.8.0&#8243; max_width=\u00bb80%\u00bb module_alignment=\u00bbcenter\u00bb global_colors_info=\u00bb{}\u00bb][et_pb_column type=\u00bb4_4&#8243; _builder_version=\u00bb4.8.0&#8243; global_colors_info=\u00bb{}\u00bb][et_pb_text admin_label=\u00bbTitle\u00bb _builder_version=\u00bb4.14.7&#8243; text_font=\u00bb||||||||\u00bb header_font=\u00bb||||||||\u00bb header_2_font=\u00bbLibre Baskerville||||||||\u00bb header_2_text_align=\u00bbcenter\u00bb header_2_text_color=\u00bb#a26244&#8243; header_2_font_size=\u00bb42px\u00bb header_2_line_height=\u00bb1.3em\u00bb custom_margin=\u00bb||20px|\u00bb animation_style=\u00bbslide\u00bb animation_direction=\u00bbtop\u00bb animation_intensity_slide=\u00bb30%\u00bb animation_starting_opacity=\u00bb100%\u00bb header_2_font_size_tablet=\u00bb\u00bb header_2_font_size_phone=\u00bb30px\u00bb header_2_font_size_last_edited=\u00bbon|phone\u00bb global_colors_info=\u00bb{}\u00bb]<\/p>\n<h2><strong>Galleria<\/strong><\/h2>\n<p>[\/et_pb_text][et_pb_code _builder_version=\u00bb4.8.1&#8243; global_colors_info=\u00bb{}\u00bb]<style>#jtg-1915 .modula-item .jtg-social a, .lightbox-socials.jtg-social a{ color: #ffffff }#jtg-1915 .modula-item .jtg-social svg, .lightbox-socials.jtg-social svg { height: 16px; width: 16px }#jtg-1915 .modula-item .jtg-social a:not(:last-child), .lightbox-socials.jtg-social a:not(:last-child) { margin-right: 10px }#jtg-1915 .modula-item .figc {color:#ffffff;}#jtg-1915 .modula-item .modula-item-content { transform: scale(1) }#jtg-1915 .modula-items .figc p.description { font-size:14px; }#jtg-1915 .modula-items .figc p.description { color:#ffffff;}#jtg-1915.modula-gallery .modula-item > a, #jtg-1915.modula-gallery .modula-item, #jtg-1915.modula-gallery .modula-item-content > a:not(.modula-no-follow) { cursor:zoom-in; } #jtg-1915.modula-gallery .modula-item-content .modula-no-follow { cursor: default; } @media screen and (max-width:480px){#jtg-1915 .modula-item .figc .jtg-title {  font-size: 12px; }#jtg-1915 .modula-items .figc p.description { color:#ffffff;font-size:10px; }}<\/style>\n<!-- Gallery Container -->\n<div  id=\"jtg-1915\" class=\"modula modula-gallery modula-custom-grid\" data-config=\"{&quot;height&quot;:0,&quot;tabletHeight&quot;:0,&quot;mobileHeight&quot;:0,&quot;desktopHeight&quot;:0,&quot;enableTwitter&quot;:false,&quot;enableWhatsapp&quot;:false,&quot;enableFacebook&quot;:false,&quot;enablePinterest&quot;:false,&quot;enableLinkedin&quot;:false,&quot;enableEmail&quot;:false,&quot;randomFactor&quot;:0,&quot;type&quot;:&quot;custom-grid&quot;,&quot;columns&quot;:12,&quot;gutter&quot;:10,&quot;mobileGutter&quot;:10,&quot;tabletGutter&quot;:10,&quot;desktopGutter&quot;:10,&quot;enableResponsive&quot;:&quot;1&quot;,&quot;tabletColumns&quot;:&quot;4&quot;,&quot;mobileColumns&quot;:&quot;2&quot;,&quot;lazyLoad&quot;:&quot;0&quot;,&quot;lightboxOpts&quot;:{&quot;loop&quot;:false,&quot;arrows&quot;:true,&quot;toolbar&quot;:true,&quot;keyboard&quot;:true,&quot;wheel&quot;:false,&quot;buttons&quot;:[&quot;close&quot;],&quot;hash&quot;:false,&quot;lang&quot;:&quot;en&quot;,&quot;touch&quot;:false,&quot;protect&quot;:false,&quot;i18n&quot;:{&quot;en&quot;:{&quot;CLOSE&quot;:&quot;Close&quot;,&quot;NEXT&quot;:&quot;Next&quot;,&quot;PREV&quot;:&quot;Previous&quot;,&quot;Error&quot;:&quot;The requested content cannot be loaded. Please try again later.&quot;,&quot;PLAY_START&quot;:&quot;Start slideshow&quot;,&quot;PLAY_STOP&quot;:&quot;Pause slideshow&quot;,&quot;FULL_SCREEN&quot;:&quot;Full screen&quot;,&quot;THUMBS&quot;:&quot;Thumbnails&quot;,&quot;DOWNLOAD&quot;:&quot;Download&quot;,&quot;SHARE&quot;:&quot;Share&quot;,&quot;ZOOM&quot;:&quot;Zoom&quot;}},&quot;clickSlide&quot;:false,&quot;clickOutside&quot;:false,&quot;dblclickContent&quot;:false,&quot;dblclickSlide&quot;:false,&quot;dblclickOutside&quot;:false,&quot;clickContent&quot;:false,&quot;baseTpl&quot;:&quot;&lt;div class=\\&quot;modula-fancybox-container modula-lightbox-jtg-1915\\&quot; role=\\&quot;dialog\\&quot; tabindex=\\&quot;-1\\&quot;&gt;&lt;div class=\\&quot;modula-fancybox-bg\\&quot;&gt;&lt;\\\/div&gt;&lt;div class=\\&quot;modula-fancybox-inner\\&quot;&gt;&lt;div class=\\&quot;modula-fancybox-infobar\\&quot;&gt;&lt;span data-fancybox-index&gt;&lt;\\\/span&gt;&nbsp;\\\/&nbsp;&lt;span data-fancybox-count&gt;&lt;\\\/span&gt;&lt;\\\/div&gt;&lt;div class=\\&quot;modula-fancybox-toolbar\\&quot;&gt;{{buttons}}&lt;\\\/div&gt;&lt;div class=\\&quot;modula-fancybox-navigation\\&quot;&gt;{{arrows}}&lt;\\\/div&gt;&lt;div class=\\&quot;modula-fancybox-stage\\&quot;&gt;&lt;\\\/div&gt;&lt;div class=\\&quot;modula-fancybox-caption\\&quot;&gt;&lt;div class=\\&quot;modula-fancybox-caption__body\\&quot;&gt;&lt;\\\/div&gt;&lt;\\\/div&gt;&lt;\\\/div&gt;&lt;\\\/div&gt;&quot;},&quot;inView&quot;:false,&quot;email_subject&quot;:&quot;Check out this awesome image !!&quot;,&quot;email_message&quot;:&quot;Here is the link to the image : %%image_link%% and this is the link to the gallery : %%gallery_link%%&quot;,&quot;lightbox&quot;:&quot;fancybox&quot;}\">\n\n\t\n\t<!-- Items Container -->\n\t<div  class=\"modula-items\">\n\t\t<div class=\"modula-item effect-pufrobo\" data-width=\"5\" data-height=\"3\" >\n\t<div class=\"modula-item-overlay\"><\/div>\n\n\t<div class=\"modula-item-content\">\n\n\t\t\t\t\n\t\t\t\t\t<a data-image-id=\"1919\" rel=\"jtg-1915\" data-caption=\"\" aria-label=\"Open image in lightbox\" class=\"tile-inner modula-item-link\"><\/a>\n\t\t\n\t\t<img loading=\"lazy\" class=\"pic wp-image-1919\"  data-valign=\"middle\" data-halign=\"center\" alt=\"\" data-full=\"https:\/\/www.casa-carmela.com\/es\/wp-content\/uploads\/Casa_Carmela_Galeria_02.jpg\" title=\"Casa_Carmela_Galeria_02\" width=\"900\" height=\"600\" src=\"https:\/\/www.casa-carmela.com\/es\/wp-content\/uploads\/Casa_Carmela_Galeria_02.jpg\" data-src=\"https:\/\/www.casa-carmela.com\/es\/wp-content\/uploads\/Casa_Carmela_Galeria_02.jpg\" data-caption=\"\"srcset=\"https:\/\/www.casa-carmela.com\/es\/wp-content\/uploads\/Casa_Carmela_Galeria_02.jpg 900w, https:\/\/www.casa-carmela.com\/es\/wp-content\/uploads\/Casa_Carmela_Galeria_02-480x320.jpg 480w\" sizes=\"(min-width: 0px) and (max-width: 480px) 480px, (min-width: 481px) 900px, 100vw\"\" srcset=\"https:\/\/www.casa-carmela.com\/es\/wp-content\/uploads\/Casa_Carmela_Galeria_02.jpg 900w, https:\/\/www.casa-carmela.com\/es\/wp-content\/uploads\/Casa_Carmela_Galeria_02-480x320.jpg 480w\" \/>\n\t\t<div class=\"figc no-description\">\n\t\t\t<div class=\"figc-inner\">\n\t\t\t\t\t\t\t\t\t\t\t\t\t\t\t<\/div>\n\t\t<\/div>\n\n\t<\/div>\n\n<\/div><div class=\"modula-item effect-pufrobo\" data-width=\"4\" data-height=\"3\" >\n\t<div class=\"modula-item-overlay\"><\/div>\n\n\t<div class=\"modula-item-content\">\n\n\t\t\t\t\n\t\t\t\t\t<a data-image-id=\"1932\" rel=\"jtg-1915\" data-caption=\"\" aria-label=\"Open image in lightbox\" class=\"tile-inner modula-item-link\"><\/a>\n\t\t\n\t\t<img loading=\"lazy\" class=\"pic wp-image-1932\"  data-valign=\"middle\" data-halign=\"center\" alt=\"\" data-full=\"https:\/\/www.casa-carmela.com\/es\/wp-content\/uploads\/Casa_Carmela_Galeria_15.jpg\" title=\"Casa_Carmela_Galeria_15\" width=\"1400\" height=\"1000\" src=\"https:\/\/www.casa-carmela.com\/es\/wp-content\/uploads\/Casa_Carmela_Galeria_15.jpg\" data-src=\"https:\/\/www.casa-carmela.com\/es\/wp-content\/uploads\/Casa_Carmela_Galeria_15.jpg\" data-caption=\"\"srcset=\"https:\/\/www.casa-carmela.com\/es\/wp-content\/uploads\/Casa_Carmela_Galeria_15.jpg 1400w, https:\/\/www.casa-carmela.com\/es\/wp-content\/uploads\/Casa_Carmela_Galeria_15-1280x914.jpg 1280w, https:\/\/www.casa-carmela.com\/es\/wp-content\/uploads\/Casa_Carmela_Galeria_15-980x700.jpg 980w, https:\/\/www.casa-carmela.com\/es\/wp-content\/uploads\/Casa_Carmela_Galeria_15-480x343.jpg 480w\" sizes=\"(min-width: 0px) and (max-width: 480px) 480px, (min-width: 481px) and (max-width: 980px) 980px, (min-width: 981px) and (max-width: 1280px) 1280px, (min-width: 1281px) 1400px, 100vw\"\" srcset=\"https:\/\/www.casa-carmela.com\/es\/wp-content\/uploads\/Casa_Carmela_Galeria_15.jpg 1400w, https:\/\/www.casa-carmela.com\/es\/wp-content\/uploads\/Casa_Carmela_Galeria_15-1280x914.jpg 1280w, https:\/\/www.casa-carmela.com\/es\/wp-content\/uploads\/Casa_Carmela_Galeria_15-980x700.jpg 980w, https:\/\/www.casa-carmela.com\/es\/wp-content\/uploads\/Casa_Carmela_Galeria_15-480x343.jpg 480w\" \/>\n\t\t<div class=\"figc no-description\">\n\t\t\t<div class=\"figc-inner\">\n\t\t\t\t\t\t\t\t\t\t\t\t\t\t\t<\/div>\n\t\t<\/div>\n\n\t<\/div>\n\n<\/div><div class=\"modula-item effect-pufrobo\" data-width=\"3\" data-height=\"4\" >\n\t<div class=\"modula-item-overlay\"><\/div>\n\n\t<div class=\"modula-item-content\">\n\n\t\t\t\t\n\t\t\t\t\t<a data-image-id=\"1930\" rel=\"jtg-1915\" data-caption=\"\" aria-label=\"Open image in lightbox\" class=\"tile-inner modula-item-link\"><\/a>\n\t\t\n\t\t<img loading=\"lazy\" class=\"pic wp-image-1930\"  data-valign=\"middle\" data-halign=\"center\" alt=\"\" data-full=\"https:\/\/www.casa-carmela.com\/es\/wp-content\/uploads\/Casa_Carmela_Galeria_13.jpg\" title=\"Casa_Carmela_Galeria_13\" width=\"1400\" height=\"1000\" src=\"https:\/\/www.casa-carmela.com\/es\/wp-content\/uploads\/Casa_Carmela_Galeria_13.jpg\" data-src=\"https:\/\/www.casa-carmela.com\/es\/wp-content\/uploads\/Casa_Carmela_Galeria_13.jpg\" data-caption=\"\"srcset=\"https:\/\/www.casa-carmela.com\/es\/wp-content\/uploads\/Casa_Carmela_Galeria_13.jpg 1400w, https:\/\/www.casa-carmela.com\/es\/wp-content\/uploads\/Casa_Carmela_Galeria_13-1280x914.jpg 1280w, https:\/\/www.casa-carmela.com\/es\/wp-content\/uploads\/Casa_Carmela_Galeria_13-980x700.jpg 980w, https:\/\/www.casa-carmela.com\/es\/wp-content\/uploads\/Casa_Carmela_Galeria_13-480x343.jpg 480w\" sizes=\"(min-width: 0px) and (max-width: 480px) 480px, (min-width: 481px) and (max-width: 980px) 980px, (min-width: 981px) and (max-width: 1280px) 1280px, (min-width: 1281px) 1400px, 100vw\"\" srcset=\"https:\/\/www.casa-carmela.com\/es\/wp-content\/uploads\/Casa_Carmela_Galeria_13.jpg 1400w, https:\/\/www.casa-carmela.com\/es\/wp-content\/uploads\/Casa_Carmela_Galeria_13-1280x914.jpg 1280w, https:\/\/www.casa-carmela.com\/es\/wp-content\/uploads\/Casa_Carmela_Galeria_13-980x700.jpg 980w, https:\/\/www.casa-carmela.com\/es\/wp-content\/uploads\/Casa_Carmela_Galeria_13-480x343.jpg 480w\" \/>\n\t\t<div class=\"figc no-description\">\n\t\t\t<div class=\"figc-inner\">\n\t\t\t\t\t\t\t\t\t\t\t\t\t\t\t<\/div>\n\t\t<\/div>\n\n\t<\/div>\n\n<\/div><div class=\"modula-item effect-pufrobo\" data-width=\"4\" data-height=\"3\" >\n\t<div class=\"modula-item-overlay\"><\/div>\n\n\t<div class=\"modula-item-content\">\n\n\t\t\t\t\n\t\t\t\t\t<a data-image-id=\"1928\" rel=\"jtg-1915\" data-caption=\"\" aria-label=\"Open image in lightbox\" class=\"tile-inner modula-item-link\"><\/a>\n\t\t\n\t\t<img loading=\"lazy\" class=\"pic wp-image-1928\"  data-valign=\"middle\" data-halign=\"center\" alt=\"\" data-full=\"https:\/\/www.casa-carmela.com\/es\/wp-content\/uploads\/Casa_Carmela_Galeria_11.jpg\" title=\"Casa_Carmela_Galeria_11\" width=\"900\" height=\"600\" src=\"https:\/\/www.casa-carmela.com\/es\/wp-content\/uploads\/Casa_Carmela_Galeria_11.jpg\" data-src=\"https:\/\/www.casa-carmela.com\/es\/wp-content\/uploads\/Casa_Carmela_Galeria_11.jpg\" data-caption=\"\"srcset=\"https:\/\/www.casa-carmela.com\/es\/wp-content\/uploads\/Casa_Carmela_Galeria_11.jpg 900w, https:\/\/www.casa-carmela.com\/es\/wp-content\/uploads\/Casa_Carmela_Galeria_11-480x320.jpg 480w\" sizes=\"(min-width: 0px) and (max-width: 480px) 480px, (min-width: 481px) 900px, 100vw\"\" srcset=\"https:\/\/www.casa-carmela.com\/es\/wp-content\/uploads\/Casa_Carmela_Galeria_11.jpg 900w, https:\/\/www.casa-carmela.com\/es\/wp-content\/uploads\/Casa_Carmela_Galeria_11-480x320.jpg 480w\" \/>\n\t\t<div class=\"figc no-description\">\n\t\t\t<div class=\"figc-inner\">\n\t\t\t\t\t\t\t\t\t\t\t\t\t\t\t<\/div>\n\t\t<\/div>\n\n\t<\/div>\n\n<\/div><div class=\"modula-item effect-pufrobo\" data-width=\"5\" data-height=\"3\" >\n\t<div class=\"modula-item-overlay\"><\/div>\n\n\t<div class=\"modula-item-content\">\n\n\t\t\t\t\n\t\t\t\t\t<a data-image-id=\"1934\" rel=\"jtg-1915\" data-caption=\"\" aria-label=\"Open image in lightbox\" class=\"tile-inner modula-item-link\"><\/a>\n\t\t\n\t\t<img loading=\"lazy\" class=\"pic wp-image-1934\"  data-valign=\"middle\" data-halign=\"center\" alt=\"\" data-full=\"https:\/\/www.casa-carmela.com\/es\/wp-content\/uploads\/Casa_Carmela_Galeria_17.jpg\" title=\"Casa_Carmela_Galeria_17\" width=\"1920\" height=\"900\" src=\"https:\/\/www.casa-carmela.com\/es\/wp-content\/uploads\/Casa_Carmela_Galeria_17.jpg\" data-src=\"https:\/\/www.casa-carmela.com\/es\/wp-content\/uploads\/Casa_Carmela_Galeria_17.jpg\" data-caption=\"\"srcset=\"https:\/\/www.casa-carmela.com\/es\/wp-content\/uploads\/Casa_Carmela_Galeria_17.jpg 1920w, https:\/\/www.casa-carmela.com\/es\/wp-content\/uploads\/Casa_Carmela_Galeria_17-1280x600.jpg 1280w, https:\/\/www.casa-carmela.com\/es\/wp-content\/uploads\/Casa_Carmela_Galeria_17-980x459.jpg 980w, https:\/\/www.casa-carmela.com\/es\/wp-content\/uploads\/Casa_Carmela_Galeria_17-480x225.jpg 480w\" sizes=\"(min-width: 0px) and (max-width: 480px) 480px, (min-width: 481px) and (max-width: 980px) 980px, (min-width: 981px) and (max-width: 1280px) 1280px, (min-width: 1281px) 1920px, 100vw\"\" srcset=\"https:\/\/www.casa-carmela.com\/es\/wp-content\/uploads\/Casa_Carmela_Galeria_17.jpg 1920w, https:\/\/www.casa-carmela.com\/es\/wp-content\/uploads\/Casa_Carmela_Galeria_17-1280x600.jpg 1280w, https:\/\/www.casa-carmela.com\/es\/wp-content\/uploads\/Casa_Carmela_Galeria_17-980x459.jpg 980w, https:\/\/www.casa-carmela.com\/es\/wp-content\/uploads\/Casa_Carmela_Galeria_17-480x225.jpg 480w\" \/>\n\t\t<div class=\"figc no-description\">\n\t\t\t<div class=\"figc-inner\">\n\t\t\t\t\t\t\t\t\t\t\t\t\t\t\t<\/div>\n\t\t<\/div>\n\n\t<\/div>\n\n<\/div><div class=\"modula-item effect-pufrobo\" data-width=\"3\" data-height=\"3\" >\n\t<div class=\"modula-item-overlay\"><\/div>\n\n\t<div class=\"modula-item-content\">\n\n\t\t\t\t\n\t\t\t\t\t<a data-image-id=\"1927\" rel=\"jtg-1915\" data-caption=\"\" aria-label=\"Open image in lightbox\" class=\"tile-inner modula-item-link\"><\/a>\n\t\t\n\t\t<img loading=\"lazy\" class=\"pic wp-image-1927\"  data-valign=\"middle\" data-halign=\"center\" alt=\"\" data-full=\"https:\/\/www.casa-carmela.com\/es\/wp-content\/uploads\/Casa_Carmela_Galeria_10.jpg\" title=\"Casa_Carmela_Galeria_10\" width=\"900\" height=\"600\" src=\"https:\/\/www.casa-carmela.com\/es\/wp-content\/uploads\/Casa_Carmela_Galeria_10.jpg\" data-src=\"https:\/\/www.casa-carmela.com\/es\/wp-content\/uploads\/Casa_Carmela_Galeria_10.jpg\" data-caption=\"\"srcset=\"https:\/\/www.casa-carmela.com\/es\/wp-content\/uploads\/Casa_Carmela_Galeria_10.jpg 900w, https:\/\/www.casa-carmela.com\/es\/wp-content\/uploads\/Casa_Carmela_Galeria_10-480x320.jpg 480w\" sizes=\"(min-width: 0px) and (max-width: 480px) 480px, (min-width: 481px) 900px, 100vw\"\" srcset=\"https:\/\/www.casa-carmela.com\/es\/wp-content\/uploads\/Casa_Carmela_Galeria_10.jpg 900w, https:\/\/www.casa-carmela.com\/es\/wp-content\/uploads\/Casa_Carmela_Galeria_10-480x320.jpg 480w\" \/>\n\t\t<div class=\"figc no-description\">\n\t\t\t<div class=\"figc-inner\">\n\t\t\t\t\t\t\t\t\t\t\t\t\t\t\t<\/div>\n\t\t<\/div>\n\n\t<\/div>\n\n<\/div><div class=\"modula-item effect-pufrobo\" data-width=\"4\" data-height=\"4\" >\n\t<div class=\"modula-item-overlay\"><\/div>\n\n\t<div class=\"modula-item-content\">\n\n\t\t\t\t\n\t\t\t\t\t<a data-image-id=\"1931\" rel=\"jtg-1915\" data-caption=\"\" aria-label=\"Open image in lightbox\" class=\"tile-inner modula-item-link\"><\/a>\n\t\t\n\t\t<img loading=\"lazy\" class=\"pic wp-image-1931\"  data-valign=\"middle\" data-halign=\"center\" alt=\"\" data-full=\"https:\/\/www.casa-carmela.com\/es\/wp-content\/uploads\/Casa_Carmela_Galeria_14.jpg\" title=\"Casa_Carmela_Galeria_14\" width=\"1400\" height=\"1000\" src=\"https:\/\/www.casa-carmela.com\/es\/wp-content\/uploads\/Casa_Carmela_Galeria_14.jpg\" data-src=\"https:\/\/www.casa-carmela.com\/es\/wp-content\/uploads\/Casa_Carmela_Galeria_14.jpg\" data-caption=\"\"srcset=\"https:\/\/www.casa-carmela.com\/es\/wp-content\/uploads\/Casa_Carmela_Galeria_14.jpg 1400w, https:\/\/www.casa-carmela.com\/es\/wp-content\/uploads\/Casa_Carmela_Galeria_14-1280x914.jpg 1280w, https:\/\/www.casa-carmela.com\/es\/wp-content\/uploads\/Casa_Carmela_Galeria_14-980x700.jpg 980w, https:\/\/www.casa-carmela.com\/es\/wp-content\/uploads\/Casa_Carmela_Galeria_14-480x343.jpg 480w\" sizes=\"(min-width: 0px) and (max-width: 480px) 480px, (min-width: 481px) and (max-width: 980px) 980px, (min-width: 981px) and (max-width: 1280px) 1280px, (min-width: 1281px) 1400px, 100vw\"\" srcset=\"https:\/\/www.casa-carmela.com\/es\/wp-content\/uploads\/Casa_Carmela_Galeria_14.jpg 1400w, https:\/\/www.casa-carmela.com\/es\/wp-content\/uploads\/Casa_Carmela_Galeria_14-1280x914.jpg 1280w, https:\/\/www.casa-carmela.com\/es\/wp-content\/uploads\/Casa_Carmela_Galeria_14-980x700.jpg 980w, https:\/\/www.casa-carmela.com\/es\/wp-content\/uploads\/Casa_Carmela_Galeria_14-480x343.jpg 480w\" \/>\n\t\t<div class=\"figc no-description\">\n\t\t\t<div class=\"figc-inner\">\n\t\t\t\t\t\t\t\t\t\t\t\t\t\t\t<\/div>\n\t\t<\/div>\n\n\t<\/div>\n\n<\/div><div class=\"modula-item effect-pufrobo\" data-width=\"5\" data-height=\"3\" >\n\t<div class=\"modula-item-overlay\"><\/div>\n\n\t<div class=\"modula-item-content\">\n\n\t\t\t\t\n\t\t\t\t\t<a data-image-id=\"1924\" rel=\"jtg-1915\" data-caption=\"\" aria-label=\"Open image in lightbox\" class=\"tile-inner modula-item-link\"><\/a>\n\t\t\n\t\t<img loading=\"lazy\" class=\"pic wp-image-1924\"  data-valign=\"middle\" data-halign=\"center\" alt=\"\" data-full=\"https:\/\/www.casa-carmela.com\/es\/wp-content\/uploads\/Casa_Carmela_Galeria_07.jpg\" title=\"Casa_Carmela_Galeria_07\" width=\"900\" height=\"600\" src=\"https:\/\/www.casa-carmela.com\/es\/wp-content\/uploads\/Casa_Carmela_Galeria_07.jpg\" data-src=\"https:\/\/www.casa-carmela.com\/es\/wp-content\/uploads\/Casa_Carmela_Galeria_07.jpg\" data-caption=\"\"srcset=\"https:\/\/www.casa-carmela.com\/es\/wp-content\/uploads\/Casa_Carmela_Galeria_07.jpg 900w, https:\/\/www.casa-carmela.com\/es\/wp-content\/uploads\/Casa_Carmela_Galeria_07-480x320.jpg 480w\" sizes=\"(min-width: 0px) and (max-width: 480px) 480px, (min-width: 481px) 900px, 100vw\"\" srcset=\"https:\/\/www.casa-carmela.com\/es\/wp-content\/uploads\/Casa_Carmela_Galeria_07.jpg 900w, https:\/\/www.casa-carmela.com\/es\/wp-content\/uploads\/Casa_Carmela_Galeria_07-480x320.jpg 480w\" \/>\n\t\t<div class=\"figc no-description\">\n\t\t\t<div class=\"figc-inner\">\n\t\t\t\t\t\t\t\t\t\t\t\t\t\t\t<\/div>\n\t\t<\/div>\n\n\t<\/div>\n\n<\/div><div class=\"modula-item effect-pufrobo\" data-width=\"5\" data-height=\"3\" >\n\t<div class=\"modula-item-overlay\"><\/div>\n\n\t<div class=\"modula-item-content\">\n\n\t\t\t\t\n\t\t\t\t\t<a data-image-id=\"1938\" rel=\"jtg-1915\" data-caption=\"\" aria-label=\"Open image in lightbox\" class=\"tile-inner modula-item-link\"><\/a>\n\t\t\n\t\t<img loading=\"lazy\" class=\"pic wp-image-1938\"  data-valign=\"middle\" data-halign=\"center\" alt=\"\" data-full=\"https:\/\/www.casa-carmela.com\/es\/wp-content\/uploads\/Casa_Carmela_Galeria_21.jpg\" title=\"Casa_Carmela_Galeria_21\" width=\"2048\" height=\"1363\" src=\"https:\/\/www.casa-carmela.com\/es\/wp-content\/uploads\/Casa_Carmela_Galeria_21.jpg\" data-src=\"https:\/\/www.casa-carmela.com\/es\/wp-content\/uploads\/Casa_Carmela_Galeria_21.jpg\" data-caption=\"\"srcset=\"https:\/\/www.casa-carmela.com\/es\/wp-content\/uploads\/Casa_Carmela_Galeria_21.jpg 2048w, https:\/\/www.casa-carmela.com\/es\/wp-content\/uploads\/Casa_Carmela_Galeria_21-1280x852.jpg 1280w, https:\/\/www.casa-carmela.com\/es\/wp-content\/uploads\/Casa_Carmela_Galeria_21-980x652.jpg 980w, https:\/\/www.casa-carmela.com\/es\/wp-content\/uploads\/Casa_Carmela_Galeria_21-480x319.jpg 480w\" sizes=\"(min-width: 0px) and (max-width: 480px) 480px, (min-width: 481px) and (max-width: 980px) 980px, (min-width: 981px) and (max-width: 1280px) 1280px, (min-width: 1281px) 2048px, 100vw\"\" srcset=\"https:\/\/www.casa-carmela.com\/es\/wp-content\/uploads\/Casa_Carmela_Galeria_21.jpg 2048w, https:\/\/www.casa-carmela.com\/es\/wp-content\/uploads\/Casa_Carmela_Galeria_21-1280x852.jpg 1280w, https:\/\/www.casa-carmela.com\/es\/wp-content\/uploads\/Casa_Carmela_Galeria_21-980x652.jpg 980w, https:\/\/www.casa-carmela.com\/es\/wp-content\/uploads\/Casa_Carmela_Galeria_21-480x319.jpg 480w\" \/>\n\t\t<div class=\"figc no-description\">\n\t\t\t<div class=\"figc-inner\">\n\t\t\t\t\t\t\t\t\t\t\t\t\t\t\t<\/div>\n\t\t<\/div>\n\n\t<\/div>\n\n<\/div><div class=\"modula-item effect-pufrobo\" data-width=\"4\" data-height=\"3\" >\n\t<div class=\"modula-item-overlay\"><\/div>\n\n\t<div class=\"modula-item-content\">\n\n\t\t\t\t\n\t\t\t\t\t<a data-image-id=\"1920\" rel=\"jtg-1915\" data-caption=\"\" aria-label=\"Open image in lightbox\" class=\"tile-inner modula-item-link\"><\/a>\n\t\t\n\t\t<img loading=\"lazy\" class=\"pic wp-image-1920\"  data-valign=\"middle\" data-halign=\"center\" alt=\"\" data-full=\"https:\/\/www.casa-carmela.com\/es\/wp-content\/uploads\/Casa_Carmela_Galeria_03.jpg\" title=\"Casa_Carmela_Galeria_03\" width=\"900\" height=\"600\" src=\"https:\/\/www.casa-carmela.com\/es\/wp-content\/uploads\/Casa_Carmela_Galeria_03.jpg\" data-src=\"https:\/\/www.casa-carmela.com\/es\/wp-content\/uploads\/Casa_Carmela_Galeria_03.jpg\" data-caption=\"\"srcset=\"https:\/\/www.casa-carmela.com\/es\/wp-content\/uploads\/Casa_Carmela_Galeria_03.jpg 900w, https:\/\/www.casa-carmela.com\/es\/wp-content\/uploads\/Casa_Carmela_Galeria_03-480x320.jpg 480w\" sizes=\"(min-width: 0px) and (max-width: 480px) 480px, (min-width: 481px) 900px, 100vw\"\" srcset=\"https:\/\/www.casa-carmela.com\/es\/wp-content\/uploads\/Casa_Carmela_Galeria_03.jpg 900w, https:\/\/www.casa-carmela.com\/es\/wp-content\/uploads\/Casa_Carmela_Galeria_03-480x320.jpg 480w\" \/>\n\t\t<div class=\"figc no-description\">\n\t\t\t<div class=\"figc-inner\">\n\t\t\t\t\t\t\t\t\t\t\t\t\t\t\t<\/div>\n\t\t<\/div>\n\n\t<\/div>\n\n<\/div><div class=\"modula-item effect-pufrobo\" data-width=\"3\" data-height=\"4\" >\n\t<div class=\"modula-item-overlay\"><\/div>\n\n\t<div class=\"modula-item-content\">\n\n\t\t\t\t\n\t\t\t\t\t<a data-image-id=\"1929\" rel=\"jtg-1915\" data-caption=\"\" aria-label=\"Open image in lightbox\" class=\"tile-inner modula-item-link\"><\/a>\n\t\t\n\t\t<img loading=\"lazy\" class=\"pic wp-image-1929\"  data-valign=\"middle\" data-halign=\"center\" alt=\"\" data-full=\"https:\/\/www.casa-carmela.com\/es\/wp-content\/uploads\/Casa_Carmela_Galeria_12.jpg\" title=\"Casa_Carmela_Galeria_12\" width=\"900\" height=\"600\" src=\"https:\/\/www.casa-carmela.com\/es\/wp-content\/uploads\/Casa_Carmela_Galeria_12.jpg\" data-src=\"https:\/\/www.casa-carmela.com\/es\/wp-content\/uploads\/Casa_Carmela_Galeria_12.jpg\" data-caption=\"\"srcset=\"https:\/\/www.casa-carmela.com\/es\/wp-content\/uploads\/Casa_Carmela_Galeria_12.jpg 900w, https:\/\/www.casa-carmela.com\/es\/wp-content\/uploads\/Casa_Carmela_Galeria_12-480x320.jpg 480w\" sizes=\"(min-width: 0px) and (max-width: 480px) 480px, (min-width: 481px) 900px, 100vw\"\" srcset=\"https:\/\/www.casa-carmela.com\/es\/wp-content\/uploads\/Casa_Carmela_Galeria_12.jpg 900w, https:\/\/www.casa-carmela.com\/es\/wp-content\/uploads\/Casa_Carmela_Galeria_12-480x320.jpg 480w\" \/>\n\t\t<div class=\"figc no-description\">\n\t\t\t<div class=\"figc-inner\">\n\t\t\t\t\t\t\t\t\t\t\t\t\t\t\t<\/div>\n\t\t<\/div>\n\n\t<\/div>\n\n<\/div><div class=\"modula-item effect-pufrobo\" data-width=\"5\" data-height=\"3\" >\n\t<div class=\"modula-item-overlay\"><\/div>\n\n\t<div class=\"modula-item-content\">\n\n\t\t\t\t\n\t\t\t\t\t<a data-image-id=\"1933\" rel=\"jtg-1915\" data-caption=\"\" aria-label=\"Open image in lightbox\" class=\"tile-inner modula-item-link\"><\/a>\n\t\t\n\t\t<img loading=\"lazy\" class=\"pic wp-image-1933\"  data-valign=\"middle\" data-halign=\"center\" alt=\"\" data-full=\"https:\/\/www.casa-carmela.com\/es\/wp-content\/uploads\/Casa_Carmela_Galeria_16.jpg\" title=\"Casa_Carmela_Galeria_16\" width=\"1920\" height=\"900\" src=\"https:\/\/www.casa-carmela.com\/es\/wp-content\/uploads\/Casa_Carmela_Galeria_16.jpg\" data-src=\"https:\/\/www.casa-carmela.com\/es\/wp-content\/uploads\/Casa_Carmela_Galeria_16.jpg\" data-caption=\"\"srcset=\"https:\/\/www.casa-carmela.com\/es\/wp-content\/uploads\/Casa_Carmela_Galeria_16.jpg 1920w, https:\/\/www.casa-carmela.com\/es\/wp-content\/uploads\/Casa_Carmela_Galeria_16-1280x600.jpg 1280w, https:\/\/www.casa-carmela.com\/es\/wp-content\/uploads\/Casa_Carmela_Galeria_16-980x459.jpg 980w, https:\/\/www.casa-carmela.com\/es\/wp-content\/uploads\/Casa_Carmela_Galeria_16-480x225.jpg 480w\" sizes=\"(min-width: 0px) and (max-width: 480px) 480px, (min-width: 481px) and (max-width: 980px) 980px, (min-width: 981px) and (max-width: 1280px) 1280px, (min-width: 1281px) 1920px, 100vw\"\" srcset=\"https:\/\/www.casa-carmela.com\/es\/wp-content\/uploads\/Casa_Carmela_Galeria_16.jpg 1920w, https:\/\/www.casa-carmela.com\/es\/wp-content\/uploads\/Casa_Carmela_Galeria_16-1280x600.jpg 1280w, https:\/\/www.casa-carmela.com\/es\/wp-content\/uploads\/Casa_Carmela_Galeria_16-980x459.jpg 980w, https:\/\/www.casa-carmela.com\/es\/wp-content\/uploads\/Casa_Carmela_Galeria_16-480x225.jpg 480w\" \/>\n\t\t<div class=\"figc no-description\">\n\t\t\t<div class=\"figc-inner\">\n\t\t\t\t\t\t\t\t\t\t\t\t\t\t\t<\/div>\n\t\t<\/div>\n\n\t<\/div>\n\n<\/div><div class=\"modula-item effect-pufrobo\" data-width=\"4\" data-height=\"3\" >\n\t<div class=\"modula-item-overlay\"><\/div>\n\n\t<div class=\"modula-item-content\">\n\n\t\t\t\t\n\t\t\t\t\t<a data-image-id=\"1923\" rel=\"jtg-1915\" data-caption=\"\" aria-label=\"Open image in lightbox\" class=\"tile-inner modula-item-link\"><\/a>\n\t\t\n\t\t<img loading=\"lazy\" class=\"pic wp-image-1923\"  data-valign=\"middle\" data-halign=\"center\" alt=\"\" data-full=\"https:\/\/www.casa-carmela.com\/es\/wp-content\/uploads\/Casa_Carmela_Galeria_06.jpg\" title=\"Casa_Carmela_Galeria_06\" width=\"900\" height=\"600\" src=\"https:\/\/www.casa-carmela.com\/es\/wp-content\/uploads\/Casa_Carmela_Galeria_06.jpg\" data-src=\"https:\/\/www.casa-carmela.com\/es\/wp-content\/uploads\/Casa_Carmela_Galeria_06.jpg\" data-caption=\"\"srcset=\"https:\/\/www.casa-carmela.com\/es\/wp-content\/uploads\/Casa_Carmela_Galeria_06.jpg 900w, https:\/\/www.casa-carmela.com\/es\/wp-content\/uploads\/Casa_Carmela_Galeria_06-480x320.jpg 480w\" sizes=\"(min-width: 0px) and (max-width: 480px) 480px, (min-width: 481px) 900px, 100vw\"\" srcset=\"https:\/\/www.casa-carmela.com\/es\/wp-content\/uploads\/Casa_Carmela_Galeria_06.jpg 900w, https:\/\/www.casa-carmela.com\/es\/wp-content\/uploads\/Casa_Carmela_Galeria_06-480x320.jpg 480w\" \/>\n\t\t<div class=\"figc no-description\">\n\t\t\t<div class=\"figc-inner\">\n\t\t\t\t\t\t\t\t\t\t\t\t\t\t\t<\/div>\n\t\t<\/div>\n\n\t<\/div>\n\n<\/div><div class=\"modula-item effect-pufrobo\" data-width=\"3\" data-height=\"3\" >\n\t<div class=\"modula-item-overlay\"><\/div>\n\n\t<div class=\"modula-item-content\">\n\n\t\t\t\t\n\t\t\t\t\t<a data-image-id=\"1921\" rel=\"jtg-1915\" data-caption=\"\" aria-label=\"Open image in lightbox\" class=\"tile-inner modula-item-link\"><\/a>\n\t\t\n\t\t<img loading=\"lazy\" class=\"pic wp-image-1921\"  data-valign=\"middle\" data-halign=\"center\" alt=\"\" data-full=\"https:\/\/www.casa-carmela.com\/es\/wp-content\/uploads\/Casa_Carmela_Galeria_04.jpg\" title=\"Casa_Carmela_Galeria_04\" width=\"900\" height=\"600\" src=\"https:\/\/www.casa-carmela.com\/es\/wp-content\/uploads\/Casa_Carmela_Galeria_04.jpg\" data-src=\"https:\/\/www.casa-carmela.com\/es\/wp-content\/uploads\/Casa_Carmela_Galeria_04.jpg\" data-caption=\"\"srcset=\"https:\/\/www.casa-carmela.com\/es\/wp-content\/uploads\/Casa_Carmela_Galeria_04.jpg 900w, https:\/\/www.casa-carmela.com\/es\/wp-content\/uploads\/Casa_Carmela_Galeria_04-480x320.jpg 480w\" sizes=\"(min-width: 0px) and (max-width: 480px) 480px, (min-width: 481px) 900px, 100vw\"\" srcset=\"https:\/\/www.casa-carmela.com\/es\/wp-content\/uploads\/Casa_Carmela_Galeria_04.jpg 900w, https:\/\/www.casa-carmela.com\/es\/wp-content\/uploads\/Casa_Carmela_Galeria_04-480x320.jpg 480w\" \/>\n\t\t<div class=\"figc no-description\">\n\t\t\t<div class=\"figc-inner\">\n\t\t\t\t\t\t\t\t\t\t\t\t\t\t\t<\/div>\n\t\t<\/div>\n\n\t<\/div>\n\n<\/div><div class=\"modula-item effect-pufrobo\" data-width=\"5\" data-height=\"3\" >\n\t<div class=\"modula-item-overlay\"><\/div>\n\n\t<div class=\"modula-item-content\">\n\n\t\t\t\t\n\t\t\t\t\t<a data-image-id=\"1926\" rel=\"jtg-1915\" data-caption=\"\" aria-label=\"Open image in lightbox\" class=\"tile-inner modula-item-link\"><\/a>\n\t\t\n\t\t<img loading=\"lazy\" class=\"pic wp-image-1926\"  data-valign=\"middle\" data-halign=\"center\" alt=\"\" data-full=\"https:\/\/www.casa-carmela.com\/es\/wp-content\/uploads\/Casa_Carmela_Galeria_09.jpg\" title=\"Casa_Carmela_Galeria_09\" width=\"900\" height=\"600\" src=\"https:\/\/www.casa-carmela.com\/es\/wp-content\/uploads\/Casa_Carmela_Galeria_09.jpg\" data-src=\"https:\/\/www.casa-carmela.com\/es\/wp-content\/uploads\/Casa_Carmela_Galeria_09.jpg\" data-caption=\"\"srcset=\"https:\/\/www.casa-carmela.com\/es\/wp-content\/uploads\/Casa_Carmela_Galeria_09.jpg 900w, https:\/\/www.casa-carmela.com\/es\/wp-content\/uploads\/Casa_Carmela_Galeria_09-480x320.jpg 480w\" sizes=\"(min-width: 0px) and (max-width: 480px) 480px, (min-width: 481px) 900px, 100vw\"\" srcset=\"https:\/\/www.casa-carmela.com\/es\/wp-content\/uploads\/Casa_Carmela_Galeria_09.jpg 900w, https:\/\/www.casa-carmela.com\/es\/wp-content\/uploads\/Casa_Carmela_Galeria_09-480x320.jpg 480w\" \/>\n\t\t<div class=\"figc no-description\">\n\t\t\t<div class=\"figc-inner\">\n\t\t\t\t\t\t\t\t\t\t\t\t\t\t\t<\/div>\n\t\t<\/div>\n\n\t<\/div>\n\n<\/div><div class=\"modula-item effect-pufrobo\" data-width=\"4\" data-height=\"4\" >\n\t<div class=\"modula-item-overlay\"><\/div>\n\n\t<div class=\"modula-item-content\">\n\n\t\t\t\t\n\t\t\t\t\t<a data-image-id=\"1937\" rel=\"jtg-1915\" data-caption=\"\" aria-label=\"Open image in lightbox\" class=\"tile-inner modula-item-link\"><\/a>\n\t\t\n\t\t<img loading=\"lazy\" class=\"pic wp-image-1937\"  data-valign=\"middle\" data-halign=\"center\" alt=\"\" data-full=\"https:\/\/www.casa-carmela.com\/es\/wp-content\/uploads\/Casa_Carmela_Galeria_20.jpg\" title=\"Casa_Carmela_Galeria_20\" width=\"2048\" height=\"1363\" src=\"https:\/\/www.casa-carmela.com\/es\/wp-content\/uploads\/Casa_Carmela_Galeria_20.jpg\" data-src=\"https:\/\/www.casa-carmela.com\/es\/wp-content\/uploads\/Casa_Carmela_Galeria_20.jpg\" data-caption=\"\"srcset=\"https:\/\/www.casa-carmela.com\/es\/wp-content\/uploads\/Casa_Carmela_Galeria_20.jpg 2048w, https:\/\/www.casa-carmela.com\/es\/wp-content\/uploads\/Casa_Carmela_Galeria_20-1280x852.jpg 1280w, https:\/\/www.casa-carmela.com\/es\/wp-content\/uploads\/Casa_Carmela_Galeria_20-980x652.jpg 980w, https:\/\/www.casa-carmela.com\/es\/wp-content\/uploads\/Casa_Carmela_Galeria_20-480x319.jpg 480w\" sizes=\"(min-width: 0px) and (max-width: 480px) 480px, (min-width: 481px) and (max-width: 980px) 980px, (min-width: 981px) and (max-width: 1280px) 1280px, (min-width: 1281px) 2048px, 100vw\"\" srcset=\"https:\/\/www.casa-carmela.com\/es\/wp-content\/uploads\/Casa_Carmela_Galeria_20.jpg 2048w, https:\/\/www.casa-carmela.com\/es\/wp-content\/uploads\/Casa_Carmela_Galeria_20-1280x852.jpg 1280w, https:\/\/www.casa-carmela.com\/es\/wp-content\/uploads\/Casa_Carmela_Galeria_20-980x652.jpg 980w, https:\/\/www.casa-carmela.com\/es\/wp-content\/uploads\/Casa_Carmela_Galeria_20-480x319.jpg 480w\" \/>\n\t\t<div class=\"figc no-description\">\n\t\t\t<div class=\"figc-inner\">\n\t\t\t\t\t\t\t\t\t\t\t\t\t\t\t<\/div>\n\t\t<\/div>\n\n\t<\/div>\n\n<\/div><div class=\"modula-item effect-pufrobo\" data-width=\"5\" data-height=\"3\" >\n\t<div class=\"modula-item-overlay\"><\/div>\n\n\t<div class=\"modula-item-content\">\n\n\t\t\t\t\n\t\t\t\t\t<a data-image-id=\"1922\" rel=\"jtg-1915\" data-caption=\"\" aria-label=\"Open image in lightbox\" class=\"tile-inner modula-item-link\"><\/a>\n\t\t\n\t\t<img loading=\"lazy\" class=\"pic wp-image-1922\"  data-valign=\"middle\" data-halign=\"center\" alt=\"\" data-full=\"https:\/\/www.casa-carmela.com\/es\/wp-content\/uploads\/Casa_Carmela_Galeria_05.jpg\" title=\"Casa_Carmela_Galeria_05\" width=\"900\" height=\"600\" src=\"https:\/\/www.casa-carmela.com\/es\/wp-content\/uploads\/Casa_Carmela_Galeria_05.jpg\" data-src=\"https:\/\/www.casa-carmela.com\/es\/wp-content\/uploads\/Casa_Carmela_Galeria_05.jpg\" data-caption=\"\"srcset=\"https:\/\/www.casa-carmela.com\/es\/wp-content\/uploads\/Casa_Carmela_Galeria_05.jpg 900w, https:\/\/www.casa-carmela.com\/es\/wp-content\/uploads\/Casa_Carmela_Galeria_05-480x320.jpg 480w\" sizes=\"(min-width: 0px) and (max-width: 480px) 480px, (min-width: 481px) 900px, 100vw\"\" srcset=\"https:\/\/www.casa-carmela.com\/es\/wp-content\/uploads\/Casa_Carmela_Galeria_05.jpg 900w, https:\/\/www.casa-carmela.com\/es\/wp-content\/uploads\/Casa_Carmela_Galeria_05-480x320.jpg 480w\" \/>\n\t\t<div class=\"figc no-description\">\n\t\t\t<div class=\"figc-inner\">\n\t\t\t\t\t\t\t\t\t\t\t\t\t\t\t<\/div>\n\t\t<\/div>\n\n\t<\/div>\n\n<\/div><div class=\"modula-item effect-pufrobo\" data-width=\"4\" data-height=\"4\" >\n\t<div class=\"modula-item-overlay\"><\/div>\n\n\t<div class=\"modula-item-content\">\n\n\t\t\t\t\n\t\t\t\t\t<a data-image-id=\"1918\" rel=\"jtg-1915\" data-caption=\"\" aria-label=\"Open image in lightbox\" class=\"tile-inner modula-item-link\"><\/a>\n\t\t\n\t\t<img loading=\"lazy\" class=\"pic wp-image-1918\"  data-valign=\"middle\" data-halign=\"center\" alt=\"\" data-full=\"https:\/\/www.casa-carmela.com\/es\/wp-content\/uploads\/Casa_Carmela_Galeria_01.jpg\" title=\"Casa_Carmela_Galeria_01\" width=\"600\" height=\"600\" src=\"https:\/\/www.casa-carmela.com\/es\/wp-content\/uploads\/Casa_Carmela_Galeria_01.jpg\" data-src=\"https:\/\/www.casa-carmela.com\/es\/wp-content\/uploads\/Casa_Carmela_Galeria_01.jpg\" data-caption=\"\"srcset=\"https:\/\/www.casa-carmela.com\/es\/wp-content\/uploads\/Casa_Carmela_Galeria_01.jpg 600w, https:\/\/www.casa-carmela.com\/es\/wp-content\/uploads\/Casa_Carmela_Galeria_01-480x480.jpg 480w\" sizes=\"(min-width: 0px) and (max-width: 480px) 480px, (min-width: 481px) 600px, 100vw\"\" srcset=\"https:\/\/www.casa-carmela.com\/es\/wp-content\/uploads\/Casa_Carmela_Galeria_01.jpg 600w, https:\/\/www.casa-carmela.com\/es\/wp-content\/uploads\/Casa_Carmela_Galeria_01-480x480.jpg 480w\" \/>\n\t\t<div class=\"figc no-description\">\n\t\t\t<div class=\"figc-inner\">\n\t\t\t\t\t\t\t\t\t\t\t\t\t\t\t<\/div>\n\t\t<\/div>\n\n\t<\/div>\n\n<\/div><div class=\"modula-item effect-pufrobo\" data-width=\"3\" data-height=\"3\" >\n\t<div class=\"modula-item-overlay\"><\/div>\n\n\t<div class=\"modula-item-content\">\n\n\t\t\t\t\n\t\t\t\t\t<a data-image-id=\"1935\" rel=\"jtg-1915\" data-caption=\"\" aria-label=\"Open image in lightbox\" class=\"tile-inner modula-item-link\"><\/a>\n\t\t\n\t\t<img loading=\"lazy\" class=\"pic wp-image-1935\"  data-valign=\"middle\" data-halign=\"center\" alt=\"\" data-full=\"https:\/\/www.casa-carmela.com\/es\/wp-content\/uploads\/Casa_Carmela_Galeria_18.jpg\" title=\"Casa_Carmela_Galeria_18\" width=\"1920\" height=\"900\" src=\"https:\/\/www.casa-carmela.com\/es\/wp-content\/uploads\/Casa_Carmela_Galeria_18.jpg\" data-src=\"https:\/\/www.casa-carmela.com\/es\/wp-content\/uploads\/Casa_Carmela_Galeria_18.jpg\" data-caption=\"\"srcset=\"https:\/\/www.casa-carmela.com\/es\/wp-content\/uploads\/Casa_Carmela_Galeria_18.jpg 1920w, https:\/\/www.casa-carmela.com\/es\/wp-content\/uploads\/Casa_Carmela_Galeria_18-1280x600.jpg 1280w, https:\/\/www.casa-carmela.com\/es\/wp-content\/uploads\/Casa_Carmela_Galeria_18-980x459.jpg 980w, https:\/\/www.casa-carmela.com\/es\/wp-content\/uploads\/Casa_Carmela_Galeria_18-480x225.jpg 480w\" sizes=\"(min-width: 0px) and (max-width: 480px) 480px, (min-width: 481px) and (max-width: 980px) 980px, (min-width: 981px) and (max-width: 1280px) 1280px, (min-width: 1281px) 1920px, 100vw\"\" srcset=\"https:\/\/www.casa-carmela.com\/es\/wp-content\/uploads\/Casa_Carmela_Galeria_18.jpg 1920w, https:\/\/www.casa-carmela.com\/es\/wp-content\/uploads\/Casa_Carmela_Galeria_18-1280x600.jpg 1280w, https:\/\/www.casa-carmela.com\/es\/wp-content\/uploads\/Casa_Carmela_Galeria_18-980x459.jpg 980w, https:\/\/www.casa-carmela.com\/es\/wp-content\/uploads\/Casa_Carmela_Galeria_18-480x225.jpg 480w\" \/>\n\t\t<div class=\"figc no-description\">\n\t\t\t<div class=\"figc-inner\">\n\t\t\t\t\t\t\t\t\t\t\t\t\t\t\t<\/div>\n\t\t<\/div>\n\n\t<\/div>\n\n<\/div><div class=\"modula-item effect-pufrobo\" data-width=\"5\" data-height=\"3\" >\n\t<div class=\"modula-item-overlay\"><\/div>\n\n\t<div class=\"modula-item-content\">\n\n\t\t\t\t\n\t\t\t\t\t<a data-image-id=\"1925\" rel=\"jtg-1915\" data-caption=\"\" aria-label=\"Open image in lightbox\" class=\"tile-inner modula-item-link\"><\/a>\n\t\t\n\t\t<img loading=\"lazy\" class=\"pic wp-image-1925\"  data-valign=\"middle\" data-halign=\"center\" alt=\"\" data-full=\"https:\/\/www.casa-carmela.com\/es\/wp-content\/uploads\/Casa_Carmela_Galeria_08.jpg\" title=\"Casa_Carmela_Galeria_08\" width=\"900\" height=\"600\" src=\"https:\/\/www.casa-carmela.com\/es\/wp-content\/uploads\/Casa_Carmela_Galeria_08.jpg\" data-src=\"https:\/\/www.casa-carmela.com\/es\/wp-content\/uploads\/Casa_Carmela_Galeria_08.jpg\" data-caption=\"\"srcset=\"https:\/\/www.casa-carmela.com\/es\/wp-content\/uploads\/Casa_Carmela_Galeria_08.jpg 900w, https:\/\/www.casa-carmela.com\/es\/wp-content\/uploads\/Casa_Carmela_Galeria_08-480x320.jpg 480w\" sizes=\"(min-width: 0px) and (max-width: 480px) 480px, (min-width: 481px) 900px, 100vw\"\" srcset=\"https:\/\/www.casa-carmela.com\/es\/wp-content\/uploads\/Casa_Carmela_Galeria_08.jpg 900w, https:\/\/www.casa-carmela.com\/es\/wp-content\/uploads\/Casa_Carmela_Galeria_08-480x320.jpg 480w\" \/>\n\t\t<div class=\"figc no-description\">\n\t\t\t<div class=\"figc-inner\">\n\t\t\t\t\t\t\t\t\t\t\t\t\t\t\t<\/div>\n\t\t<\/div>\n\n\t<\/div>\n\n<\/div><div class=\"modula-item effect-pufrobo\" data-width=\"3\" data-height=\"4\" >\n\t<div class=\"modula-item-overlay\"><\/div>\n\n\t<div class=\"modula-item-content\">\n\n\t\t\t\t\n\t\t\t\t\t<a data-image-id=\"1302\" rel=\"jtg-1915\" data-caption=\"\" aria-label=\"Open image in lightbox\" class=\"tile-inner modula-item-link\"><\/a>\n\t\t\n\t\t<img loading=\"lazy\" class=\"pic wp-image-1302\"  data-valign=\"middle\" data-halign=\"center\" alt=\"\" data-full=\"https:\/\/www.casa-carmela.com\/es\/wp-content\/uploads\/Carmela.jpg\" title=\"Carmela\" width=\"1000\" height=\"628\" src=\"https:\/\/www.casa-carmela.com\/es\/wp-content\/uploads\/Carmela.jpg\" data-src=\"https:\/\/www.casa-carmela.com\/es\/wp-content\/uploads\/Carmela.jpg\" data-caption=\"\"srcset=\"https:\/\/www.casa-carmela.com\/es\/wp-content\/uploads\/Carmela.jpg 1000w, https:\/\/www.casa-carmela.com\/es\/wp-content\/uploads\/Carmela-300x188.jpg 300w\" sizes=\"(max-width: 1000px) 100vw, 1000px\"\" srcset=\"https:\/\/www.casa-carmela.com\/es\/wp-content\/uploads\/Carmela.jpg 1000w, https:\/\/www.casa-carmela.com\/es\/wp-content\/uploads\/Carmela-300x188.jpg 300w\" \/>\n\t\t<div class=\"figc no-description\">\n\t\t\t<div class=\"figc-inner\">\n\t\t\t\t\t\t\t\t\t\t\t\t\t\t\t<\/div>\n\t\t<\/div>\n\n\t<\/div>\n\n<\/div>\t\t\n\t<\/div>\n\n\t\n\t\n\t<script type=\"application\/ld+json\">\n\t{\n\t\t\"@context\": \"http:\/\/schema.org\",\n\t\t\"@type\"   : \"ImageGallery\",\n\t\t\"id\"      : \"https:\/\/www.casa-carmela.com\/es\/wp-json\/wp\/v2\/pages\/2135\",\n\t\t\"url\"     : \"https:\/\/www.casa-carmela.com\/es\/wp-json\/wp\/v2\/pages\/2135\"\n\t}\n\n    <\/script>\n\n\t\n<\/div>[\/et_pb_code][\/et_pb_column][\/et_pb_row][\/et_pb_section][et_pb_section fb_built=\u00bb1&#8243; admin_label=\u00bbPromo Banner\u00bb module_id=\u00bbcontacto\u00bb _builder_version=\u00bb4.8.0&#8243; background_color=\u00bb#50445f\u00bb custom_padding=\u00bb0px|0px|0px|0px\u00bb da_disable_devices=\u00bboff|off|off\u00bb global_module=\u00bb2408&#8243; locked=\u00bboff\u00bb global_colors_info=\u00bb{}\u00bb da_is_popup=\u00bboff\u00bb da_exit_intent=\u00bboff\u00bb da_has_close=\u00bbon\u00bb da_alt_close=\u00bboff\u00bb da_dark_close=\u00bboff\u00bb da_not_modal=\u00bbon\u00bb da_is_singular=\u00bboff\u00bb da_with_loader=\u00bboff\u00bb da_has_shadow=\u00bbon\u00bb][et_pb_row _builder_version=\u00bb3.25&#8243; global_colors_info=\u00bb{}\u00bb][et_pb_column type=\u00bb4_4&#8243; _builder_version=\u00bb3.25&#8243; custom_padding=\u00bb|||\u00bb global_colors_info=\u00bb{}\u00bb custom_padding__hover=\u00bb|||\u00bb][et_pb_text _builder_version=\u00bb4.9.4&#8243; text_font=\u00bb||||||||\u00bb link_font=\u00bb|600|||on||||\u00bb link_text_color=\u00bbrgba(12,12,12,0.59)\u00bb header_font=\u00bb||||||||\u00bb header_2_font=\u00bbLibre Baskerville||||||||\u00bb header_2_line_height=\u00bb1.5em\u00bb text_orientation=\u00bbcenter\u00bb background_layout=\u00bbdark\u00bb custom_margin=\u00bb||-1px|||\u00bb global_colors_info=\u00bb{}\u00bb]<\/p>\n<h2><strong>Dove puoi trovarci<br \/><\/strong><\/h2>\n<p>[\/et_pb_text][\/et_pb_column][\/et_pb_row][\/et_pb_section][et_pb_section fb_built=\u00bb1&#8243; custom_padding_last_edited=\u00bbon|tablet\u00bb admin_label=\u00bbFooter Section\u00bb _builder_version=\u00bb4.4.2&#8243; background_enable_color=\u00bboff\u00bb background_image=\u00bbhttps:\/\/www.casa-carmela.com\/es\/wp-content\/uploads\/Casa_Carmela_Full_Contacto.jpg\u00bb custom_padding=\u00bb80px||80px||true|\u00bb custom_padding_tablet=\u00bb20px||20px||true|false\u00bb custom_padding_phone=\u00bb20px||20px||true|false\u00bb da_disable_devices=\u00bboff|off|off\u00bb border_width_bottom=\u00bb2px\u00bb border_color_bottom=\u00bb#50445f\u00bb global_module=\u00bb2406&#8243; locked=\u00bboff\u00bb global_colors_info=\u00bb{}\u00bb da_is_popup=\u00bboff\u00bb da_exit_intent=\u00bboff\u00bb da_has_close=\u00bbon\u00bb da_alt_close=\u00bboff\u00bb da_dark_close=\u00bboff\u00bb da_not_modal=\u00bbon\u00bb da_is_singular=\u00bboff\u00bb da_with_loader=\u00bboff\u00bb da_has_shadow=\u00bbon\u00bb][et_pb_row column_structure=\u00bb1_3,2_3&#8243; use_custom_gutter=\u00bbon\u00bb make_equal=\u00bbon\u00bb admin_label=\u00bbFooter Area\u00bb _builder_version=\u00bb4.8.0&#8243; background_color=\u00bbrgba(255,255,255,0.8)\u00bb max_width=\u00bb80%\u00bb module_alignment=\u00bbcenter\u00bb custom_padding=\u00bb2.5%|5%|2.5%|5%|true|true\u00bb locked=\u00bboff\u00bb global_colors_info=\u00bb{}\u00bb][et_pb_column type=\u00bb1_3&#8243; module_class=\u00bbds-vertical-align\u00bb _builder_version=\u00bb4.8.0&#8243; custom_padding=\u00bb|||\u00bb global_colors_info=\u00bb{}\u00bb custom_padding__hover=\u00bb|||\u00bb][et_pb_text admin_label=\u00bbTitle\u00bb _builder_version=\u00bb4.9.4&#8243; text_font=\u00bb||||||||\u00bb header_font=\u00bb||||||||\u00bb header_2_font=\u00bbLibre Baskerville||||||||\u00bb header_2_text_align=\u00bbleft\u00bb header_2_text_color=\u00bb#50445f\u00bb header_2_font_size=\u00bb42px\u00bb header_2_line_height=\u00bb1.3em\u00bb custom_margin=\u00bb||20px|\u00bb animation_style=\u00bbslide\u00bb animation_direction=\u00bbtop\u00bb animation_intensity_slide=\u00bb30%\u00bb animation_starting_opacity=\u00bb100%\u00bb header_2_text_align_tablet=\u00bbcenter\u00bb header_2_text_align_phone=\u00bb\u00bb header_2_text_align_last_edited=\u00bbon|phone\u00bb header_2_font_size_tablet=\u00bb\u00bb header_2_font_size_phone=\u00bb30px\u00bb header_2_font_size_last_edited=\u00bbon|desktop\u00bb global_colors_info=\u00bb{}\u00bb]<\/p>\n<h2>Contatto<\/h2>\n<p>[\/et_pb_text][et_pb_blurb title=\u00bbDOVE SIAMO\u00bb use_icon=\u00bbon\u00bb font_icon=\u00bb&#xe081;||divi||400&#8243; icon_color=\u00bb#50445f\u00bb icon_placement=\u00bbleft\u00bb content_max_width=\u00bb1100px\u00bb _builder_version=\u00bb4.13.0&#8243; header_font=\u00bb|800||on|||||\u00bb header_text_color=\u00bb#50445f\u00bb header_font_size=\u00bb16px\u00bb header_letter_spacing=\u00bb0.5px\u00bb header_line_height=\u00bb1.7em\u00bb body_font=\u00bbRoboto||||||||\u00bb body_text_color=\u00bb#50445f\u00bb body_line_height=\u00bb2em\u00bb background_layout=\u00bbdark\u00bb body_font_size_tablet=\u00bb\u00bb body_font_size_phone=\u00bb14px\u00bb body_font_size_last_edited=\u00bbon|phone\u00bb locked=\u00bboff\u00bb global_colors_info=\u00bb{}\u00bb]<\/p>\n<p>Carrer d&#8217;Isabel de Villena, 155.<br \/>\n46011 Val\u00e8ncia.<\/p>\n<p>[\/et_pb_blurb][et_pb_blurb title=\u00bbInfo e-mail\u00bb use_icon=\u00bbon\u00bb font_icon=\u00bb&#xe076;||divi||400&#8243; icon_color=\u00bb#50445f\u00bb icon_placement=\u00bbleft\u00bb content_max_width=\u00bb1100px\u00bb _builder_version=\u00bb4.13.0&#8243; header_font=\u00bb|800||on|||||\u00bb header_text_color=\u00bb#50445f\u00bb header_font_size=\u00bb16px\u00bb header_letter_spacing=\u00bb0.5px\u00bb header_line_height=\u00bb1.7em\u00bb body_font=\u00bbRoboto||||||||\u00bb body_text_color=\u00bb#50445f\u00bb body_line_height=\u00bb2em\u00bb background_layout=\u00bbdark\u00bb body_font_size_tablet=\u00bb\u00bb body_font_size_phone=\u00bb14px\u00bb body_font_size_last_edited=\u00bbon|phone\u00bb locked=\u00bboff\u00bb global_colors_info=\u00bb{}\u00bb]<\/p>\n<p><a href=\"mailto:reservas@casa-carmela.com\"><span>reservas@casa-carmela.com<\/span><\/a><\/p>\n<p>[\/et_pb_blurb][et_pb_blurb title=\u00bbPRENOTAZIONI TELEFONICHE\u00bb use_icon=\u00bbon\u00bb font_icon=\u00bb&#xe090;||divi||400&#8243; icon_color=\u00bb#50445f\u00bb icon_placement=\u00bbleft\u00bb content_max_width=\u00bb1100px\u00bb _builder_version=\u00bb4.13.0&#8243; header_font=\u00bb|800||on|||||\u00bb header_text_color=\u00bb#50445f\u00bb header_font_size=\u00bb16px\u00bb header_letter_spacing=\u00bb0.5px\u00bb header_line_height=\u00bb1.7em\u00bb body_font=\u00bbRoboto||||||||\u00bb body_text_color=\u00bb#50445f\u00bb body_line_height=\u00bb2em\u00bb background_layout=\u00bbdark\u00bb body_font_size_tablet=\u00bb\u00bb body_font_size_phone=\u00bb14px\u00bb body_font_size_last_edited=\u00bbon|phone\u00bb locked=\u00bboff\u00bb global_colors_info=\u00bb{}\u00bb]<\/p>\n<p><span>Qualsiasi prenotazione non confermata dal ristorante non sar\u00e0 valida<\/span>.<br \/><strong><a href=\"tel:963710073\">(+34) 963 710 073<\/a><\/strong><br \/><strong> <a href=\"tel:696017989\">(+34) 696 017 989<\/a><\/strong><\/p>\n<p>[\/et_pb_blurb][et_pb_button button_url=\u00bbhttps:\/\/www.casa-carmela.com\/es\/it\/riserva\/\u00bb button_text=\u00bbPRENOTARE\u00bb disabled_on=\u00bboff|off|off\u00bb _builder_version=\u00bb4.14.7&#8243; _module_preset=\u00bbdefault\u00bb custom_button=\u00bbon\u00bb button_text_size=\u00bb18px\u00bb button_text_color=\u00bb#FFFFFF\u00bb button_bg_color=\u00bb#50445f\u00bb button_border_color=\u00bb#50445f\u00bb button_border_radius=\u00bb0px\u00bb button_font=\u00bb|||on|||||\u00bb custom_margin=\u00bb|||50px|false|false\u00bb custom_padding=\u00bb||||false|false\u00bb locked=\u00bboff\u00bb global_colors_info=\u00bb{}\u00bb][\/et_pb_button][et_pb_blurb title=\u00bbOrario\u00bb use_icon=\u00bbon\u00bb font_icon=\u00bb&#xe60d;||divi||400&#8243; icon_color=\u00bb#50445f\u00bb icon_placement=\u00bbleft\u00bb content_max_width=\u00bb1100px\u00bb _builder_version=\u00bb4.14.7&#8243; header_font=\u00bb|800||on|||||\u00bb header_text_color=\u00bb#50445f\u00bb header_font_size=\u00bb16px\u00bb header_letter_spacing=\u00bb0.5px\u00bb header_line_height=\u00bb1.7em\u00bb body_font=\u00bbRoboto||||||||\u00bb body_text_color=\u00bb#50445f\u00bb body_line_height=\u00bb2em\u00bb background_layout=\u00bbdark\u00bb body_font_size_tablet=\u00bb\u00bb body_font_size_phone=\u00bb14px\u00bb body_font_size_last_edited=\u00bbon|phone\u00bb locked=\u00bboff\u00bb global_colors_info=\u00bb{}\u00bb]<span>Dal luned\u00ec al sabato, dalle 13.00 alle 16.00<br \/>\nDomenica chiuso<\/span><span><\/span>[\/et_pb_blurb][et_pb_social_media_follow _builder_version=\u00bb4.8.0&#8243; text_orientation=\u00bbleft\u00bb text_orientation_tablet=\u00bbcenter\u00bb text_orientation_phone=\u00bbcenter\u00bb text_orientation_last_edited=\u00bbon|tablet\u00bb global_colors_info=\u00bb{}\u00bb][et_pb_social_media_follow_network social_network=\u00bbfacebook\u00bb url=\u00bbhttps:\/\/www.facebook.com\/casacarmela\u00bb use_icon_font_size=\u00bbon\u00bb _builder_version=\u00bb4.8.0&#8243; background_color=\u00bb#50445f\u00bb background_enable_color=\u00bbon\u00bb custom_padding=\u00bb10px|10px|10px|10px|true|true\u00bb border_radii=\u00bbon|50%|50%|50%|50%\u00bb global_colors_info=\u00bb{}\u00bb background__hover_enabled=\u00bbon|hover\u00bb background_color__hover=\u00bb#a26244&#8243; background_enable_color__hover=\u00bbon\u00bb follow_button=\u00bboff\u00bb url_new_window=\u00bbon\u00bb]facebook[\/et_pb_social_media_follow_network][et_pb_social_media_follow_network social_network=\u00bbinstagram\u00bb url=\u00bbhttps:\/\/www.instagram.com\/casacarmelavalencia\/\u00bb use_icon_font_size=\u00bbon\u00bb _builder_version=\u00bb4.8.0&#8243; background_color=\u00bb#50445f\u00bb background_enable_color=\u00bbon\u00bb custom_padding=\u00bb10px|10px|10px|10px|true|true\u00bb border_radii=\u00bbon|50%|50%|50%|50%\u00bb global_colors_info=\u00bb{}\u00bb background_color__hover=\u00bb#a26244&#8243; background_enable_color__hover=\u00bbon\u00bb background__hover_enabled=\u00bbon|hover\u00bb follow_button=\u00bboff\u00bb url_new_window=\u00bbon\u00bb]instagram[\/et_pb_social_media_follow_network][\/et_pb_social_media_follow][\/et_pb_column][et_pb_column type=\u00bb2_3&#8243; module_class=\u00bbds-vertical-align\u00bb _builder_version=\u00bb4.8.0&#8243; custom_padding=\u00bb|||\u00bb global_colors_info=\u00bb{}\u00bb custom_padding__hover=\u00bb|||\u00bb][et_pb_code _builder_version=\u00bb4.8.0&#8243; global_colors_info=\u00bb{}\u00bb]<iframe loading=\"lazy\" src=\"https:\/\/www.google.com\/maps\/embed?pb=!1m14!1m8!1m3!1d1539.7196547023354!2d-0.32566677909770086!3d39.48199373816932!3m2!1i1024!2i768!4f13.1!3m3!1m2!1s0x0%3A0xd7c9ac5e7d6dcef5!2sCasa%20Carmela!5e0!3m2!1ses!2ses!4v1610634977961!5m2!1ses!2ses\" width=\"100%\" height=\"450\" frameborder=\"0\" style=\"border:0;\" allowfullscreen=\"\" aria-hidden=\"false\" tabindex=\"0\"><\/iframe>[\/et_pb_code][et_pb_image src=\u00bbhttps:\/\/www.casa-carmela.com\/es\/wp-content\/uploads\/sellos-footer-2025.png\u00bb title_text=\u00bbsellos-footer-2025&#8243; align=\u00bbcenter\u00bb _builder_version=\u00bb4.14.7&#8243; _module_preset=\u00bbdefault\u00bb width=\u00bb50%\u00bb width_tablet=\u00bb\u00bb width_phone=\u00bb100%\u00bb width_last_edited=\u00bbon|tablet\u00bb locked=\u00bboff\u00bb global_colors_info=\u00bb{}\u00bb][\/et_pb_image][\/et_pb_column][\/et_pb_row][\/et_pb_section][et_pb_section fb_built=\u00bb1&#8243; _builder_version=\u00bb4.0.6&#8243; background_color=\u00bb#ffffff\u00bb custom_margin=\u00bb||||false|false\u00bb custom_padding=\u00bb0%||0%||false|false\u00bb da_disable_devices=\u00bboff|off|off\u00bb global_module=\u00bb2520&#8243; saved_tabs=\u00bball\u00bb locked=\u00bboff\u00bb global_colors_info=\u00bb{}\u00bb da_is_popup=\u00bboff\u00bb da_exit_intent=\u00bboff\u00bb da_has_close=\u00bbon\u00bb da_alt_close=\u00bboff\u00bb da_dark_close=\u00bboff\u00bb da_not_modal=\u00bbon\u00bb da_is_singular=\u00bboff\u00bb da_with_loader=\u00bboff\u00bb da_has_shadow=\u00bbon\u00bb][et_pb_row disabled_on=\u00bbon|on|on\u00bb _builder_version=\u00bb4.14.7&#8243; custom_padding=\u00bb||0px|||\u00bb disabled=\u00bbon\u00bb global_colors_info=\u00bb{}\u00bb][et_pb_column type=\u00bb4_4&#8243; _builder_version=\u00bb3.29.3&#8243; global_colors_info=\u00bb{}\u00bb][et_pb_text admin_label=\u00bbTitle\u00bb _builder_version=\u00bb4.8.0&#8243; text_font=\u00bb||||||||\u00bb header_font=\u00bb||||||||\u00bb header_2_font=\u00bbLibre Baskerville||||||||\u00bb header_2_text_align=\u00bbcenter\u00bb header_2_text_color=\u00bb#50445f\u00bb header_2_font_size=\u00bb18px\u00bb header_2_line_height=\u00bb1.3em\u00bb custom_margin=\u00bb||||false|false\u00bb custom_margin_tablet=\u00bb||5%||false|false\u00bb custom_margin_phone=\u00bb||5%||false|false\u00bb custom_margin_last_edited=\u00bbon|phone\u00bb animation_style=\u00bbslide\u00bb animation_direction=\u00bbtop\u00bb animation_intensity_slide=\u00bb30%\u00bb animation_starting_opacity=\u00bb100%\u00bb global_colors_info=\u00bb{}\u00bb]<\/p>\n<h2>Colaboradores:<\/h2>\n<p>[\/et_pb_text][\/et_pb_column][\/et_pb_row][et_pb_row disabled_on=\u00bbon|on|on\u00bb _builder_version=\u00bb4.14.7&#8243; custom_padding=\u00bb0px||0px|||\u00bb disabled=\u00bbon\u00bb global_colors_info=\u00bb{}\u00bb][et_pb_column type=\u00bb4_4&#8243; _builder_version=\u00bb3.29.3&#8243; global_colors_info=\u00bb{}\u00bb][et_pb_image src=\u00bbhttps:\/\/www.casa-carmela.com\/es\/wp-content\/uploads\/Logo_Heineken.png\u00bb title_text=\u00bbLogo_Heineken\u00bb align=\u00bbcenter\u00bb _builder_version=\u00bb4.4.2&#8243; width=\u00bb150px\u00bb width_tablet=\u00bb85%\u00bb width_phone=\u00bb75%\u00bb width_last_edited=\u00bboff|desktop\u00bb module_alignment=\u00bbcenter\u00bb custom_margin=\u00bb||||false|false\u00bb custom_margin_tablet=\u00bb\u00bb custom_margin_phone=\u00bb||10%||false|false\u00bb custom_margin_last_edited=\u00bbon|phone\u00bb global_colors_info=\u00bb{}\u00bb][\/et_pb_image][\/et_pb_column][\/et_pb_row][et_pb_row column_structure=\u00bb1_2,1_2&#8243; custom_padding_last_edited=\u00bbon|phone\u00bb _builder_version=\u00bb4.14.7&#8243; _module_preset=\u00bbdefault\u00bb background_color=\u00bb#171717&#8243; width=\u00bb100%\u00bb max_width=\u00bb100%\u00bb module_alignment=\u00bbcenter\u00bb custom_margin=\u00bb||0px||false|false\u00bb custom_padding=\u00bb50px|60px|20px|60px|false|false\u00bb custom_padding_tablet=\u00bb\u00bb custom_padding_phone=\u00bb50px|9px|20px|9px|false|false\u00bb global_colors_info=\u00bb{}\u00bb][et_pb_column type=\u00bb1_2&#8243; _builder_version=\u00bb4.10.8&#8243; _module_preset=\u00bbdefault\u00bb global_colors_info=\u00bb{}\u00bb][et_pb_text _builder_version=\u00bb4.14.7&#8243; _module_preset=\u00bbdefault\u00bb text_text_color=\u00bb#FFFFFF\u00bb text_font_size=\u00bb14px\u00bb text_orientation=\u00bbcenter\u00bb custom_margin=\u00bb||57px||false|false\u00bb custom_padding=\u00bb|3%||3%|false|false\u00bb locked=\u00bboff\u00bb global_colors_info=\u00bb{}\u00bb]<\/p>\n<p><span><strong>CASA CARMELA<\/strong> ha sido beneficiaria del Fondo Europeo de Desarrollo Regional cuyo objetivo es mejorar el uso y la calidad de las tecnolog\u00edas de la informaci\u00f3n y de las comunicaciones y el acceso a las mismas y la sostenibilidad, gracias al que ha realizado una inversi\u00f3n en electrodom\u00e9sticos de alta eficiencia energ\u00e9tica para la mejora de competitividad y productividad de la empresa en 2021. Para ello ha contado con el apoyo del Programa de Competitividad Tur\u00edstica de la C\u00e1mara de Comercio de Valencia.<\/span><\/p>\n<p>[\/et_pb_text][et_pb_image src=\u00bbhttps:\/\/www.casa-carmela.com\/es\/wp-content\/uploads\/Captura-de-pantalla-2022-02-08-a-las-11.51.55.png\u00bb title_text=\u00bbCaptura de pantalla 2022-02-08 a las 11.51.55&#8243; align=\u00bbcenter\u00bb _builder_version=\u00bb4.14.7&#8243; _module_preset=\u00bbdefault\u00bb height=\u00bb161px\u00bb custom_margin=\u00bb||18px|||\u00bb global_colors_info=\u00bb{}\u00bb][\/et_pb_image][et_pb_text _builder_version=\u00bb4.14.7&#8243; _module_preset=\u00bbdefault\u00bb text_text_color=\u00bb#FFFFFF\u00bb text_font_size=\u00bb14px\u00bb custom_margin=\u00bb||19px|||\u00bb custom_padding=\u00bb|3%||3%|false|false\u00bb text_orientation_tablet=\u00bbcenter\u00bb text_orientation_phone=\u00bbcenter\u00bb text_orientation_last_edited=\u00bbon|phone\u00bb locked=\u00bboff\u00bb global_colors_info=\u00bb{}\u00bb]<\/p>\n<p>Fondo Europeo de Desarrollo Regional<\/p>\n<p>[\/et_pb_text][et_pb_text _builder_version=\u00bb4.14.7&#8243; _module_preset=\u00bbdefault\u00bb text_text_color=\u00bb#FFFFFF\u00bb text_font_size=\u00bb14px\u00bb text_orientation=\u00bbright\u00bb min_height=\u00bb32.8px\u00bb custom_margin=\u00bb-39px||||false|false\u00bb custom_margin_tablet=\u00bb\u00bb custom_margin_phone=\u00bb0px||||false|false\u00bb custom_margin_last_edited=\u00bbon|desktop\u00bb custom_padding=\u00bb|60px|||false|false\u00bb text_orientation_tablet=\u00bbcenter\u00bb text_orientation_phone=\u00bbcenter\u00bb text_orientation_last_edited=\u00bbon|phone\u00bb locked=\u00bboff\u00bb global_colors_info=\u00bb{}\u00bb]<\/p>\n<p>Una Manera de hacer Europa<\/p>\n<p>[\/et_pb_text][\/et_pb_column][et_pb_column type=\u00bb1_2&#8243; _builder_version=\u00bb4.10.8&#8243; _module_preset=\u00bbdefault\u00bb global_colors_info=\u00bb{}\u00bb][et_pb_text _builder_version=\u00bb4.14.7&#8243; _module_preset=\u00bbdefault\u00bb text_text_color=\u00bb#FFFFFF\u00bb text_font_size=\u00bb14px\u00bb text_orientation=\u00bbcenter\u00bb custom_margin=\u00bb||52px|||\u00bb custom_padding=\u00bb|3%||3%|false|false\u00bb locked=\u00bboff\u00bb global_colors_info=\u00bb{}\u00bb]<\/p>\n<p><span><strong>CASA CARMELA<\/strong> ha sido beneficiaria de una ayuda 9.000 \u20ac en 2021 por estar adherida a L\u00b4Exquisit Mediterrani (Turismo Comunitat Valenciana).<\/span><\/p>\n<p>[\/et_pb_text][et_pb_image src=\u00bbhttps:\/\/www.casa-carmela.com\/es\/wp-content\/uploads\/Captura-de-pantalla-2022-02-08-a-las-11.52.15.png\u00bb title_text=\u00bbCaptura de pantalla 2022-02-08 a las 11.52.15&#8243; align=\u00bbcenter\u00bb _builder_version=\u00bb4.14.7&#8243; _module_preset=\u00bbdefault\u00bb height=\u00bb161px\u00bb custom_margin=\u00bb||14px|||\u00bb global_colors_info=\u00bb{}\u00bb][\/et_pb_image][et_pb_text _builder_version=\u00bb4.14.7&#8243; _module_preset=\u00bbdefault\u00bb text_text_color=\u00bb#FFFFFF\u00bb text_font_size=\u00bb14px\u00bb global_colors_info=\u00bb{}\u00bb]<\/p>\n<p style=\"text-align: center;\"><strong>CASA CARMELA<\/strong> ha recibido de la Fundaci\u00f3n Val\u00e8ncia Activa, del Ayuntamiento de Val\u00e8ncia, el Premio Empleo Estable por un importe de 10.000. Del programa Re-Activa del Ayuntamiento de Val\u00e8ncia ha recibido en 2020 de 1.293\u20ac, y de 10.000\u20ac en 2021<\/p>\n<p style=\"text-align: center;\"><strong>CASA CARMELA<\/strong> ha sido beneficiaria de una ayuda de 12.000\u20ac por los efectos derivados de la covid-19 en 2021 de Labora (Servei Valenci\u00e0 d&#8217;Ocupaci\u00f3 i Formaci\u00f3).<\/p>\n<p>[\/et_pb_text][\/et_pb_column][\/et_pb_row][et_pb_row column_structure=\u00bb1_3,1_3,1_3&#8243; _builder_version=\u00bb4.10.8&#8243; _module_preset=\u00bbdefault\u00bb background_color=\u00bb#171717&#8243; width=\u00bb100%\u00bb max_width=\u00bb100%\u00bb module_alignment=\u00bbcenter\u00bb custom_margin=\u00bb||0px||false|false\u00bb custom_padding=\u00bb||20px||false|false\u00bb global_colors_info=\u00bb{}\u00bb][et_pb_column type=\u00bb1_3&#8243; _builder_version=\u00bb4.10.8&#8243; _module_preset=\u00bbdefault\u00bb global_colors_info=\u00bb{}\u00bb][et_pb_text _builder_version=\u00bb4.10.8&#8243; _module_preset=\u00bbdefault\u00bb text_font_size=\u00bb14px\u00bb text_orientation=\u00bbcenter\u00bb locked=\u00bboff\u00bb global_colors_info=\u00bb{}\u00bb]<\/p>\n<p><span style=\"color: #999999;\"><a href=\"https:\/\/www.casa-carmela.com\/es\/politica-de-cookies\/\" target=\"_blank\" rel=\"noopener\" title=\"Pol\u00edtica de Cookies\" style=\"color: #999999;\">Pol\u00edtica de Cookies<\/a><\/span><\/p>\n<p>[\/et_pb_text][\/et_pb_column][et_pb_column type=\u00bb1_3&#8243; _builder_version=\u00bb4.10.8&#8243; _module_preset=\u00bbdefault\u00bb global_colors_info=\u00bb{}\u00bb][et_pb_text admin_label=\u00bbTexto\u00bb _builder_version=\u00bb4.14.7&#8243; _module_preset=\u00bbdefault\u00bb text_font_size=\u00bb14px\u00bb text_orientation=\u00bbcenter\u00bb locked=\u00bboff\u00bb global_colors_info=\u00bb{}\u00bb]<\/p>\n<p><span style=\"color: #999999;\"><a style=\"color: #999999;\" title=\"Aviso Legal y Pol\u00edtica de Privacidad\" href=\"https:\/\/www.casa-carmela.com\/es\/aviso-legal\/\" target=\"_blank\" rel=\"noopener\">Aviso Legal y Pol\u00edtica de Privacidad<\/a><\/span><\/p>\n<p>[\/et_pb_text][\/et_pb_column][et_pb_column type=\u00bb1_3&#8243; _builder_version=\u00bb4.10.8&#8243; _module_preset=\u00bbdefault\u00bb global_colors_info=\u00bb{}\u00bb][et_pb_text admin_label=\u00bbTexto\u00bb _builder_version=\u00bb4.14.7&#8243; _module_preset=\u00bbdefault\u00bb text_font_size=\u00bb14px\u00bb text_orientation=\u00bbcenter\u00bb link_option_url=\u00bbhttps:\/\/casacarmela.gestioninformante.com\/ \u00bb link_option_url_new_window=\u00bbon\u00bb locked=\u00bboff\u00bb global_colors_info=\u00bb{}\u00bb]<\/p>\n<p><span style=\"color: #999999;\">Canal interno<\/span><\/p>\n<p>[\/et_pb_text][\/et_pb_column][\/et_pb_row][\/et_pb_section]<\/p>\n","protected":false},"excerpt":{"rendered":"<p>Paella cucinata in modo tradizionale e con il fuoco di legna.Quattro generazioni e un&#8217;unica visione della gastronomia basata sull&#8217;eccellenza.Scopri il nostro servizio al bancone e goditi il miglior prodotto locale in un formato diverso.Pensi di venire a Casa Carmela? Guarda il nostro calendario anual d\u00ec chiusura.La nostra filosofiaLa cultura mediterranea non si comprende se non [&hellip;]<\/p>\n","protected":false},"author":1,"featured_media":0,"parent":0,"menu_order":0,"comment_status":"open","ping_status":"closed","template":"","meta":{"_et_pb_use_builder":"on","_et_pb_old_content":"","_et_gb_content_width":""},"_links":{"self":[{"href":"https:\/\/www.casa-carmela.com\/es\/wp-json\/wp\/v2\/pages\/2135"}],"collection":[{"href":"https:\/\/www.casa-carmela.com\/es\/wp-json\/wp\/v2\/pages"}],"about":[{"href":"https:\/\/www.casa-carmela.com\/es\/wp-json\/wp\/v2\/types\/page"}],"author":[{"embeddable":true,"href":"https:\/\/www.casa-carmela.com\/es\/wp-json\/wp\/v2\/users\/1"}],"replies":[{"embeddable":true,"href":"https:\/\/www.casa-carmela.com\/es\/wp-json\/wp\/v2\/comments?post=2135"}],"version-history":[{"count":32,"href":"https:\/\/www.casa-carmela.com\/es\/wp-json\/wp\/v2\/pages\/2135\/revisions"}],"predecessor-version":[{"id":3679,"href":"https:\/\/www.casa-carmela.com\/es\/wp-json\/wp\/v2\/pages\/2135\/revisions\/3679"}],"wp:attachment":[{"href":"https:\/\/www.casa-carmela.com\/es\/wp-json\/wp\/v2\/media?parent=2135"}],"curies":[{"name":"wp","href":"https:\/\/api.w.org\/{rel}","templated":true}]}}